{"version":"1.0","provider_name":"Av. Deniz Can K\u0131z\u0131l","provider_url":"http:\/\/denizcankizil.tr\/en","author_name":"Antalya K\u00f6rfez","author_url":"http:\/\/denizcankizil.tr\/en\/author\/www-antalyakorfez-com\/","title":"Ekrem \u0130mamo\u011flu\u2019ndan operasyon a\u00e7\u0131klamas\u0131: \u201c\u0130\u00e7i bombo\u015f\u201d","type":"rich","width":600,"height":338,"html":"<blockquote class=\"wp-embedded-content\" data-secret=\"7rQtbjv9wR\"><a href=\"http:\/\/denizcankizil.tr\/en\/haberler\/gundem\/ekrem-imamoglundan-operasyon-aciklamasi-ici-bombos\/\">Ekrem \u0130mamo\u011flu\u2019ndan operasyon a\u00e7\u0131klamas\u0131: \u201c\u0130\u00e7i bombo\u015f\u201d<\/a><\/blockquote><iframe sandbox=\"allow-scripts\" security=\"restricted\" src=\"http:\/\/denizcankizil.tr\/en\/haberler\/gundem\/ekrem-imamoglundan-operasyon-aciklamasi-ici-bombos\/embed\/#?secret=7rQtbjv9wR\" width=\"600\" height=\"338\" title=\"&#8220;Ekrem \u0130mamo\u011flu\u2019ndan operasyon a\u00e7\u0131klamas\u0131: \u201c\u0130\u00e7i bombo\u015f\u201d&#8221; &#8212; Av. Deniz Can K\u0131z\u0131l\" data-secret=\"7rQtbjv9wR\" frameborder=\"0\" marginwidth=\"0\" marginheight=\"0\" scrolling=\"no\" class=\"wp-embedded-content\"><\/iframe><script>\n\/*! This file is auto-generated *\/\n!function(d,l){\"use strict\";l.querySelector&&d.addEventListener&&\"undefined\"!=typeof URL&&(d.wp=d.wp||{},d.wp.receiveEmbedMessage||(d.wp.receiveEmbedMessage=function(e){var t=e.data;if((t||t.secret||t.message||t.value)&&!\/[^a-zA-Z0-9]\/.test(t.secret)){for(var s,r,n,a=l.querySelectorAll('iframe[data-secret=\"'+t.secret+'\"]'),o=l.querySelectorAll('blockquote[data-secret=\"'+t.secret+'\"]'),c=new RegExp(\"^https?:$\",\"i\"),i=0;i<o.length;i++)o[i].style.display=\"none\";for(i=0;i<a.length;i++)s=a[i],e.source===s.contentWindow&&(s.removeAttribute(\"style\"),\"height\"===t.message?(1e3<(r=parseInt(t.value,10))?r=1e3:~~r<200&&(r=200),s.height=r):\"link\"===t.message&&(r=new URL(s.getAttribute(\"src\")),n=new URL(t.value),c.test(n.protocol))&&n.host===r.host&&l.activeElement===s&&(d.top.location.href=t.value))}},d.addEventListener(\"message\",d.wp.receiveEmbedMessage,!1),l.addEventListener(\"DOMContentLoaded\",function(){for(var e,t,s=l.querySelectorAll(\"iframe.wp-embedded-content\"),r=0;r<s.length;r++)(t=(e=s[r]).getAttribute(\"data-secret\"))||(t=Math.random().toString(36).substring(2,12),e.src+=\"#?secret=\"+t,e.setAttribute(\"data-secret\",t)),e.contentWindow.postMessage({message:\"ready\",secret:t},\"*\")},!1)))}(window,document);\n\/\/# sourceURL=http:\/\/denizcankizil.tr\/wp-includes\/js\/wp-embed.min.js\n<\/script>","description":"Silivri\u2019de tutuklu bulunan \u0130stanbul B\u00fcy\u00fck\u015fehir Belediye (\u0130BB) Ba\u015fkan\u0131 ve CHP\u2019nin cumhurba\u015fkan\u0131 aday\u0131 Ekrem \u0130mamo\u011flu son g\u00fcmlerde artan operasyonlara cevap verdi. \u0130mamo\u011flu, \u0130BB\u2019ye y\u00f6nelik d\u00fczenlenen yolsuzluk operasyonlar\u0131n\u0131n i\u00e7i bo\u015f oldu\u011funu ve esas amac\u0131n, korku salarak ve \u015fantaj yaparak soru\u015fturman\u0131 g\u00fc\u00e7lendirmek oldu\u011funu \u00f6ne s\u00fcrd\u00fc. \u201c\u0130\u00c7\u0130 BOMBO\u015e\u201d Ger\u00e7ekle\u015fen operasyonlar hakk\u0131nda konu\u015fan \u0130mamo\u011flu, \u201c\u0130mamo\u011flu, iktidar ya da muhalefet, kime oy vermi\u015f olursa olsun kimseyi inand\u0131ramad\u0131n. Bombo\u015f dosyan\u0131 doldurmak i\u00e7in akl\u0131nca her f\u0131rsatta dalga dalga yeni operasyonlar yap\u0131yorsun. Tehditle, korku salarak ve \u015fantaj yaparak soru\u015fturman\u0131 g\u00fc\u00e7lendirmeye \u00e7al\u0131\u015f\u0131yorsun\u201d diye konu\u015ftu. \u0130\u015eTE BU ACZ\u0130YETT\u0130R \u0130BB\u2019ye y\u00f6nelik yap\u0131lan operasyonlarda 70 g\u00fcnde y\u00fczlerce insan\u0131n cezaevine girdi\u011fine dikkat \u00e7eken \u0130mamo\u011flu, \u201cCiddiyetsizlik, tutars\u0131zl\u0131k, uydurma\u2026 ne ararsan sende var. 8 ay \u00f6nce soru\u015fturma ba\u015flatm\u0131\u015fs\u0131n, 70 g\u00fcnde y\u00fczlerce insan\u0131 cezaevine atm\u0131\u015fs\u0131n, \u015fimdi bask\u0131yla ifade al\u0131yorsun. \u0130\u015fte bu acziyettir. \u0130\u015fte bu delil ve kan\u0131ts\u0131z\u0131l\u0131\u011f\u0131n itiraf\u0131d\u0131r\u201d ifadelerini kulland\u0131. \u201cTAR\u0130HE GE\u00c7ECEK G\u00dc\u00c7L\u00dc B\u0130R TOKAT \u00c7IKACAK\u201d \u0130ktidara se\u00e7im \u00e7a\u011fr\u0131s\u0131nda bulunan Ekrem \u0130mamo\u011flu, \u201cUnutma; \u00f6yle de yenileceksin, b\u00f6yle de yenileceksin. Sabah bask\u0131nlar\u0131yla uyanan \u00e7ocuklar\u0131n, endi\u015feli anne babalar\u0131n ah\u0131na yenileceksin. Sand\u0131ktan sana hayalini bile kuramayaca\u011f\u0131n, tarihe ge\u00e7ecek g\u00fc\u00e7l\u00fc bir tokat \u00e7\u0131kacak\u201d dedi. NE OLMU\u015eTU? \u0130stanbul Cumhuriyet Ba\u015fsavc\u0131l\u0131\u011f\u0131nca, tutuklanmas\u0131n\u0131n ard\u0131ndan \u0130BB Ba\u015fkanl\u0131\u011f\u0131 g\u00f6revinden uzakla\u015ft\u0131r\u0131lan Ekrem \u0130mamo\u011flu&#8217;nun da aralar\u0131nda bulundu\u011fu zanl\u0131lar hakk\u0131nda &#8220;su\u00e7 \u00f6rg\u00fct\u00fc y\u00f6neticisi olmak&#8221;, &#8220;su\u00e7 \u00f6rg\u00fct\u00fcne \u00fcye olmak&#8221;, &#8220;irtikap&#8221;, &hellip;"}