{"version":"1.0","provider_name":"Av. Deniz Can K\u0131z\u0131l","provider_url":"http:\/\/denizcankizil.tr\/en","author_name":"admin","author_url":"http:\/\/denizcankizil.tr\/en\/author\/admin\/","title":"'E-Skuter'lere yerlilik \u015fart\u0131!","type":"rich","width":600,"height":338,"html":"<blockquote class=\"wp-embedded-content\" data-secret=\"4U8fqjF6Hz\"><a href=\"http:\/\/denizcankizil.tr\/en\/haberler\/gundem\/e-skuterlere-yerlilik-sarti\/\">&#8216;E-Skuter&#8217;lere yerlilik \u015fart\u0131!<\/a><\/blockquote><iframe sandbox=\"allow-scripts\" security=\"restricted\" src=\"http:\/\/denizcankizil.tr\/en\/haberler\/gundem\/e-skuterlere-yerlilik-sarti\/embed\/#?secret=4U8fqjF6Hz\" width=\"600\" height=\"338\" title=\"&#8220;&#8216;E-Skuter&#8217;lere yerlilik \u015fart\u0131!&#8221; &#8212; Av. Deniz Can K\u0131z\u0131l\" data-secret=\"4U8fqjF6Hz\" frameborder=\"0\" marginwidth=\"0\" marginheight=\"0\" scrolling=\"no\" class=\"wp-embedded-content\"><\/iframe><script>\n\/*! This file is auto-generated *\/\n!function(d,l){\"use strict\";l.querySelector&&d.addEventListener&&\"undefined\"!=typeof URL&&(d.wp=d.wp||{},d.wp.receiveEmbedMessage||(d.wp.receiveEmbedMessage=function(e){var t=e.data;if((t||t.secret||t.message||t.value)&&!\/[^a-zA-Z0-9]\/.test(t.secret)){for(var s,r,n,a=l.querySelectorAll('iframe[data-secret=\"'+t.secret+'\"]'),o=l.querySelectorAll('blockquote[data-secret=\"'+t.secret+'\"]'),c=new RegExp(\"^https?:$\",\"i\"),i=0;i<o.length;i++)o[i].style.display=\"none\";for(i=0;i<a.length;i++)s=a[i],e.source===s.contentWindow&&(s.removeAttribute(\"style\"),\"height\"===t.message?(1e3<(r=parseInt(t.value,10))?r=1e3:~~r<200&&(r=200),s.height=r):\"link\"===t.message&&(r=new URL(s.getAttribute(\"src\")),n=new URL(t.value),c.test(n.protocol))&&n.host===r.host&&l.activeElement===s&&(d.top.location.href=t.value))}},d.addEventListener(\"message\",d.wp.receiveEmbedMessage,!1),l.addEventListener(\"DOMContentLoaded\",function(){for(var e,t,s=l.querySelectorAll(\"iframe.wp-embedded-content\"),r=0;r<s.length;r++)(t=(e=s[r]).getAttribute(\"data-secret\"))||(t=Math.random().toString(36).substring(2,12),e.src+=\"#?secret=\"+t,e.setAttribute(\"data-secret\",t)),e.contentWindow.postMessage({message:\"ready\",secret:t},\"*\")},!1)))}(window,document);\n\/\/# sourceURL=http:\/\/denizcankizil.tr\/wp-includes\/js\/wp-embed.min.js\n<\/script>","description":"Payla\u015f\u0131ml\u0131 e-skuter y\u00f6netmeli\u011finde d\u00fczenleme yap\u0131laca\u011f\u0131n\u0131 duyuran Ula\u015ft\u0131rma ve Altyap\u0131 Bakan\u0131 Abdulkadir Uralo\u011flu, d\u00fczenlemenin e-skuterler\u0131n h\u0131zlar\u0131n\u0131n otomatik olarak d\u00fc\u015f\u00fcr\u00fclmesinden yerlilik \u015fart\u0131na kadar geni\u015f bir yelpazeyi kapsad\u0131\u011f\u0131n\u0131 a\u00e7\u0131klad\u0131. Bakan Uralo\u011flu, elektrikli skuterler ile ilgili y\u00f6netmelik de\u011fi\u015fiklik tasla\u011f\u0131nda olduklar\u0131n\u0131 s\u00f6yledi.ANKARA (\u0130GFA) &#8211; Ula\u015ft\u0131rma ve Altyap\u0131 Bakan\u0131 Abdulkadir Uralo\u011flu, elektrikli skuterlerla (e-skuter) ilgili bir y\u00f6netmelik de\u011fi\u015fiklik tasla\u011f\u0131 haz\u0131rland\u0131\u011f\u0131n\u0131 bildirdi. Payla\u015f\u0131ml\u0131 e-skuter kullan\u0131m\u0131 s\u0131ras\u0131nda ya\u015fanan teredd\u00fctler, sorunlar ve \u00e7evre \u00fczerindeki olumsuz etkileri en aza indirmek amac\u0131yla 2021 y\u0131l\u0131nda konuya ili\u015fkin bir y\u00f6netmeli\u011fin y\u00fcr\u00fcrl\u00fc\u011fe al\u0131nd\u0131\u011f\u0131n\u0131 an\u0131msatan Bakan Uralo\u011flu, ortaya \u00e7\u0131kan ihtiya\u00e7lar nedeniyle y\u00fcr\u00fcrl\u00fckte bulunan y\u00f6netmelikte \u00f6nemli de\u011fi\u015fiklikler yap\u0131laca\u011f\u0131n\u0131 duyurdu. \u0130\u015eLETMEC\u0130LERE E-SKUTER VER\u0130LER\u0130N\u0130 KOLLUK KUVVETLER\u0130 VE BELED\u0130YELER \u0130LE PAYLA\u015eMA ZORUNLULU\u011eU GET\u0130R\u0130LECEK Bakan Uralo\u011flu, s\u00f6z konusu d\u00fczenlemenin sekt\u00f6re y\u00f6nelik g\u00f6zlemler ve ihtiya\u00e7lar\u0131 g\u00f6z \u00f6n\u00fcne alarak haz\u0131rland\u0131\u011f\u0131n\u0131 belirterek, &#8220;\u0093Yapaca\u011f\u0131m\u0131z d\u00fczenleme ile i\u015fletmelere, Ula\u015ft\u0131rma ve Altyap\u0131 Bakanl\u0131\u011f\u0131na ait ta\u015f\u0131mac\u0131l\u0131k veri taban\u0131na kaydedilen e-skuter faaliyetlerinden elde edilen kullan\u0131m verilerini kolluk kuvvetleri ve belediyeler ile payla\u015fma zorunlulu\u011fu getirece\u011fiz. Bu sayede denetimleri s\u0131kla\u015ft\u0131rarak s\u00fcr\u00fc\u015f g\u00fcvenli\u011fini art\u0131raca\u011f\u0131z&#8221; dedi. Y\u00f6netmelik de\u011fi\u015fikli\u011fi kapsam\u0131nda trafik d\u00fczeni ve g\u00fcvenli\u011fini sa\u011flaman\u0131n yan\u0131 s\u0131ra h\u0131z limitlerine uyulmas\u0131 ad\u0131na da \u00f6nemli de\u011fi\u015fiklikler yapacaklar\u0131n\u0131 kaydeden Bakan Uralo\u011flu, &#8220;\u0093E-skuterler\u0131n yasakl\u0131 b\u00f6lgelere giri\u015finin \u00f6n\u00fcne ge\u00e7ece\u011fiz. \u00d6zellikle h\u0131z s\u0131n\u0131r\u0131n\u0131n y\u00fcksek oldu\u011fu yollara giren e-skuterler tespit edilecek ve i\u015fletmeciler taraf\u0131ndan kullan\u0131c\u0131lara ikaz gidecek. \u0130\u015fletmeciler girmesi yasak &hellip;"}