{"version":"1.0","provider_name":"Av. Deniz Can K\u0131z\u0131l","provider_url":"http:\/\/denizcankizil.tr\/en","author_name":"Av. Deniz Can K\u0131z\u0131l","author_url":"http:\/\/denizcankizil.tr\/en","title":"D\u00fczce'de kural ihlali kazaya sebep oldu!","type":"rich","width":600,"height":338,"html":"<blockquote class=\"wp-embedded-content\" data-secret=\"QjQkLBHBHN\"><a href=\"http:\/\/denizcankizil.tr\/en\/haberler\/gundem\/duzcede-kural-ihlali-kazaya-sebep-oldu\/\">D\u00fczce&#8217;de kural ihlali kazaya sebep oldu!<\/a><\/blockquote><iframe sandbox=\"allow-scripts\" security=\"restricted\" src=\"http:\/\/denizcankizil.tr\/en\/haberler\/gundem\/duzcede-kural-ihlali-kazaya-sebep-oldu\/embed\/#?secret=QjQkLBHBHN\" width=\"600\" height=\"338\" title=\"&#8220;D\u00fczce&#8217;de kural ihlali kazaya sebep oldu!&#8221; &#8212; Av. Deniz Can K\u0131z\u0131l\" data-secret=\"QjQkLBHBHN\" frameborder=\"0\" marginwidth=\"0\" marginheight=\"0\" scrolling=\"no\" class=\"wp-embedded-content\"><\/iframe><script>\n\/*! This file is auto-generated *\/\n!function(d,l){\"use strict\";l.querySelector&&d.addEventListener&&\"undefined\"!=typeof URL&&(d.wp=d.wp||{},d.wp.receiveEmbedMessage||(d.wp.receiveEmbedMessage=function(e){var t=e.data;if((t||t.secret||t.message||t.value)&&!\/[^a-zA-Z0-9]\/.test(t.secret)){for(var s,r,n,a=l.querySelectorAll('iframe[data-secret=\"'+t.secret+'\"]'),o=l.querySelectorAll('blockquote[data-secret=\"'+t.secret+'\"]'),c=new RegExp(\"^https?:$\",\"i\"),i=0;i<o.length;i++)o[i].style.display=\"none\";for(i=0;i<a.length;i++)s=a[i],e.source===s.contentWindow&&(s.removeAttribute(\"style\"),\"height\"===t.message?(1e3<(r=parseInt(t.value,10))?r=1e3:~~r<200&&(r=200),s.height=r):\"link\"===t.message&&(r=new URL(s.getAttribute(\"src\")),n=new URL(t.value),c.test(n.protocol))&&n.host===r.host&&l.activeElement===s&&(d.top.location.href=t.value))}},d.addEventListener(\"message\",d.wp.receiveEmbedMessage,!1),l.addEventListener(\"DOMContentLoaded\",function(){for(var e,t,s=l.querySelectorAll(\"iframe.wp-embedded-content\"),r=0;r<s.length;r++)(t=(e=s[r]).getAttribute(\"data-secret\"))||(t=Math.random().toString(36).substring(2,12),e.src+=\"#?secret=\"+t,e.setAttribute(\"data-secret\",t)),e.contentWindow.postMessage({message:\"ready\",secret:t},\"*\")},!1)))}(window,document);\n\/\/# sourceURL=http:\/\/denizcankizil.tr\/wp-includes\/js\/wp-embed.min.js\n<\/script>","description":"D\u00fczce&#8217;de Olimpiyat Mevkii&#8217;nde d\u00f6n\u00fc\u015f olmayan yerde d\u00f6n\u00fc\u015f yapmaya \u00e7al\u0131\u015fan bir otomobil s\u00fcr\u00fcc\u00fcs\u00fc motosikletli s\u00fcr\u00fcc\u00fcn\u00fcn kaza yapmas\u0131na sebep oldu. Kaza an\u0131 bir i\u015fyerinin g\u00fcvenlik kameras\u0131 taraf\u0131ndan kaydedildi.Sefer DEM\u0130R \/ D\u00dcZCE (\u0130GFA) &#8211; Kaza, D\u00fczce Merkez Olimpiyat Mevkii 1125 sokak \u00fczerinde meydana geldi. Al\u0131nan bilgiye g\u00f6re C.G. idaresindeki 81 DF 385 plakal\u0131 otomobil\u00a0 d\u00f6n\u00fc\u015f olmayan yerde d\u00f6n\u00fc\u015f yap\u0131nca, arkadan seyreden T.O. y\u00f6netimindeki 81 AED 693 plakal\u0131 motosiklet s\u00fcr\u00fcc\u00fcs\u00fc kontrol\u00fcn\u00fc kaybederek otomobile \u00e7arparak yere savruldu. Kazada savrulan motosiklet s\u00fcr\u00fcc\u00fcs\u00fc yaraland\u0131. Olay\u0131 g\u00f6ren vatanda\u015flar\u0131n ihbar\u0131 \u00fczerine sa\u011fl\u0131k ve polis ekipleri sevk edildi. Yaral\u0131 motorsiklet s\u00fcr\u00fcc\u00fcs\u00fc T.O., yap\u0131lan ilk m\u00fcdahale sonras\u0131nda ambulansla D\u00fczce Atat\u00fcrk Devlet Hastanesine kald\u0131r\u0131ld\u0131.\u00a0 \u200bD\u00fczce&#8217;de Olimpiyat Mevkii&#8217;nde d\u00f6n\u00fc\u015f olmayan yerde d\u00f6n\u00fc\u015f yapmaya \u00e7al\u0131\u015fan bir otomobil s\u00fcr\u00fcc\u00fcs\u00fc motosikletli s\u00fcr\u00fcc\u00fcn\u00fcn kaza yapmas\u0131na sebep oldu. Kaza an\u0131 bir i\u015fyerinin g\u00fcvenlik kameras\u0131 taraf\u0131ndan kaydedildi.Sefer DEM\u0130R \/ D\u00dcZCE (\u0130GFA) &#8211; Kaza, D\u00fczce Merkez Olimpiyat Mevkii 1125 sokak \u00fczerinde meydana geldi. Al\u0131nan bilgiye g\u00f6re C.G. idaresindeki 81 DF 385 plakal\u0131 otomobil\u00a0 d\u00f6n\u00fc\u015f olmayan yerde d\u00f6n\u00fc\u015f yap\u0131nca, arkadan seyreden T.O. y\u00f6netimindeki 81 AED 693 plakal\u0131 motosiklet s\u00fcr\u00fcc\u00fcs\u00fc kontrol\u00fcn\u00fc kaybederek otomobile \u00e7arparak yere savruldu. Kazada savrulan motosiklet s\u00fcr\u00fcc\u00fcs\u00fc yaraland\u0131. Olay\u0131 g\u00f6ren vatanda\u015flar\u0131n ihbar\u0131 \u00fczerine sa\u011fl\u0131k ve polis ekipleri sevk edildi. Yaral\u0131 motorsiklet s\u00fcr\u00fcc\u00fcs\u00fc T.O., yap\u0131lan ilk m\u00fcdahale sonras\u0131nda ambulansla D\u00fczce &hellip;"}