{"version":"1.0","provider_name":"Av. Deniz Can K\u0131z\u0131l","provider_url":"http:\/\/denizcankizil.tr\/en","author_name":"admin","author_url":"http:\/\/denizcankizil.tr\/en\/author\/admin\/","title":"Denizli terminalinde bir ilke imza at\u0131ld\u0131","type":"rich","width":600,"height":338,"html":"<blockquote class=\"wp-embedded-content\" data-secret=\"80Fba55uyi\"><a href=\"http:\/\/denizcankizil.tr\/en\/haberler\/gundem\/denizli-terminalinde-bir-ilke-imza-atildi\/\">Denizli terminalinde bir ilke imza at\u0131ld\u0131<\/a><\/blockquote><iframe sandbox=\"allow-scripts\" security=\"restricted\" src=\"http:\/\/denizcankizil.tr\/en\/haberler\/gundem\/denizli-terminalinde-bir-ilke-imza-atildi\/embed\/#?secret=80Fba55uyi\" width=\"600\" height=\"338\" title=\"&#8220;Denizli terminalinde bir ilke imza at\u0131ld\u0131&#8221; &#8212; Av. Deniz Can K\u0131z\u0131l\" data-secret=\"80Fba55uyi\" frameborder=\"0\" marginwidth=\"0\" marginheight=\"0\" scrolling=\"no\" class=\"wp-embedded-content\"><\/iframe><script>\n\/*! This file is auto-generated *\/\n!function(d,l){\"use strict\";l.querySelector&&d.addEventListener&&\"undefined\"!=typeof URL&&(d.wp=d.wp||{},d.wp.receiveEmbedMessage||(d.wp.receiveEmbedMessage=function(e){var t=e.data;if((t||t.secret||t.message||t.value)&&!\/[^a-zA-Z0-9]\/.test(t.secret)){for(var s,r,n,a=l.querySelectorAll('iframe[data-secret=\"'+t.secret+'\"]'),o=l.querySelectorAll('blockquote[data-secret=\"'+t.secret+'\"]'),c=new RegExp(\"^https?:$\",\"i\"),i=0;i<o.length;i++)o[i].style.display=\"none\";for(i=0;i<a.length;i++)s=a[i],e.source===s.contentWindow&&(s.removeAttribute(\"style\"),\"height\"===t.message?(1e3<(r=parseInt(t.value,10))?r=1e3:~~r<200&&(r=200),s.height=r):\"link\"===t.message&&(r=new URL(s.getAttribute(\"src\")),n=new URL(t.value),c.test(n.protocol))&&n.host===r.host&&l.activeElement===s&&(d.top.location.href=t.value))}},d.addEventListener(\"message\",d.wp.receiveEmbedMessage,!1),l.addEventListener(\"DOMContentLoaded\",function(){for(var e,t,s=l.querySelectorAll(\"iframe.wp-embedded-content\"),r=0;r<s.length;r++)(t=(e=s[r]).getAttribute(\"data-secret\"))||(t=Math.random().toString(36).substring(2,12),e.src+=\"#?secret=\"+t,e.setAttribute(\"data-secret\",t)),e.contentWindow.postMessage({message:\"ready\",secret:t},\"*\")},!1)))}(window,document);\n\/\/# sourceURL=http:\/\/denizcankizil.tr\/wp-includes\/js\/wp-embed.min.js\n<\/script>","description":"Denizli B\u00fcy\u00fck\u015fehir Belediyesi taraf\u0131ndan bu y\u0131l 5\u2019incisi d\u00fczenlenen Uluslararas\u0131 Karikat\u00fcr Yar\u0131\u015fmas\u0131\u2019n\u0131n sergisi, bu kez farkl\u0131 bir mek\u00e2nda sanatseverlerle bulu\u015ftu.DEN\u0130ZL\u0130 (\u0130GFA) &#8211; Denizli B\u00fcy\u00fck\u015fehir Belediyesi \u015eehirleraras\u0131 Otob\u00fcs Terminali\u2019nde ilk kez bir sergi be\u011feniye sunulurken, terminali kullanan yolcular\u0131n ilgisini birbirinden \u00f6zg\u00fcn eserler \u00e7ekti. Sergiyi ziyaret eden Denizli B\u00fcy\u00fck\u015fehir Belediye Ba\u015fkan\u0131 B\u00fclent Nuri \u00c7avu\u015fo\u011flu\u2019na, K\u00fclt\u00fcr ve Sosyal \u0130\u015fler Daire Ba\u015fkan\u0131 Mehmet Sel\u00e7uk e\u015flik etti. Terminalde g\u00fcnl\u00fck hayat\u0131n i\u00e7inde sanatla bulu\u015fman\u0131n \u00f6nemine dikkat \u00e7eken Ba\u015fkan \u00c7avu\u015fo\u011flu, \u201cDenizli\u2019de bir ilki daha ger\u00e7ekle\u015ftiriyoruz. Biz istiyoruz ki bu \u015fehir art\u0131k sanatla, sanat\u00e7\u0131yla an\u0131ls\u0131n. Sanat \u015eehri Denizli hayalimiz var. Bu yolculu\u011fumuzda sanat\u0131 \u015fehrin her taraf\u0131na egemen hale getirmek istiyoruz. Denizli\u2019ye gelen ve ayr\u0131lan vatanda\u015flar\u0131m\u0131z\u0131n bu eserleri g\u00f6rebilece\u011fi bir yer olsun istedik. Hafta boyunca su temal\u0131 karikat\u00fcr sergimizi g\u00f6rebilecekler\u201d ifadelerini kulland\u0131. \u201cGEL\u0130N HEP BERABER SUYA SAH\u0130P \u00c7IKALIM \u201cSu ve \u00c7evre\u201d temas\u0131yla ger\u00e7ekle\u015ftirilen yar\u0131\u015fmada dereceye giren ve sergilenmeye lay\u0131k g\u00f6r\u00fclen eserlerin \u00f6nemli bir fark\u0131ndal\u0131k yarataca\u011f\u0131na inand\u0131\u011f\u0131n\u0131 kaydeden Ba\u015fkan \u00c7avu\u015fo\u011flu, \u201cSuya sadece Denizli\u2019de de\u011fil, \u00fclkemizde ve d\u00fcnyan\u0131n her yerinde sahip \u00e7\u0131kmak gerekiyor. Suyun olmad\u0131\u011f\u0131 bir hayatta ya\u015famam\u0131z m\u00fcmk\u00fcn de\u011fil. Gelin hep beraber suya sahip \u00e7\u0131kal\u0131m, suda tasarrufu hep beraber sa\u011flayal\u0131m\u201d dedi. 45 \u00fclkeden, 968 eserin \u2018Su ve \u00c7evre\u2019 temas\u0131yla yar\u0131\u015ft\u0131\u011f\u0131 Denizli B\u00fcy\u00fck\u015fehir Belediyesi 5. Uluslararas\u0131 Karikat\u00fcr Yar\u0131\u015fmas\u0131 Sergisi, hafta boyunca Denizli &hellip;"}