{"version":"1.0","provider_name":"Av. Deniz Can K\u0131z\u0131l","provider_url":"http:\/\/denizcankizil.tr\/en","author_name":"admin","author_url":"http:\/\/denizcankizil.tr\/en\/author\/admin\/","title":"\u00c7ocuk Filmleri \u015eenli\u011fi ba\u015fl\u0131yor","type":"rich","width":600,"height":338,"html":"<blockquote class=\"wp-embedded-content\" data-secret=\"9jIq0liol6\"><a href=\"http:\/\/denizcankizil.tr\/en\/haberler\/gundem\/cocuk-filmleri-senligi-basliyor\/\">\u00c7ocuk Filmleri \u015eenli\u011fi ba\u015fl\u0131yor<\/a><\/blockquote><iframe sandbox=\"allow-scripts\" security=\"restricted\" src=\"http:\/\/denizcankizil.tr\/en\/haberler\/gundem\/cocuk-filmleri-senligi-basliyor\/embed\/#?secret=9jIq0liol6\" width=\"600\" height=\"338\" title=\"&#8220;\u00c7ocuk Filmleri \u015eenli\u011fi ba\u015fl\u0131yor&#8221; &#8212; Av. Deniz Can K\u0131z\u0131l\" data-secret=\"9jIq0liol6\" frameborder=\"0\" marginwidth=\"0\" marginheight=\"0\" scrolling=\"no\" class=\"wp-embedded-content\"><\/iframe><script>\n\/*! This file is auto-generated *\/\n!function(d,l){\"use strict\";l.querySelector&&d.addEventListener&&\"undefined\"!=typeof URL&&(d.wp=d.wp||{},d.wp.receiveEmbedMessage||(d.wp.receiveEmbedMessage=function(e){var t=e.data;if((t||t.secret||t.message||t.value)&&!\/[^a-zA-Z0-9]\/.test(t.secret)){for(var s,r,n,a=l.querySelectorAll('iframe[data-secret=\"'+t.secret+'\"]'),o=l.querySelectorAll('blockquote[data-secret=\"'+t.secret+'\"]'),c=new RegExp(\"^https?:$\",\"i\"),i=0;i<o.length;i++)o[i].style.display=\"none\";for(i=0;i<a.length;i++)s=a[i],e.source===s.contentWindow&&(s.removeAttribute(\"style\"),\"height\"===t.message?(1e3<(r=parseInt(t.value,10))?r=1e3:~~r<200&&(r=200),s.height=r):\"link\"===t.message&&(r=new URL(s.getAttribute(\"src\")),n=new URL(t.value),c.test(n.protocol))&&n.host===r.host&&l.activeElement===s&&(d.top.location.href=t.value))}},d.addEventListener(\"message\",d.wp.receiveEmbedMessage,!1),l.addEventListener(\"DOMContentLoaded\",function(){for(var e,t,s=l.querySelectorAll(\"iframe.wp-embedded-content\"),r=0;r<s.length;r++)(t=(e=s[r]).getAttribute(\"data-secret\"))||(t=Math.random().toString(36).substring(2,12),e.src+=\"#?secret=\"+t,e.setAttribute(\"data-secret\",t)),e.contentWindow.postMessage({message:\"ready\",secret:t},\"*\")},!1)))}(window,document);\n\/\/# sourceURL=http:\/\/denizcankizil.tr\/wp-includes\/js\/wp-embed.min.js\n<\/script>","description":"\u0130zmir B\u00fcy\u00fck\u015fehir Belediyesi taraf\u0131ndan bu y\u0131l 5. kez d\u00fczenlenecek \u00c7ocuk Filmleri \u015eenli\u011fi i\u00e7in geri say\u0131m ba\u015flad\u0131. 19 Ocak-1 \u015eubat tarihlerinde 15 il\u00e7ede g\u00f6sterilecek Tembeller Ailesi adl\u0131 animasyon film, \u00e7ocuklara keyifli zamanlar ya\u015fatacak.\u0130ZM\u0130R (\u0130GFA) &#8211; 5. \u00c7ocuk Filmleri \u015eenli\u011fi, 19 Ocak-1 \u015eubat tarihlerinde \u00e7ocuklar i\u00e7in unutulmaz anlara sahne olacak. \u0130zmir B\u00fcy\u00fck\u015fehir Belediyesi taraf\u0131ndan d\u00fczenlenecek \u015fenlikte, Tembeller Ailesi adl\u0131 animasyon film 15 il\u00e7ede \u00fccretsiz g\u00f6sterilecek. Tania Vincent ve Ricard Cuss\u00f3 y\u00f6netmenli\u011findeki 2024 yap\u0131m\u0131 film, T\u00fcrk\u00e7e dublajl\u0131 olarak ekrana yans\u0131yacak. 15 il\u00e7ede seyir zevki Tembeller Ailesi filmi 19 Ocak Pazar g\u00fcn\u00fc Fo\u00e7a Belediyesi Reha Midilli K\u00fclt\u00fcr Merkezi\u2019nde 14.00\u2019te, 20 Ocak Pazartesi g\u00fcn\u00fc Alia\u011fa K\u00fclt\u00fcr Merkezi\u2019nde 14.00\u2019te, 21 Ocak Sal\u0131 g\u00fcn\u00fc \u00d6demi\u015f Belediyesi K\u00fclt\u00fcr Merkezi B\u00fcy\u00fck Salon\u2019da 14.00\u2019te, 22 Ocak \u00c7ar\u015famba g\u00fcn\u00fc Bayrakl\u0131 Osman Gazi Konferans Salonu\u2019nda 16.00\u2019da, 23 Ocak Per\u015fembe g\u00fcn\u00fc Gaziemir Belediyesi Atat\u00fcrk K\u00fclt\u00fcr Merkezi\u2019nde 14.00\u2019te ve Menderes Belediyesi Nikah Saray\u0131 ve Kongre Sanat Merkezi\u2019nde 16.00\u2019da, 24 Ocak Cuma g\u00fcn\u00fc Kemalpa\u015fa Belediyesi Dere K\u00fclt\u00fcr Merkezi\u2019nde 14.00\u2019te ve Torbal\u0131 Belediyesi K\u00fclt\u00fcr Merkezi Konferans Salonu\u2019nda 16.00\u2019da, 26 Ocak Pazar g\u00fcn\u00fc Urla Atat\u00fcrk K\u00fclt\u00fcr Merkezi\u2019nde 14.00\u2019te, 27 Ocak Pazartesi g\u00fcn\u00fc Tire Belediyesi K\u00fclt\u00fcr Salonu\u2019nda 14.00\u2019te, 28 Ocak Sal\u0131 g\u00fcn\u00fc Kiraz Belediyesi D\u00fc\u011f\u00fcn Salonu\u2019nda 14.00\u2019te, 29 Ocak \u00c7ar\u015famba g\u00fcn\u00fc Karaba\u011flar Bozyaka K\u00fclt\u00fcr Merkezi\u2019nde 14.00\u2019te, 30 Ocak &hellip;"}