{"version":"1.0","provider_name":"Av. Deniz Can K\u0131z\u0131l","provider_url":"http:\/\/denizcankizil.tr\/en","author_name":"Av. Deniz Can K\u0131z\u0131l","author_url":"http:\/\/denizcankizil.tr\/en","title":"Burdur'a 2024 y\u0131l\u0131n\u0131n ilk kar\u0131 d\u00fc\u015ft\u00fc!","type":"rich","width":600,"height":338,"html":"<blockquote class=\"wp-embedded-content\" data-secret=\"k1VDsc7oIH\"><a href=\"http:\/\/denizcankizil.tr\/en\/haberler\/gundem\/burdura-2024-yilinin-ilk-kari-dustu\/\">Burdur&#8217;a 2024 y\u0131l\u0131n\u0131n ilk kar\u0131 d\u00fc\u015ft\u00fc!<\/a><\/blockquote><iframe sandbox=\"allow-scripts\" security=\"restricted\" src=\"http:\/\/denizcankizil.tr\/en\/haberler\/gundem\/burdura-2024-yilinin-ilk-kari-dustu\/embed\/#?secret=k1VDsc7oIH\" width=\"600\" height=\"338\" title=\"&#8220;Burdur&#8217;a 2024 y\u0131l\u0131n\u0131n ilk kar\u0131 d\u00fc\u015ft\u00fc!&#8221; &#8212; Av. Deniz Can K\u0131z\u0131l\" data-secret=\"k1VDsc7oIH\" frameborder=\"0\" marginwidth=\"0\" marginheight=\"0\" scrolling=\"no\" class=\"wp-embedded-content\"><\/iframe><script>\n\/*! This file is auto-generated *\/\n!function(d,l){\"use strict\";l.querySelector&&d.addEventListener&&\"undefined\"!=typeof URL&&(d.wp=d.wp||{},d.wp.receiveEmbedMessage||(d.wp.receiveEmbedMessage=function(e){var t=e.data;if((t||t.secret||t.message||t.value)&&!\/[^a-zA-Z0-9]\/.test(t.secret)){for(var s,r,n,a=l.querySelectorAll('iframe[data-secret=\"'+t.secret+'\"]'),o=l.querySelectorAll('blockquote[data-secret=\"'+t.secret+'\"]'),c=new RegExp(\"^https?:$\",\"i\"),i=0;i<o.length;i++)o[i].style.display=\"none\";for(i=0;i<a.length;i++)s=a[i],e.source===s.contentWindow&&(s.removeAttribute(\"style\"),\"height\"===t.message?(1e3<(r=parseInt(t.value,10))?r=1e3:~~r<200&&(r=200),s.height=r):\"link\"===t.message&&(r=new URL(s.getAttribute(\"src\")),n=new URL(t.value),c.test(n.protocol))&&n.host===r.host&&l.activeElement===s&&(d.top.location.href=t.value))}},d.addEventListener(\"message\",d.wp.receiveEmbedMessage,!1),l.addEventListener(\"DOMContentLoaded\",function(){for(var e,t,s=l.querySelectorAll(\"iframe.wp-embedded-content\"),r=0;r<s.length;r++)(t=(e=s[r]).getAttribute(\"data-secret\"))||(t=Math.random().toString(36).substring(2,12),e.src+=\"#?secret=\"+t,e.setAttribute(\"data-secret\",t)),e.contentWindow.postMessage({message:\"ready\",secret:t},\"*\")},!1)))}(window,document);\n\/\/# sourceURL=http:\/\/denizcankizil.tr\/wp-includes\/js\/wp-embed.min.js\n<\/script>","description":"T\u00fcm yurtta oldu\u011fu gibi k\u0131\u015f \u015fartlar\u0131 Burdur&#8217;da da kendini hissettirmeye ba\u015flad\u0131. Gece saatlerinde Burdur&#8217;a 2024 y\u0131l\u0131n\u0131n ilk kar\u0131 ya\u011fmaya ba\u015flad\u0131. Ge\u00e7ti\u011fimiz y\u0131llarda beklenen kar ya\u011f\u0131\u015f\u0131n\u0131n ger\u00e7ekle\u015fmemesi nedeniyle tar\u0131m ve hayvanc\u0131l\u0131\u011f\u0131n olumsuz etkilendi\u011fi Burdur&#8217;da 23 Kas\u0131m Cumartesi ak\u015fam saatleri itibar\u0131yla kar ya\u011f\u0131\u015f\u0131 etkili olmaya ba\u015flad\u0131.\u00a0 KAR DEMEK BURDUR \u0130\u00c7\u0130N BEREKET DEMEK\u00a0 Tarlalar\u0131n s\u00fcr\u00fcld\u00fc\u011f\u00fc, ekinlerin ekildi\u011fi kentte \u00f6zlenen kar ya\u011f\u0131\u015f\u0131 \u00e7ift\u00e7iyi ve hayvanc\u0131l\u0131kla ge\u00e7imini sa\u011flayan vatanda\u015f\u0131 sevindirdi. Kar ya\u011f\u0131\u015f\u0131n\u0131n yeterli olmas\u0131 tar\u0131m ve hayvanc\u0131l\u0131k i\u00e7in susuzluk \u00e7ekilmeyece\u011fine i\u015faret olarak de\u011ferlendiriliyor. Burdur Gazetesi internet haber sitesinden Kemal Tara\u015fl\u0131&#8217;n\u0131n haberine g\u00f6re, \u00dcrk\u00fctl\u00fc ile Mahmutlar mahalleleri aras\u0131ndaki Samast yolunda ba\u015flayan kar; Kemer, Ak\u00e7a\u00f6ren, Bozlar, Aziziye, Erikli mevkiinde devam ediyor. Kar ya\u011f\u0131n\u0131n ba\u015flamas\u0131yla yer yer 2 cm ve \u00fczerinde kar tutmaya ba\u015flad\u0131. \u00a0 \u200bSon y\u0131llarda beklenen kar ya\u011f\u0131\u015flar\u0131n\u0131n ger\u00e7ekle\u015fmemesi nedeniyle tar\u0131m ve hayvanc\u0131l\u0131\u011f\u0131n olumsuz etkilendi\u011fi Burdur&#8217;a 2024 y\u0131l\u0131n\u0131n ilk kar\u0131 d\u00fc\u015ft\u00fc. Gece ba\u015flayan kar ya\u011f\u0131\u015f\u0131 devam ederken so\u011fuk hava da etkisini art\u0131r\u0131yor\u00a0 \u200bHaberin Al\u0131nt\u0131land\u0131\u011f\u0131 Kaynak: www.antalyakorfez.com"}