{"version":"1.0","provider_name":"Av. Deniz Can K\u0131z\u0131l","provider_url":"http:\/\/denizcankizil.tr\/en","author_name":"Av. Deniz Can K\u0131z\u0131l","author_url":"http:\/\/denizcankizil.tr\/en","title":"BT\u00dc ve Tekstil Firmalar\u0131 'Sorun \u00c7\u00f6z\u00fcm Pazar\u0131'nda bulu\u015ftu","type":"rich","width":600,"height":338,"html":"<blockquote class=\"wp-embedded-content\" data-secret=\"PxEuwmwO5o\"><a href=\"http:\/\/denizcankizil.tr\/en\/haberler\/gundem\/btu-ve-tekstil-firmalari-sorun-cozum-pazarinda-bulustu\/\">BT\u00dc ve Tekstil Firmalar\u0131 &#8216;Sorun \u00c7\u00f6z\u00fcm Pazar\u0131&#8217;nda bulu\u015ftu<\/a><\/blockquote><iframe sandbox=\"allow-scripts\" security=\"restricted\" src=\"http:\/\/denizcankizil.tr\/en\/haberler\/gundem\/btu-ve-tekstil-firmalari-sorun-cozum-pazarinda-bulustu\/embed\/#?secret=PxEuwmwO5o\" width=\"600\" height=\"338\" title=\"&#8220;BT\u00dc ve Tekstil Firmalar\u0131 &#8216;Sorun \u00c7\u00f6z\u00fcm Pazar\u0131&#8217;nda bulu\u015ftu&#8221; &#8212; Av. Deniz Can K\u0131z\u0131l\" data-secret=\"PxEuwmwO5o\" frameborder=\"0\" marginwidth=\"0\" marginheight=\"0\" scrolling=\"no\" class=\"wp-embedded-content\"><\/iframe><script>\n\/*! This file is auto-generated *\/\n!function(d,l){\"use strict\";l.querySelector&&d.addEventListener&&\"undefined\"!=typeof URL&&(d.wp=d.wp||{},d.wp.receiveEmbedMessage||(d.wp.receiveEmbedMessage=function(e){var t=e.data;if((t||t.secret||t.message||t.value)&&!\/[^a-zA-Z0-9]\/.test(t.secret)){for(var s,r,n,a=l.querySelectorAll('iframe[data-secret=\"'+t.secret+'\"]'),o=l.querySelectorAll('blockquote[data-secret=\"'+t.secret+'\"]'),c=new RegExp(\"^https?:$\",\"i\"),i=0;i<o.length;i++)o[i].style.display=\"none\";for(i=0;i<a.length;i++)s=a[i],e.source===s.contentWindow&&(s.removeAttribute(\"style\"),\"height\"===t.message?(1e3<(r=parseInt(t.value,10))?r=1e3:~~r<200&&(r=200),s.height=r):\"link\"===t.message&&(r=new URL(s.getAttribute(\"src\")),n=new URL(t.value),c.test(n.protocol))&&n.host===r.host&&l.activeElement===s&&(d.top.location.href=t.value))}},d.addEventListener(\"message\",d.wp.receiveEmbedMessage,!1),l.addEventListener(\"DOMContentLoaded\",function(){for(var e,t,s=l.querySelectorAll(\"iframe.wp-embedded-content\"),r=0;r<s.length;r++)(t=(e=s[r]).getAttribute(\"data-secret\"))||(t=Math.random().toString(36).substring(2,12),e.src+=\"#?secret=\"+t,e.setAttribute(\"data-secret\",t)),e.contentWindow.postMessage({message:\"ready\",secret:t},\"*\")},!1)))}(window,document);\n\/\/# sourceURL=http:\/\/denizcankizil.tr\/wp-includes\/js\/wp-embed.min.js\n<\/script>","description":"Sorun \u00c7\u00f6z\u00fcm Pazar\u0131 bulu\u015fmalar\u0131 kapsam\u0131nda BT\u00dc\u2019l\u00fc akademisyenler ile tekstil firmalar\u0131n\u0131n temsilcileri \u201csorun \u00e7\u00f6z\u00fcm masalar\u0131nda\u201d bir araya geldi.BURSA (\u0130GFA) &#8211;\u00a0Akademik akl\u0131 \u00f6zel sekt\u00f6rle bulu\u015fturmak amac\u0131yla pek \u00e7ok proje \u00fcreten Bursa Teknik \u00dcniversitesinin (BT\u00dc) T\u00fcrkiye\u2019de bir ilk olarak d\u00fczenledi\u011fi \u2018Sorun \u00c7\u00f6z\u00fcm Pazar\u0131\u2019nda, tekstil sekt\u00f6r\u00fc i\u00e7in ikinci a\u015famaya ge\u00e7ildi. Bu kapsamda daha \u00f6nce tan\u0131t\u0131m toplant\u0131s\u0131n\u0131n yap\u0131ld\u0131\u011f\u0131 tekstil sekt\u00f6r\u00fcn\u00fcn temsilcileri bu kez, BT\u00dc\u2019n\u00fcn alan\u0131nda uzman akademisyenleri ile \u00e7\u00f6z\u00fcm masalar\u0131 etraf\u0131nda bulu\u015fturuldu. \u00dcniversite Sanayi \u0130\u015fbirli\u011fi Geli\u015ftirme Uygulama ve Ara\u015ft\u0131rma Merkezi (BT\u00dc-SAN) taraf\u0131ndan d\u00fczenlenen tekstil sekt\u00f6r\u00fcne y\u00f6nelik Sorun \u00c7\u00f6z\u00fcm Pazar\u0131 bulu\u015fmas\u0131na; BT\u00dc Rekt\u00f6r\u00fc Prof. Dr. Naci \u00c7a\u011flar, Rekt\u00f6r Yard\u0131mc\u0131s\u0131 Prof. Dr. Sinan Uyan\u0131k, Bursateknopark Genel M\u00fcd\u00fcr\u00fc Prof. Dr. Ay\u015fe Bedelo\u011flu, akademisyenler, Polyteks Tekstil, Durak Tekstil, Harput Tekstil, Elyaf Tekstil, Durak Tekstil, Rudolf Duraner ve Elyaf Tekstil\u2019den 30 temsilci kat\u0131ld\u0131. \u00c7\u00f6z\u00fcm S\u0131ras\u0131 G\u0131da ve Denizcilikte\u2026 Programda konu\u015fan BT\u00dc Rekt\u00f6r\u00fc Prof. Dr. Naci \u00c7a\u011flar, T\u00fcrkiye\u2019de bir ilk olarak d\u00fczenlenen sekt\u00f6rlere \u00f6zel sorun \u00e7\u00f6z\u00fcm pazar\u0131n\u0131n \u00f6nemini belirterek, \u201cEtkinli\u011fimizin temel amac\u0131, \u015fehrimizin \u00f6nc\u00fc sekt\u00f6rlerinden olan tekstil sekt\u00f6r\u00fcndeki sanayi payda\u015flar\u0131m\u0131z\u0131n Ar-Ge, \u00dcr-Ge, tasar\u0131m, \u00fcretim, inovasyon, kalite vb. proseslerde kar\u015f\u0131la\u015ft\u0131\u011f\u0131 sorunlara akademisyen-sanayi i\u015fbirli\u011fi ile \u00e7\u00f6z\u00fcm \u00fcretmek, akademik ak\u0131l ile sekt\u00f6r\u00fc desteklemek ve yeni projeleri birlikte hayata ge\u00e7irmek\u2026 \u015eehirle, toplumla ve sekt\u00f6rle b\u00fct\u00fcnle\u015fen \u00fcniversitemiz, devam\u0131ndaki s\u00fcre\u00e7te g\u0131da ve denizcilik sekt\u00f6r\u00fc ile de bulu\u015facak. &hellip;"}