{"version":"1.0","provider_name":"Av. Deniz Can K\u0131z\u0131l","provider_url":"http:\/\/denizcankizil.tr\/en","author_name":"admin","author_url":"http:\/\/denizcankizil.tr\/en\/author\/admin\/","title":"Bilecik'te takla atan otomobilde 1 ki\u015fi yaraland\u0131","type":"rich","width":600,"height":338,"html":"<blockquote class=\"wp-embedded-content\" data-secret=\"jhKWvh7jWD\"><a href=\"http:\/\/denizcankizil.tr\/en\/haberler\/gundem\/bilecikte-takla-atan-otomobilde-1-kisi-yaralandi\/\">Bilecik&#8217;te takla atan otomobilde 1 ki\u015fi yaraland\u0131<\/a><\/blockquote><iframe sandbox=\"allow-scripts\" security=\"restricted\" src=\"http:\/\/denizcankizil.tr\/en\/haberler\/gundem\/bilecikte-takla-atan-otomobilde-1-kisi-yaralandi\/embed\/#?secret=jhKWvh7jWD\" width=\"600\" height=\"338\" title=\"&#8220;Bilecik&#8217;te takla atan otomobilde 1 ki\u015fi yaraland\u0131&#8221; &#8212; Av. Deniz Can K\u0131z\u0131l\" data-secret=\"jhKWvh7jWD\" frameborder=\"0\" marginwidth=\"0\" marginheight=\"0\" scrolling=\"no\" class=\"wp-embedded-content\"><\/iframe><script>\n\/*! This file is auto-generated *\/\n!function(d,l){\"use strict\";l.querySelector&&d.addEventListener&&\"undefined\"!=typeof URL&&(d.wp=d.wp||{},d.wp.receiveEmbedMessage||(d.wp.receiveEmbedMessage=function(e){var t=e.data;if((t||t.secret||t.message||t.value)&&!\/[^a-zA-Z0-9]\/.test(t.secret)){for(var s,r,n,a=l.querySelectorAll('iframe[data-secret=\"'+t.secret+'\"]'),o=l.querySelectorAll('blockquote[data-secret=\"'+t.secret+'\"]'),c=new RegExp(\"^https?:$\",\"i\"),i=0;i<o.length;i++)o[i].style.display=\"none\";for(i=0;i<a.length;i++)s=a[i],e.source===s.contentWindow&&(s.removeAttribute(\"style\"),\"height\"===t.message?(1e3<(r=parseInt(t.value,10))?r=1e3:~~r<200&&(r=200),s.height=r):\"link\"===t.message&&(r=new URL(s.getAttribute(\"src\")),n=new URL(t.value),c.test(n.protocol))&&n.host===r.host&&l.activeElement===s&&(d.top.location.href=t.value))}},d.addEventListener(\"message\",d.wp.receiveEmbedMessage,!1),l.addEventListener(\"DOMContentLoaded\",function(){for(var e,t,s=l.querySelectorAll(\"iframe.wp-embedded-content\"),r=0;r<s.length;r++)(t=(e=s[r]).getAttribute(\"data-secret\"))||(t=Math.random().toString(36).substring(2,12),e.src+=\"#?secret=\"+t,e.setAttribute(\"data-secret\",t)),e.contentWindow.postMessage({message:\"ready\",secret:t},\"*\")},!1)))}(window,document);\n\/\/# sourceURL=http:\/\/denizcankizil.tr\/wp-includes\/js\/wp-embed.min.js\n<\/script>","description":"Bilecik\u2019in Pazaryeri il\u00e7esinde iki otomobilin kar\u0131\u015ft\u0131\u011f\u0131 trafik kazas\u0131nda bir ara\u00e7 takla att\u0131, 1 ki\u015fi yaraland\u0131.Pazaryeri G\u00fcndem \/ B\u0130LEC\u0130K (\u0130GFA) &#8211; Al\u0131nan bilgiye g\u00f6re kaza, \u0130stanbul-Antalya D-650 karayolunun Pazaryeri il\u00e7e kav\u015fa\u011f\u0131nda meydana geldi. Boz\u00fcy\u00fck istikametinden Bilecik y\u00f6n\u00fcne seyir halinde olan A. Y. idaresindeki 26 AEN 341 plakal\u0131 otomobil, ayn\u0131 y\u00f6nde ilerleyen O. U. y\u00f6netimindeki 10 BS 110 plakal\u0131 araca arkadan \u00e7arpt\u0131. \u00c7arpman\u0131n etkisiyle savrulan Ahmet Y.\u2019nin kulland\u0131\u011f\u0131 otomobil takla atarak ters d\u00f6nd\u00fc. Kazada, takla atan ara\u00e7ta yolcu olarak bulunan F.U. yaraland\u0131. \u0130hbar \u00fczerine olay yerine 112 Acil Servis, jandarma, polis ve itfaiye ekipleri sevk edildi. \u0130lk m\u00fcdahalesi olay yerinde yap\u0131lan yaral\u0131, sa\u011fl\u0131k durumu iyi oldu\u011fu belirlenerek Bilecik E\u011fitim ve Ara\u015ft\u0131rma Hastanesi\u2019ne kald\u0131r\u0131ld\u0131. Kaza dolay\u0131s\u0131yla karayolunda trafik bir s\u00fcre kontroll\u00fc olarak sa\u011flan\u0131rken, olayla ilgili inceleme ba\u015flat\u0131ld\u0131. \u200bBilecik\u2019in Pazaryeri il\u00e7esinde iki otomobilin kar\u0131\u015ft\u0131\u011f\u0131 trafik kazas\u0131nda bir ara\u00e7 takla att\u0131, 1 ki\u015fi yaraland\u0131.Pazaryeri G\u00fcndem \/ B\u0130LEC\u0130K (\u0130GFA) &#8211; Al\u0131nan bilgiye g\u00f6re kaza, \u0130stanbul-Antalya D-650 karayolunun Pazaryeri il\u00e7e kav\u015fa\u011f\u0131nda meydana geldi. Boz\u00fcy\u00fck istikametinden Bilecik y\u00f6n\u00fcne seyir halinde olan A. Y. idaresindeki 26 AEN 341 plakal\u0131 otomobil, ayn\u0131 y\u00f6nde ilerleyen O. U. y\u00f6netimindeki 10 BS 110 plakal\u0131 araca arkadan \u00e7arpt\u0131. \u00c7arpman\u0131n etkisiyle savrulan Ahmet Y.\u2019nin kulland\u0131\u011f\u0131 otomobil takla atarak ters d\u00f6nd\u00fc. Kazada, takla atan ara\u00e7ta yolcu &hellip;"}