{"version":"1.0","provider_name":"Av. Deniz Can K\u0131z\u0131l","provider_url":"http:\/\/denizcankizil.tr\/en","author_name":"Antalya K\u00f6rfez","author_url":"http:\/\/denizcankizil.tr\/en\/author\/www-antalyakorfez-com\/","title":"Beyaz Show ekranlara d\u00f6n\u00fcyor mu? Beyaz\u0131t \u00d6zt\u00fcrk a\u00e7\u0131klad\u0131\u2026","type":"rich","width":600,"height":338,"html":"<blockquote class=\"wp-embedded-content\" data-secret=\"70SbgXKiHs\"><a href=\"http:\/\/denizcankizil.tr\/en\/haberler\/gundem\/beyaz-show-ekranlara-donuyor-mu-beyazit-ozturk-acikladi\/\">Beyaz Show ekranlara d\u00f6n\u00fcyor mu? Beyaz\u0131t \u00d6zt\u00fcrk a\u00e7\u0131klad\u0131\u2026<\/a><\/blockquote><iframe sandbox=\"allow-scripts\" security=\"restricted\" src=\"http:\/\/denizcankizil.tr\/en\/haberler\/gundem\/beyaz-show-ekranlara-donuyor-mu-beyazit-ozturk-acikladi\/embed\/#?secret=70SbgXKiHs\" width=\"600\" height=\"338\" title=\"&#8220;Beyaz Show ekranlara d\u00f6n\u00fcyor mu? Beyaz\u0131t \u00d6zt\u00fcrk a\u00e7\u0131klad\u0131\u2026&#8221; &#8212; Av. Deniz Can K\u0131z\u0131l\" data-secret=\"70SbgXKiHs\" frameborder=\"0\" marginwidth=\"0\" marginheight=\"0\" scrolling=\"no\" class=\"wp-embedded-content\"><\/iframe><script>\n\/*! This file is auto-generated *\/\n!function(d,l){\"use strict\";l.querySelector&&d.addEventListener&&\"undefined\"!=typeof URL&&(d.wp=d.wp||{},d.wp.receiveEmbedMessage||(d.wp.receiveEmbedMessage=function(e){var t=e.data;if((t||t.secret||t.message||t.value)&&!\/[^a-zA-Z0-9]\/.test(t.secret)){for(var s,r,n,a=l.querySelectorAll('iframe[data-secret=\"'+t.secret+'\"]'),o=l.querySelectorAll('blockquote[data-secret=\"'+t.secret+'\"]'),c=new RegExp(\"^https?:$\",\"i\"),i=0;i<o.length;i++)o[i].style.display=\"none\";for(i=0;i<a.length;i++)s=a[i],e.source===s.contentWindow&&(s.removeAttribute(\"style\"),\"height\"===t.message?(1e3<(r=parseInt(t.value,10))?r=1e3:~~r<200&&(r=200),s.height=r):\"link\"===t.message&&(r=new URL(s.getAttribute(\"src\")),n=new URL(t.value),c.test(n.protocol))&&n.host===r.host&&l.activeElement===s&&(d.top.location.href=t.value))}},d.addEventListener(\"message\",d.wp.receiveEmbedMessage,!1),l.addEventListener(\"DOMContentLoaded\",function(){for(var e,t,s=l.querySelectorAll(\"iframe.wp-embedded-content\"),r=0;r<s.length;r++)(t=(e=s[r]).getAttribute(\"data-secret\"))||(t=Math.random().toString(36).substring(2,12),e.src+=\"#?secret=\"+t,e.setAttribute(\"data-secret\",t)),e.contentWindow.postMessage({message:\"ready\",secret:t},\"*\")},!1)))}(window,document);\n\/\/# sourceURL=http:\/\/denizcankizil.tr\/wp-includes\/js\/wp-embed.min.js\n<\/script>","description":"Ekranlar\u0131n en sevilen programlar\u0131 aras\u0131nda yer alan Beyaz Show yeniden sevenleriyle bulu\u015fmaya haz\u0131rlan\u0131yor. 2018 y\u0131l\u0131nda yay\u0131ndan kald\u0131r\u0131lan Beyaz Show\u2019un hangi kanalda yay\u0131nlanaca\u011f\u0131 belli oldu.\u00a0 HAYRAN K\u0130TLES\u0130 G\u00dcNCELL\u0130\u011e\u0130N\u0130 KORUYOR Ses T\u00fcrkiye Y\u0131lba\u015f\u0131 \u00d6zel program\u0131nda a\u00e7\u0131klama yapan Beyaz\u0131t \u00d6zt\u00fcrk\u2019ten ilk a\u00e7\u0131klama geldi. 1996 y\u0131l\u0131nda ba\u015flad\u0131\u011f\u0131 yay\u0131n hayat\u0131nda b\u00fcy\u00fck bir hayran kitlesi kazanan program, ne zaman ba\u015flayacak? TV 8 EKRANLARINDA YAYINA G\u0130RMES\u0130 BEKLEN\u0130YOR Yay\u0131ndan kald\u0131r\u0131lmas\u0131na ra\u011fmen y\u0131llard\u0131r izleyenlerinin g\u00fcndeminden d\u00fc\u015fmeyen Beyaz Show&#8217;un yeni sezon tarihi sosyal medyadaki iddialar\u0131n ard\u0131ndan merak konusu oldu. Beyaz Show&#8217;un yeni y\u0131lda TV8 ekranlar\u0131nda yay\u0131nda olmas\u0131 bekleniyor. 2018&#8217;DE YAYIN HAYATI B\u0130TM\u0130\u015eT\u0130 Beyaz\u0131t \u00d6zt\u00fcrk\u2019\u00fcn \u2018Beyaz Show\u2019 adl\u0131 talk-show program\u0131 6 Aral\u0131k 1996\u2019da Kanal D\u2019de ilk b\u00f6l\u00fcm\u00fcyle yay\u0131na ba\u015flam\u0131\u015ft\u0131. 22 sezon boyunca s\u00fcren program 4 May\u0131s 2018 Cuma gecesi sezon finali yapt\u0131ktan sonra bir daha yay\u0131nlanmam\u0131\u015ft\u0131. \u00a0 \u200b2018 y\u0131l\u0131nda yay\u0131ndan kald\u0131r\u0131lan Beyaz Show yeniden seyircisiyle bulu\u015facak. Konuk oldu\u011fu bir programda a\u00e7\u0131klama yapan Beyaz\u0131t \u00d6zt\u00fcrk, ekranlara d\u00f6nece\u011fini duyurdu. \u0130\u015fte detaylar\u2026\u00a0 \u200bHaberin Al\u0131nt\u0131land\u0131\u011f\u0131 Kaynak: www.antalyakorfez.com"}