{"version":"1.0","provider_name":"Av. Deniz Can K\u0131z\u0131l","provider_url":"http:\/\/denizcankizil.tr\/en","author_name":"Antalya K\u00f6rfez","author_url":"http:\/\/denizcankizil.tr\/en\/author\/www-antalyakorfez-com\/","title":"Belediyeler Birli\u011fi\u2019ne vekalet edecek isim belli oldu","type":"rich","width":600,"height":338,"html":"<blockquote class=\"wp-embedded-content\" data-secret=\"HrdixOa0Bu\"><a href=\"http:\/\/denizcankizil.tr\/en\/haberler\/gundem\/belediyeler-birligine-vekalet-edecek-isim-belli-oldu\/\">Belediyeler Birli\u011fi\u2019ne vekalet edecek isim belli oldu<\/a><\/blockquote><iframe sandbox=\"allow-scripts\" security=\"restricted\" src=\"http:\/\/denizcankizil.tr\/en\/haberler\/gundem\/belediyeler-birligine-vekalet-edecek-isim-belli-oldu\/embed\/#?secret=HrdixOa0Bu\" width=\"600\" height=\"338\" title=\"&#8220;Belediyeler Birli\u011fi\u2019ne vekalet edecek isim belli oldu&#8221; &#8212; Av. Deniz Can K\u0131z\u0131l\" data-secret=\"HrdixOa0Bu\" frameborder=\"0\" marginwidth=\"0\" marginheight=\"0\" scrolling=\"no\" class=\"wp-embedded-content\"><\/iframe><script>\n\/*! This file is auto-generated *\/\n!function(d,l){\"use strict\";l.querySelector&&d.addEventListener&&\"undefined\"!=typeof URL&&(d.wp=d.wp||{},d.wp.receiveEmbedMessage||(d.wp.receiveEmbedMessage=function(e){var t=e.data;if((t||t.secret||t.message||t.value)&&!\/[^a-zA-Z0-9]\/.test(t.secret)){for(var s,r,n,a=l.querySelectorAll('iframe[data-secret=\"'+t.secret+'\"]'),o=l.querySelectorAll('blockquote[data-secret=\"'+t.secret+'\"]'),c=new RegExp(\"^https?:$\",\"i\"),i=0;i<o.length;i++)o[i].style.display=\"none\";for(i=0;i<a.length;i++)s=a[i],e.source===s.contentWindow&&(s.removeAttribute(\"style\"),\"height\"===t.message?(1e3<(r=parseInt(t.value,10))?r=1e3:~~r<200&&(r=200),s.height=r):\"link\"===t.message&&(r=new URL(s.getAttribute(\"src\")),n=new URL(t.value),c.test(n.protocol))&&n.host===r.host&&l.activeElement===s&&(d.top.location.href=t.value))}},d.addEventListener(\"message\",d.wp.receiveEmbedMessage,!1),l.addEventListener(\"DOMContentLoaded\",function(){for(var e,t,s=l.querySelectorAll(\"iframe.wp-embedded-content\"),r=0;r<s.length;r++)(t=(e=s[r]).getAttribute(\"data-secret\"))||(t=Math.random().toString(36).substring(2,12),e.src+=\"#?secret=\"+t,e.setAttribute(\"data-secret\",t)),e.contentWindow.postMessage({message:\"ready\",secret:t},\"*\")},!1)))}(window,document);\n\/\/# sourceURL=http:\/\/denizcankizil.tr\/wp-includes\/js\/wp-embed.min.js\n<\/script>","description":"TBB y\u00f6netmeli\u011fine g\u00f6re, ba\u015fkan\u0131n g\u00f6revinin ba\u015f\u0131nda bulunamamas\u0131 durumunda birinci ba\u015fkan vekili ge\u00e7ici olarak g\u00f6revi devral\u0131yor. Bu \u00e7er\u00e7evede, birli\u011fin birinci ba\u015fkan vekili olan Zeydan Karalar, TBB Ba\u015fkanl\u0131\u011f\u0131 g\u00f6revini y\u00fcr\u00fctecek.\u00a0 &#8220;SORUMLULU\u011eUMU YER\u0130NE GET\u0130RECE\u011e\u0130M&#8221; Karar\u0131n ard\u0131ndan a\u00e7\u0131klama yapan Zeydan Karalar, \u201cT\u00fcrkiye Belediyeler Birli\u011fi\u2019nin yerel y\u00f6netimlerdeki i\u015fleyi\u015finin aksamadan devam etmesi i\u00e7in sorumlulu\u011fumuzu yerine getirece\u011fiz\u201d dedi. \u0130mamo\u011flu\u2019nun tutuklanmas\u0131yla ilgili geli\u015fmeler kamuoyunda geni\u015f yank\u0131 uyand\u0131r\u0131rken, TBB\u2019deki y\u00f6netim s\u00fcrecinin nas\u0131l i\u015fleyece\u011fi merak konusu oldu. ZEYDAN KARALAR K\u0130MD\u0130R? 1958 y\u0131l\u0131nda Adana\u2019n\u0131n Seyhan il\u00e7esinde, on \u00e7ocuklu bir ailenin alt\u0131nc\u0131 \u00e7ocu\u011fu olarak d\u00fcnyaya geldi. \u0130lkokul, ortaokul, lise ve \u00fcniversiteyi Adana\u2019da okudu. 1980 y\u0131l\u0131nda \u00c7ukurova \u00dcniversitesi Makina M\u00fchendisli\u011fi b\u00f6l\u00fcm\u00fcnden mezun oldu. 1982 y\u0131l\u0131nda Nuray Karalar ile evlendi. Biri k\u0131z, ikisi erkek olmak \u00fczere \u00fc\u00e7 \u00e7ocuk babas\u0131d\u0131r. \u0130\u015e HAYATI 1981\u2019de, 23 ya\u015f\u0131nda Makine M\u00fchendisleri Odas\u0131 Ba\u015fkanl\u0131\u011f\u0131na se\u00e7ildi. 2 y\u0131l b\u00f6lge ba\u015fkanl\u0131\u011f\u0131 ve \u00fcst kurul (TMMOB) delegeli\u011fi yapt\u0131. Oda tarihinde se\u00e7ilen en gen\u00e7 ba\u015fkand\u0131r. 1979 \u2013 1985 y\u0131llar\u0131 aras\u0131nda \u00c7ukobirlik\u2019te \u0130plik \u0130\u015fletme \u015eefi olarak \u00e7al\u0131\u015ft\u0131. 1985 \u2013 1991 y\u0131llar\u0131 aras\u0131nda Alman AEG ET\u0130 End\u00fcstri A.\u015e.\u2019de M\u00fc\u015fteri Hizmetleri Y\u00f6neticili\u011fi yapt\u0131. 1991 \u2013 1996 aras\u0131nda \u00c7ukobirlik \u0130plik Dokuma Fabrika M\u00fcd\u00fcr\u00fc ve Teknik Genel M\u00fcd\u00fcr Yard\u0131mc\u0131l\u0131\u011f\u0131 g\u00f6revlerinde bulundu. 1996 \u2013 2007 y\u0131llar\u0131 aras\u0131nda Okan Tekstil A.\u015e.\u2019de Genel M\u00fcd\u00fcrl\u00fck yapt\u0131. Kazakistan\u2019da Okan\u2013Antriko Entegre Tekstil Fabrikas\u0131\u2019n\u0131n Genel M\u00fcd\u00fcrl\u00fc\u011f\u00fc\u2019n\u00fc &hellip;"}