{"version":"1.0","provider_name":"Av. Deniz Can K\u0131z\u0131l","provider_url":"http:\/\/denizcankizil.tr\/en","author_name":"Antalya K\u00f6rfez","author_url":"http:\/\/denizcankizil.tr\/en\/author\/www-antalyakorfez-com\/","title":"Ba\u015fkan B\u00f6cek, bas\u0131n emek\u00e7ilerini unutmad\u0131!","type":"rich","width":600,"height":338,"html":"<blockquote class=\"wp-embedded-content\" data-secret=\"TcVTepArWP\"><a href=\"http:\/\/denizcankizil.tr\/en\/haberler\/gundem\/baskan-bocek-basin-emekcilerini-unutmadi\/\">Ba\u015fkan B\u00f6cek, bas\u0131n emek\u00e7ilerini unutmad\u0131!<\/a><\/blockquote><iframe sandbox=\"allow-scripts\" security=\"restricted\" src=\"http:\/\/denizcankizil.tr\/en\/haberler\/gundem\/baskan-bocek-basin-emekcilerini-unutmadi\/embed\/#?secret=TcVTepArWP\" width=\"600\" height=\"338\" title=\"&#8220;Ba\u015fkan B\u00f6cek, bas\u0131n emek\u00e7ilerini unutmad\u0131!&#8221; &#8212; Av. Deniz Can K\u0131z\u0131l\" data-secret=\"TcVTepArWP\" frameborder=\"0\" marginwidth=\"0\" marginheight=\"0\" scrolling=\"no\" class=\"wp-embedded-content\"><\/iframe><script>\n\/*! This file is auto-generated *\/\n!function(d,l){\"use strict\";l.querySelector&&d.addEventListener&&\"undefined\"!=typeof URL&&(d.wp=d.wp||{},d.wp.receiveEmbedMessage||(d.wp.receiveEmbedMessage=function(e){var t=e.data;if((t||t.secret||t.message||t.value)&&!\/[^a-zA-Z0-9]\/.test(t.secret)){for(var s,r,n,a=l.querySelectorAll('iframe[data-secret=\"'+t.secret+'\"]'),o=l.querySelectorAll('blockquote[data-secret=\"'+t.secret+'\"]'),c=new RegExp(\"^https?:$\",\"i\"),i=0;i<o.length;i++)o[i].style.display=\"none\";for(i=0;i<a.length;i++)s=a[i],e.source===s.contentWindow&&(s.removeAttribute(\"style\"),\"height\"===t.message?(1e3<(r=parseInt(t.value,10))?r=1e3:~~r<200&&(r=200),s.height=r):\"link\"===t.message&&(r=new URL(s.getAttribute(\"src\")),n=new URL(t.value),c.test(n.protocol))&&n.host===r.host&&l.activeElement===s&&(d.top.location.href=t.value))}},d.addEventListener(\"message\",d.wp.receiveEmbedMessage,!1),l.addEventListener(\"DOMContentLoaded\",function(){for(var e,t,s=l.querySelectorAll(\"iframe.wp-embedded-content\"),r=0;r<s.length;r++)(t=(e=s[r]).getAttribute(\"data-secret\"))||(t=Math.random().toString(36).substring(2,12),e.src+=\"#?secret=\"+t,e.setAttribute(\"data-secret\",t)),e.contentWindow.postMessage({message:\"ready\",secret:t},\"*\")},!1)))}(window,document);\n\/\/# sourceURL=http:\/\/denizcankizil.tr\/wp-includes\/js\/wp-embed.min.js\n<\/script>","description":"Antalya B\u00fcy\u00fck\u015fehir Belediye Ba\u015fkan\u0131 Muhittin B\u00f6cek, 10 Ocak \u00c7al\u0131\u015fan Gazeteciler G\u00fcn\u00fc nedeniyle mesaj yay\u0131nlad\u0131. 10 Ocak tarihinin bas\u0131n mensuplar\u0131n\u0131n emeklerini ve haklar\u0131n\u0131 savunduklar\u0131 \u00f6nemli bir g\u00fcn oldu\u011funu ifade eden Ba\u015fkan B\u00f6cek, zorlu \u015fartlar alt\u0131nda, gece g\u00fcnd\u00fcz demeden \u00e7al\u0131\u015fan, kamuoyunu bilgilendiren ve demokrasinin sa\u011fl\u0131kl\u0131 i\u015flemesine katk\u0131 sa\u011flayan de\u011ferli bas\u0131n emek\u00e7ilerine te\u015fekk\u00fcr etti. BASIN EMEK\u00c7\u0130LER\u0130 YILMIYOR Her ge\u00e7en g\u00fcn \u00e7al\u0131\u015fma \u015fartlar\u0131 daha da a\u011f\u0131rla\u015fan bas\u0131n emek\u00e7ilerinin, tarafs\u0131z ve do\u011fru bilgiye ula\u015fma ad\u0131na daha fazla zorlukla kar\u015f\u0131la\u015ft\u0131\u011f\u0131, b\u00fcy\u00fck bir \u00f6zveriyle \u00e7al\u0131\u015ft\u0131\u011f\u0131 bir s\u00fcre\u00e7ten ge\u00e7ti\u011fini kaydeden Ba\u015fkan B\u00f6cek, \u201cBas\u0131n emek\u00e7ileri \u015fartlar ne olursa olsun toplumsal geli\u015fim ve halk\u0131n bilin\u00e7lenmesi ad\u0131na sorumluluk duygusuyla hareket ediyor ve y\u0131lm\u0131yor. T\u00fcm zorluklara ra\u011fmen; mesle\u011fini onuruyla yaparak halk\u0131 bilgilenme g\u00f6revini yerine getiren kamuoyunun g\u00f6z\u00fc, kula\u011f\u0131 olan gazetecilerin hala var olmas\u0131 bizlere de g\u00fc\u00e7 veriyor. Gazetecilerin zorlu ko\u015fullarda haber yaparken g\u00f6sterdikleri \u00f6zveri, toplumsal olaylara duyduklar\u0131 hassasiyet, i\u015flerine duyduklar\u0131 sayg\u0131y\u0131 ve mesleklerine duyduklar\u0131 ba\u011fl\u0131l\u0131\u011f\u0131 yans\u0131tmaktad\u0131r\u201d ifadelerini kulland\u0131. \u00a0\u00a0 SORUNUN DE\u011e\u0130L \u00c7\u00d6Z\u00dcM\u00dcN PAR\u00c7ASI Gazetecilik mesle\u011finin, kamuoyunu do\u011fru bilgilendirme ve toplumsal sorunlara duyarl\u0131l\u0131k anlam\u0131nda b\u00fcy\u00fck bir sorumluluk ta\u015f\u0131d\u0131\u011f\u0131n\u0131 kaydeden B\u00f6cek, \u201cGazetecilerin g\u00f6sterdi\u011fi \u00f6zveri, cesaret ve emek, \u00e7a\u011fda\u015f ve g\u00fc\u00e7l\u00fc bir toplumun temel ta\u015flar\u0131n\u0131 olu\u015fturuyor. Antalya&#8217;da g\u00f6rev yapan de\u011ferli bas\u0131n emek\u00e7ilerimiz de, toplumun ayd\u0131nlanmas\u0131 ve \u015fehrimizin geli\u015fimi i\u00e7in sorunun de\u011fil \u00e7\u00f6z\u00fcm\u00fcn bir par\u00e7as\u0131 olarak &hellip;"}