{"version":"1.0","provider_name":"Av. Deniz Can K\u0131z\u0131l","provider_url":"http:\/\/denizcankizil.tr\/en","author_name":"admin","author_url":"http:\/\/denizcankizil.tr\/en\/author\/admin\/","title":"Ba\u015fkan Altay \u0130LBANK Y\u00f6netim Kurulu \u00fcyeli\u011fine se\u00e7ildi","type":"rich","width":600,"height":338,"html":"<blockquote class=\"wp-embedded-content\" data-secret=\"D7vaQLwvyX\"><a href=\"http:\/\/denizcankizil.tr\/en\/haberler\/gundem\/baskan-altay-ilbank-yonetim-kurulu-uyeligine-secildi\/\">Ba\u015fkan Altay \u0130LBANK Y\u00f6netim Kurulu \u00fcyeli\u011fine se\u00e7ildi<\/a><\/blockquote><iframe sandbox=\"allow-scripts\" security=\"restricted\" src=\"http:\/\/denizcankizil.tr\/en\/haberler\/gundem\/baskan-altay-ilbank-yonetim-kurulu-uyeligine-secildi\/embed\/#?secret=D7vaQLwvyX\" width=\"600\" height=\"338\" title=\"&#8220;Ba\u015fkan Altay \u0130LBANK Y\u00f6netim Kurulu \u00fcyeli\u011fine se\u00e7ildi&#8221; &#8212; Av. Deniz Can K\u0131z\u0131l\" data-secret=\"D7vaQLwvyX\" frameborder=\"0\" marginwidth=\"0\" marginheight=\"0\" scrolling=\"no\" class=\"wp-embedded-content\"><\/iframe><script>\n\/*! This file is auto-generated *\/\n!function(d,l){\"use strict\";l.querySelector&&d.addEventListener&&\"undefined\"!=typeof URL&&(d.wp=d.wp||{},d.wp.receiveEmbedMessage||(d.wp.receiveEmbedMessage=function(e){var t=e.data;if((t||t.secret||t.message||t.value)&&!\/[^a-zA-Z0-9]\/.test(t.secret)){for(var s,r,n,a=l.querySelectorAll('iframe[data-secret=\"'+t.secret+'\"]'),o=l.querySelectorAll('blockquote[data-secret=\"'+t.secret+'\"]'),c=new RegExp(\"^https?:$\",\"i\"),i=0;i<o.length;i++)o[i].style.display=\"none\";for(i=0;i<a.length;i++)s=a[i],e.source===s.contentWindow&&(s.removeAttribute(\"style\"),\"height\"===t.message?(1e3<(r=parseInt(t.value,10))?r=1e3:~~r<200&&(r=200),s.height=r):\"link\"===t.message&&(r=new URL(s.getAttribute(\"src\")),n=new URL(t.value),c.test(n.protocol))&&n.host===r.host&&l.activeElement===s&&(d.top.location.href=t.value))}},d.addEventListener(\"message\",d.wp.receiveEmbedMessage,!1),l.addEventListener(\"DOMContentLoaded\",function(){for(var e,t,s=l.querySelectorAll(\"iframe.wp-embedded-content\"),r=0;r<s.length;r++)(t=(e=s[r]).getAttribute(\"data-secret\"))||(t=Math.random().toString(36).substring(2,12),e.src+=\"#?secret=\"+t,e.setAttribute(\"data-secret\",t)),e.contentWindow.postMessage({message:\"ready\",secret:t},\"*\")},!1)))}(window,document);\n\/\/# sourceURL=http:\/\/denizcankizil.tr\/wp-includes\/js\/wp-embed.min.js\n<\/script>","description":"Konya B\u00fcy\u00fck\u015fehir Belediye Ba\u015fkan\u0131 U\u011fur \u0130brahim Altay, Ankara\u2019da d\u00fczenlenen \u0130LBANK 2024 Y\u0131l\u0131 Ola\u011fan Genel Kurulu\u2019nda \u0130LBANK Y\u00f6netim Kurulu \u00fcyeli\u011fine se\u00e7ildi. KONYA (\u0130GFA) &#8211; Konya B\u00fcy\u00fck\u015fehir Belediye Ba\u015fkan\u0131 U\u011fur \u0130brahim Altay, \u0130LBANK 2024 Y\u0131l\u0131 Ola\u011fan Genel Kurulu\u2019nda \u0130LBANK Y\u00f6netim Kurulu \u00fcyeli\u011fine se\u00e7ildi.\u00a0 Ba\u015fkan Altay, \u201cMilletimize hizmete vesile olacak bu g\u00f6revden dolay\u0131 ba\u015fta Say\u0131n Cumhurba\u015fkan\u0131m\u0131z Recep Tayyip Erdo\u011fan\u2019a, \u00c7evre, \u015eehircilik ve \u0130klim De\u011fi\u015fikli\u011fi Bakan\u0131m\u0131z Say\u0131n Murat Kurum\u2019a, b\u00fcy\u00fck\u015fehir ve il belediye ba\u015fkanlar\u0131m\u0131za, il genel meclisi temsilcilerimize, yerel y\u00f6neticilerimize ve t\u00fcm delegelere te\u015fekk\u00fcr ediyorum\u201d dedi.\u00a0\u00a0 Konuyla ilgili bir a\u00e7\u0131klama yapan Ba\u015fkan Altay, 81 ilin kalk\u0131nmas\u0131na katk\u0131 sunmak, yerel y\u00f6netimlerle g\u00fc\u00e7l\u00fc i\u015f birlikleri kurmak ve \u015fehirlerin ihtiya\u00e7lar\u0131na \u00e7\u00f6z\u00fcm \u00fcretmek i\u00e7in var g\u00fc\u00e7leriyle \u00e7al\u0131\u015facaklar\u0131n\u0131 belirtti. Her g\u00f6revde oldu\u011fu gibi bu g\u00f6revde de titizlikle \u00e7al\u0131\u015facaklar\u0131n\u0131 vurgulayan Ba\u015fkan Altay, \u201cMilletimize hizmete vesile olacak bu g\u00f6revden dolay\u0131 ba\u015fta Say\u0131n Cumhurba\u015fkan\u0131m\u0131z Recep Tayyip Erdo\u011fan\u2019a, \u00c7evre, \u015eehircilik ve \u0130klim De\u011fi\u015fikli\u011fi Bakan\u0131m\u0131z Say\u0131n Murat Kurum\u2019a, b\u00fcy\u00fck\u015fehir ve il belediye ba\u015fkanlar\u0131m\u0131za, il genel meclisi temsilcilerimize, yerel y\u00f6neticilerimize ve t\u00fcm delegelere te\u015fekk\u00fcr ediyorum\u201d ifadelerini kulland\u0131.\u00a0 \u200bKonya B\u00fcy\u00fck\u015fehir Belediye Ba\u015fkan\u0131 U\u011fur \u0130brahim Altay, Ankara\u2019da d\u00fczenlenen \u0130LBANK 2024 Y\u0131l\u0131 Ola\u011fan Genel Kurulu\u2019nda \u0130LBANK Y\u00f6netim Kurulu \u00fcyeli\u011fine se\u00e7ildi. KONYA (\u0130GFA) &#8211; Konya B\u00fcy\u00fck\u015fehir Belediye Ba\u015fkan\u0131 U\u011fur \u0130brahim Altay, \u0130LBANK 2024 Y\u0131l\u0131 Ola\u011fan Genel Kurulu\u2019nda \u0130LBANK Y\u00f6netim &hellip;"}