{"version":"1.0","provider_name":"Av. Deniz Can K\u0131z\u0131l","provider_url":"http:\/\/denizcankizil.tr\/en","author_name":"admin","author_url":"http:\/\/denizcankizil.tr\/en\/author\/admin\/","title":"Ba\u015fkan Alemdar\u2019dan Sapanca\u2019ya b\u00fcy\u00fck m\u00fcjde!","type":"rich","width":600,"height":338,"html":"<blockquote class=\"wp-embedded-content\" data-secret=\"YmDVlk6XV0\"><a href=\"http:\/\/denizcankizil.tr\/en\/haberler\/gundem\/baskan-alemdardan-sapancaya-buyuk-mujde\/\">Ba\u015fkan Alemdar\u2019dan Sapanca\u2019ya b\u00fcy\u00fck m\u00fcjde!<\/a><\/blockquote><iframe sandbox=\"allow-scripts\" security=\"restricted\" src=\"http:\/\/denizcankizil.tr\/en\/haberler\/gundem\/baskan-alemdardan-sapancaya-buyuk-mujde\/embed\/#?secret=YmDVlk6XV0\" width=\"600\" height=\"338\" title=\"&#8220;Ba\u015fkan Alemdar\u2019dan Sapanca\u2019ya b\u00fcy\u00fck m\u00fcjde!&#8221; &#8212; Av. Deniz Can K\u0131z\u0131l\" data-secret=\"YmDVlk6XV0\" frameborder=\"0\" marginwidth=\"0\" marginheight=\"0\" scrolling=\"no\" class=\"wp-embedded-content\"><\/iframe><script>\n\/*! This file is auto-generated *\/\n!function(d,l){\"use strict\";l.querySelector&&d.addEventListener&&\"undefined\"!=typeof URL&&(d.wp=d.wp||{},d.wp.receiveEmbedMessage||(d.wp.receiveEmbedMessage=function(e){var t=e.data;if((t||t.secret||t.message||t.value)&&!\/[^a-zA-Z0-9]\/.test(t.secret)){for(var s,r,n,a=l.querySelectorAll('iframe[data-secret=\"'+t.secret+'\"]'),o=l.querySelectorAll('blockquote[data-secret=\"'+t.secret+'\"]'),c=new RegExp(\"^https?:$\",\"i\"),i=0;i<o.length;i++)o[i].style.display=\"none\";for(i=0;i<a.length;i++)s=a[i],e.source===s.contentWindow&&(s.removeAttribute(\"style\"),\"height\"===t.message?(1e3<(r=parseInt(t.value,10))?r=1e3:~~r<200&&(r=200),s.height=r):\"link\"===t.message&&(r=new URL(s.getAttribute(\"src\")),n=new URL(t.value),c.test(n.protocol))&&n.host===r.host&&l.activeElement===s&&(d.top.location.href=t.value))}},d.addEventListener(\"message\",d.wp.receiveEmbedMessage,!1),l.addEventListener(\"DOMContentLoaded\",function(){for(var e,t,s=l.querySelectorAll(\"iframe.wp-embedded-content\"),r=0;r<s.length;r++)(t=(e=s[r]).getAttribute(\"data-secret\"))||(t=Math.random().toString(36).substring(2,12),e.src+=\"#?secret=\"+t,e.setAttribute(\"data-secret\",t)),e.contentWindow.postMessage({message:\"ready\",secret:t},\"*\")},!1)))}(window,document);\n\/\/# sourceURL=http:\/\/denizcankizil.tr\/wp-includes\/js\/wp-embed.min.js\n<\/script>","description":"Sakarya B\u00fcy\u00fck\u015fehir Belediye Ba\u015fkan\u0131 Yusuf Alemdar, Sapanca\u2019da turizme ve il\u00e7edeki ya\u015fant\u0131ya de\u011fer katacak b\u00fcy\u00fck bir projeyi daha kamuoyu ile payla\u015ft\u0131.SAKARYA (\u0130GFA) &#8211; Sakarya B\u00fcy\u00fck\u015fehir Belediye Ba\u015fkan\u0131 Yusuf Alemdar, AK Parti Sapanca Geni\u015fletilmi\u015f \u0130l\u00e7e Dan\u0131\u015fma Meclisi\u2019ne kat\u0131larak te\u015fkilat y\u00f6neticileri ve partililerle bir araya geldi. Geni\u015fletilmi\u015f \u0130l\u00e7e Dan\u0131\u015fma Meclisine ayr\u0131ca AK Parti Sakarya Milletvekilleri L\u00fctfi Bayraktar, Ertu\u011frul Kocac\u0131k, Ali \u0130nci, AK Parti \u0130l Ba\u015fkan\u0131 Yunus Tever, AK Parti Sapanca \u0130l\u00e7e Ba\u015fkan\u0131 \u015eafak Ba\u015fo\u011flu, MHP Sapanca \u0130l\u00e7e Ba\u015fkan\u0131 G\u00f6khan Alemdar, il\u00e7e ba\u015fkanlar\u0131, muhtarlar, \u00e7ok say\u0131da partili ve bas\u0131n mensuplar\u0131 kat\u0131ld\u0131. \u0130l\u00e7eye de\u011fer katacak, turizmi canland\u0131racak, gen\u00e7leri sporla bulu\u015fturacak toplam 500 milyon TL\u2019lik projeyi bu programda m\u00fcjdeleyen Ba\u015fkan Alemdar, ayr\u0131ca il\u00e7enin do\u011fas\u0131n\u0131, d\u00fcnyan\u0131n en b\u00fcy\u00fck i\u00e7me suyu cennetlerinden olan Sapanca G\u00f6l\u00fc\u2019n\u00fc koruyacak planlar\u0131 tek tek anlatt\u0131. Sapanca\u2019n\u0131n dev projesi olacak Ba\u015fkan Alemdar, il\u00e7edeki canl\u0131l\u0131\u011f\u0131 ve sosyal potansiyeli b\u00fcy\u00fck oranda destekleyecek dev bir projeyi de kamuoyu ile ilk kez payla\u015ft\u0131. Sapanca G\u00f6l\u00fc sahil hatt\u0131nda Kocaeli s\u0131n\u0131r\u0131 Yan\u0131k\u2019tan ba\u015flay\u0131p 6 kilometrelik hat ile uzanacak sahil yolu projesi i\u00e7in ihaleye \u00e7\u0131kacaklar\u0131n\u0131 a\u00e7\u0131klayan Alemdar, proje i\u00e7erisinde bisiklet alan\u0131, y\u00fcr\u00fcy\u00fc\u015f alanlar\u0131, sosyal donat\u0131 noktalar\u0131n\u0131n yer alaca\u011f\u0131n\u0131 ifade etti. Bu proje Sapanca\u2019n\u0131n yeni bulu\u015fma ve ya\u015fam noktas\u0131 olacak. \u0130l\u00e7enin yar\u0131nlar\u0131na b\u00fcy\u00fck eserler kazand\u0131r\u0131yoruz Sapanca\u2019n\u0131n ihtiya\u00e7lar\u0131n\u0131 b\u00fct\u00fcnc\u00fcl olarak ele ald\u0131klar\u0131n\u0131 belirten &hellip;"}