{"version":"1.0","provider_name":"Av. Deniz Can K\u0131z\u0131l","provider_url":"http:\/\/denizcankizil.tr\/en","author_name":"admin","author_url":"http:\/\/denizcankizil.tr\/en\/author\/admin\/","title":"Bakan Yumakl\u0131'dan 'ye\u015fil vatan' uyar\u0131s\u0131!","type":"rich","width":600,"height":338,"html":"<blockquote class=\"wp-embedded-content\" data-secret=\"u0DC7UI7OG\"><a href=\"http:\/\/denizcankizil.tr\/en\/haberler\/gundem\/bakan-yumaklidan-yesil-vatan-uyarisi\/\">Bakan Yumakl\u0131&#8217;dan &#8216;ye\u015fil vatan&#8217; uyar\u0131s\u0131!<\/a><\/blockquote><iframe sandbox=\"allow-scripts\" security=\"restricted\" src=\"http:\/\/denizcankizil.tr\/en\/haberler\/gundem\/bakan-yumaklidan-yesil-vatan-uyarisi\/embed\/#?secret=u0DC7UI7OG\" width=\"600\" height=\"338\" title=\"&#8220;Bakan Yumakl\u0131&#8217;dan &#8216;ye\u015fil vatan&#8217; uyar\u0131s\u0131!&#8221; &#8212; Av. Deniz Can K\u0131z\u0131l\" data-secret=\"u0DC7UI7OG\" frameborder=\"0\" marginwidth=\"0\" marginheight=\"0\" scrolling=\"no\" class=\"wp-embedded-content\"><\/iframe><script>\n\/*! This file is auto-generated *\/\n!function(d,l){\"use strict\";l.querySelector&&d.addEventListener&&\"undefined\"!=typeof URL&&(d.wp=d.wp||{},d.wp.receiveEmbedMessage||(d.wp.receiveEmbedMessage=function(e){var t=e.data;if((t||t.secret||t.message||t.value)&&!\/[^a-zA-Z0-9]\/.test(t.secret)){for(var s,r,n,a=l.querySelectorAll('iframe[data-secret=\"'+t.secret+'\"]'),o=l.querySelectorAll('blockquote[data-secret=\"'+t.secret+'\"]'),c=new RegExp(\"^https?:$\",\"i\"),i=0;i<o.length;i++)o[i].style.display=\"none\";for(i=0;i<a.length;i++)s=a[i],e.source===s.contentWindow&&(s.removeAttribute(\"style\"),\"height\"===t.message?(1e3<(r=parseInt(t.value,10))?r=1e3:~~r<200&&(r=200),s.height=r):\"link\"===t.message&&(r=new URL(s.getAttribute(\"src\")),n=new URL(t.value),c.test(n.protocol))&&n.host===r.host&&l.activeElement===s&&(d.top.location.href=t.value))}},d.addEventListener(\"message\",d.wp.receiveEmbedMessage,!1),l.addEventListener(\"DOMContentLoaded\",function(){for(var e,t,s=l.querySelectorAll(\"iframe.wp-embedded-content\"),r=0;r<s.length;r++)(t=(e=s[r]).getAttribute(\"data-secret\"))||(t=Math.random().toString(36).substring(2,12),e.src+=\"#?secret=\"+t,e.setAttribute(\"data-secret\",t)),e.contentWindow.postMessage({message:\"ready\",secret:t},\"*\")},!1)))}(window,document);\n\/\/# sourceURL=http:\/\/denizcankizil.tr\/wp-includes\/js\/wp-embed.min.js\n<\/script>","description":"Tar\u0131m ve Orman Bakan\u0131 \u0130brahim Yumakl\u0131, artan s\u0131cakl\u0131klar\u0131n orman yang\u0131n\u0131 riskini art\u0131rd\u0131\u011f\u0131n\u0131 belirterek, vatanda\u015flar\u0131 an\u0131z yakmamaya, ate\u015f ve izmarit atmamaya \u00e7a\u011f\u0131rd\u0131.ANKARA (\u0130GFA) &#8211; Tar\u0131m ve Orman Bakan\u0131 \u0130brahim Yumakl\u0131, meteorolojik verilerin \u00f6n\u00fcm\u00fczdeki g\u00fcnlerde ola\u011fan\u00fcst\u00fc s\u0131cakl\u0131k art\u0131\u015f\u0131 \u00f6ng\u00f6rd\u00fc\u011f\u00fcn\u00fc a\u00e7\u0131klayarak, orman yang\u0131nlar\u0131na kar\u015f\u0131 vatanda\u015flar\u0131 uyard\u0131. \u201cYe\u015fil vatan\u201d i\u00e7in herkesin daha dikkatli olmas\u0131 gerekti\u011fini vurgulayan Yumakl\u0131, s\u0131cakl\u0131klar\u0131n yang\u0131n riskini en \u00fcst d\u00fczeye \u00e7\u0131kard\u0131\u011f\u0131n\u0131 ifade etti. Bakanl\u0131k olarak 200 y\u0131la yak\u0131n tecr\u00fcbe, ileri teknoloji ekipmanlar, hava ve kara ara\u00e7lar\u0131 ile orman yang\u0131nlar\u0131na kar\u015f\u0131 haz\u0131r olduklar\u0131n\u0131 belirten Yumakl\u0131, \u201cAs\u0131l ba\u015far\u0131, yang\u0131n\u0131n hi\u00e7 \u00e7\u0131kmamas\u0131n\u0131 sa\u011flamakt\u0131r. Bir ihmal, binlerce a\u011fac\u0131 ve canl\u0131y\u0131 yok edebilir\u201d dedi. Yumakl\u0131, ormanl\u0131k ve k\u0131rsal alanlarda yang\u0131na sebep olabilecek davran\u0131\u015flardan ka\u00e7\u0131n\u0131lmas\u0131n\u0131n hayati \u00f6nem ta\u015f\u0131d\u0131\u011f\u0131n\u0131 vurgulayarak, \u201cBirlikte ye\u015fil vatan\u0131m\u0131z\u0131 koruyal\u0131m\u201d \u00e7a\u011fr\u0131s\u0131 yapt\u0131. Yumakl\u0131, vatanda\u015flara \u015fu uyar\u0131larda bulundu: An\u0131z yakmay\u0131n, ormanl\u0131k alanlarda ate\u015f yakmay\u0131n. \u0130zmarit ve at\u0131klar\u0131 \u00e7\u00f6pe at\u0131n. Bi\u00e7erd\u00f6ver ve balya makineleri \u00e7al\u0131\u015f\u0131rken su tankeri ve yang\u0131n s\u00f6nd\u00fcrme cihaz\u0131 bulundurun. En ufak duman g\u00f6rd\u00fc\u011f\u00fcn\u00fczde 112\u2019yi aray\u0131n. \u200bTar\u0131m ve Orman Bakan\u0131 \u0130brahim Yumakl\u0131, artan s\u0131cakl\u0131klar\u0131n orman yang\u0131n\u0131 riskini art\u0131rd\u0131\u011f\u0131n\u0131 belirterek, vatanda\u015flar\u0131 an\u0131z yakmamaya, ate\u015f ve izmarit atmamaya \u00e7a\u011f\u0131rd\u0131.ANKARA (\u0130GFA) &#8211; Tar\u0131m ve Orman Bakan\u0131 \u0130brahim Yumakl\u0131, meteorolojik verilerin \u00f6n\u00fcm\u00fczdeki g\u00fcnlerde ola\u011fan\u00fcst\u00fc s\u0131cakl\u0131k art\u0131\u015f\u0131 \u00f6ng\u00f6rd\u00fc\u011f\u00fcn\u00fc a\u00e7\u0131klayarak, orman yang\u0131nlar\u0131na kar\u015f\u0131 vatanda\u015flar\u0131 uyard\u0131. \u201cYe\u015fil vatan\u201d i\u00e7in herkesin daha &hellip;"}