{"version":"1.0","provider_name":"Av. Deniz Can K\u0131z\u0131l","provider_url":"http:\/\/denizcankizil.tr\/en","author_name":"admin","author_url":"http:\/\/denizcankizil.tr\/en\/author\/admin\/","title":"Bakan Tun\u00e7: Hukuk Mahkemeleri'nin etkinli\u011fi art\u0131r\u0131lacak","type":"rich","width":600,"height":338,"html":"<blockquote class=\"wp-embedded-content\" data-secret=\"YqldmHvitz\"><a href=\"http:\/\/denizcankizil.tr\/en\/haberler\/gundem\/bakan-tunc-hukuk-mahkemelerinin-etkinligi-artirilacak\/\">Bakan Tun\u00e7: Hukuk Mahkemeleri&#8217;nin etkinli\u011fi art\u0131r\u0131lacak<\/a><\/blockquote><iframe sandbox=\"allow-scripts\" security=\"restricted\" src=\"http:\/\/denizcankizil.tr\/en\/haberler\/gundem\/bakan-tunc-hukuk-mahkemelerinin-etkinligi-artirilacak\/embed\/#?secret=YqldmHvitz\" width=\"600\" height=\"338\" title=\"&#8220;Bakan Tun\u00e7: Hukuk Mahkemeleri&#8217;nin etkinli\u011fi art\u0131r\u0131lacak&#8221; &#8212; Av. Deniz Can K\u0131z\u0131l\" data-secret=\"YqldmHvitz\" frameborder=\"0\" marginwidth=\"0\" marginheight=\"0\" scrolling=\"no\" class=\"wp-embedded-content\"><\/iframe><script>\n\/*! This file is auto-generated *\/\n!function(d,l){\"use strict\";l.querySelector&&d.addEventListener&&\"undefined\"!=typeof URL&&(d.wp=d.wp||{},d.wp.receiveEmbedMessage||(d.wp.receiveEmbedMessage=function(e){var t=e.data;if((t||t.secret||t.message||t.value)&&!\/[^a-zA-Z0-9]\/.test(t.secret)){for(var s,r,n,a=l.querySelectorAll('iframe[data-secret=\"'+t.secret+'\"]'),o=l.querySelectorAll('blockquote[data-secret=\"'+t.secret+'\"]'),c=new RegExp(\"^https?:$\",\"i\"),i=0;i<o.length;i++)o[i].style.display=\"none\";for(i=0;i<a.length;i++)s=a[i],e.source===s.contentWindow&&(s.removeAttribute(\"style\"),\"height\"===t.message?(1e3<(r=parseInt(t.value,10))?r=1e3:~~r<200&&(r=200),s.height=r):\"link\"===t.message&&(r=new URL(s.getAttribute(\"src\")),n=new URL(t.value),c.test(n.protocol))&&n.host===r.host&&l.activeElement===s&&(d.top.location.href=t.value))}},d.addEventListener(\"message\",d.wp.receiveEmbedMessage,!1),l.addEventListener(\"DOMContentLoaded\",function(){for(var e,t,s=l.querySelectorAll(\"iframe.wp-embedded-content\"),r=0;r<s.length;r++)(t=(e=s[r]).getAttribute(\"data-secret\"))||(t=Math.random().toString(36).substring(2,12),e.src+=\"#?secret=\"+t,e.setAttribute(\"data-secret\",t)),e.contentWindow.postMessage({message:\"ready\",secret:t},\"*\")},!1)))}(window,document);\n\/\/# sourceURL=http:\/\/denizcankizil.tr\/wp-includes\/js\/wp-embed.min.js\n<\/script>","description":"Adalet Bakan\u0131 Y\u0131lmaz Tun\u00e7, \u2018Hukuk Mahkemelerinin Etkinli\u011finin Art\u0131r\u0131lmas\u0131 \u00c7al\u0131\u015ftay\u0131\u2019nda yarg\u0131 mensuplar\u0131, avukatlar, noterler, akademisyenler ve STK temsilcileriyle bir araya geldi. Hukuk Muhakemeleri Kanunu\u2019nun uygulamalar\u0131 de\u011ferlendirilirken, \u00e7al\u0131\u015ftay\u0131n mevzuat \u00e7al\u0131\u015fmalar\u0131na katk\u0131 sunaca\u011f\u0131 belirtildi.ANKARA (\u0130GFA) &#8211; Adalet Bakan\u0131 Y\u0131lmaz Tun\u00e7, \u2018Hukuk Mahkemelerinin Etkinli\u011finin Art\u0131r\u0131lmas\u0131 \u00c7al\u0131\u015ftay\u0131\u2019nda hukuk camias\u0131yla bulu\u015ftu. \u00c7al\u0131\u015ftayda, Hukuk Muhakemeleri Kanunu\u2019nun y\u00fcr\u00fcrl\u00fc\u011fe girdi\u011fi 2011\u2019den bu yana yap\u0131lan yenilikler ve kanunun uygulamadaki etkileri masaya yat\u0131r\u0131ld\u0131. #Canl\u0131 Yay\u0131n | \u2018Hukuk Mahkemelerinin Etkinli\u011finin Art\u0131r\u0131lmas\u0131 \u00c7al\u0131\u015ftay\u0131\u2019nday\u0131z. https:\/\/t.co\/7CeiFRIXwi\u2014 Y\u0131lmaz TUN\u00c7 (@yilmaztunc) May 15, 2025 Bakan Tun\u00e7, yarg\u0131 mensuplar\u0131, avukatlar, noterler, akademisyenler ve sivil toplum kurulu\u015fu temsilcilerinin kat\u0131ld\u0131\u011f\u0131 \u00e7al\u0131\u015ftay\u0131n, gelece\u011fe y\u00f6nelik ortak bir vizyon olu\u015fturaca\u011f\u0131n\u0131 vurgularken, \u201c\u00c7al\u0131\u015ftaydan \u00e7\u0131kacak g\u00f6r\u00fc\u015f ve \u00f6neriler, mevzuat ve uygulamaya y\u00f6nelik \u00e7al\u0131\u015fmalar\u0131m\u0131za \u00f6nemli katk\u0131lar sunacak. Eme\u011fi ge\u00e7en herkese te\u015fekk\u00fcr ediyorum\u201d dedi. \u200bAdalet Bakan\u0131 Y\u0131lmaz Tun\u00e7, \u2018Hukuk Mahkemelerinin Etkinli\u011finin Art\u0131r\u0131lmas\u0131 \u00c7al\u0131\u015ftay\u0131\u2019nda yarg\u0131 mensuplar\u0131, avukatlar, noterler, akademisyenler ve STK temsilcileriyle bir araya geldi. Hukuk Muhakemeleri Kanunu\u2019nun uygulamalar\u0131 de\u011ferlendirilirken, \u00e7al\u0131\u015ftay\u0131n mevzuat \u00e7al\u0131\u015fmalar\u0131na katk\u0131 sunaca\u011f\u0131 belirtildi.ANKARA (\u0130GFA) &#8211; Adalet Bakan\u0131 Y\u0131lmaz Tun\u00e7, \u2018Hukuk Mahkemelerinin Etkinli\u011finin Art\u0131r\u0131lmas\u0131 \u00c7al\u0131\u015ftay\u0131\u2019nda hukuk camias\u0131yla bulu\u015ftu. \u00c7al\u0131\u015ftayda, Hukuk Muhakemeleri Kanunu\u2019nun y\u00fcr\u00fcrl\u00fc\u011fe girdi\u011fi 2011\u2019den bu yana yap\u0131lan yenilikler ve kanunun uygulamadaki etkileri masaya yat\u0131r\u0131ld\u0131. #Canl\u0131 Yay\u0131n | \u2018Hukuk Mahkemelerinin Etkinli\u011finin Art\u0131r\u0131lmas\u0131 \u00c7al\u0131\u015ftay\u0131\u2019nday\u0131z. https:\/\/t.co\/7CeiFRIXwi\u2014 Y\u0131lmaz TUN\u00c7 (@yilmaztunc) May 15, 2025 Bakan Tun\u00e7, yarg\u0131 mensuplar\u0131, avukatlar, noterler, &hellip;"}