{"version":"1.0","provider_name":"Av. Deniz Can K\u0131z\u0131l","provider_url":"http:\/\/denizcankizil.tr\/en","author_name":"admin","author_url":"http:\/\/denizcankizil.tr\/en\/author\/admin\/","title":"Av sezonu kapan\u0131yor!","type":"rich","width":600,"height":338,"html":"<blockquote class=\"wp-embedded-content\" data-secret=\"Wg12CSinF6\"><a href=\"http:\/\/denizcankizil.tr\/en\/haberler\/gundem\/av-sezonu-kapaniyor\/\">Av sezonu kapan\u0131yor!<\/a><\/blockquote><iframe sandbox=\"allow-scripts\" security=\"restricted\" src=\"http:\/\/denizcankizil.tr\/en\/haberler\/gundem\/av-sezonu-kapaniyor\/embed\/#?secret=Wg12CSinF6\" width=\"600\" height=\"338\" title=\"&#8220;Av sezonu kapan\u0131yor!&#8221; &#8212; Av. Deniz Can K\u0131z\u0131l\" data-secret=\"Wg12CSinF6\" frameborder=\"0\" marginwidth=\"0\" marginheight=\"0\" scrolling=\"no\" class=\"wp-embedded-content\"><\/iframe><script>\n\/*! This file is auto-generated *\/\n!function(d,l){\"use strict\";l.querySelector&&d.addEventListener&&\"undefined\"!=typeof URL&&(d.wp=d.wp||{},d.wp.receiveEmbedMessage||(d.wp.receiveEmbedMessage=function(e){var t=e.data;if((t||t.secret||t.message||t.value)&&!\/[^a-zA-Z0-9]\/.test(t.secret)){for(var s,r,n,a=l.querySelectorAll('iframe[data-secret=\"'+t.secret+'\"]'),o=l.querySelectorAll('blockquote[data-secret=\"'+t.secret+'\"]'),c=new RegExp(\"^https?:$\",\"i\"),i=0;i<o.length;i++)o[i].style.display=\"none\";for(i=0;i<a.length;i++)s=a[i],e.source===s.contentWindow&&(s.removeAttribute(\"style\"),\"height\"===t.message?(1e3<(r=parseInt(t.value,10))?r=1e3:~~r<200&&(r=200),s.height=r):\"link\"===t.message&&(r=new URL(s.getAttribute(\"src\")),n=new URL(t.value),c.test(n.protocol))&&n.host===r.host&&l.activeElement===s&&(d.top.location.href=t.value))}},d.addEventListener(\"message\",d.wp.receiveEmbedMessage,!1),l.addEventListener(\"DOMContentLoaded\",function(){for(var e,t,s=l.querySelectorAll(\"iframe.wp-embedded-content\"),r=0;r<s.length;r++)(t=(e=s[r]).getAttribute(\"data-secret\"))||(t=Math.random().toString(36).substring(2,12),e.src+=\"#?secret=\"+t,e.setAttribute(\"data-secret\",t)),e.contentWindow.postMessage({message:\"ready\",secret:t},\"*\")},!1)))}(window,document);\n\/\/# sourceURL=http:\/\/denizcankizil.tr\/wp-includes\/js\/wp-embed.min.js\n<\/script>","description":"2024-2025 Av D\u00f6nemi Merkez Av Komisyonu Karar\u0131 uyar\u0131nca \u00fclke genelinde av sezonu 2 Mart 2025 tarihi itibariyle A\u011fustos ay\u0131na kadar kapan\u0131yor.ANKARA (\u0130GFA) &#8211; Tar\u0131m ve Orman Bakanl\u0131\u011f\u0131 b\u00fcnyesindeki Do\u011fa Koruma ve Milli Parklar Genel M\u00fcd\u00fcrl\u00fc\u011f\u00fc, 2 Mart 2025 tarihi itibariyle av ve yaban hayvanlar\u0131n\u0131n \u00fcreme d\u00f6neminin ba\u015flad\u0131\u011f\u0131ndan, av\u0131n a\u00e7\u0131laca\u011f\u0131 A\u011fustos ay\u0131na kadar olan d\u00f6nemde \u00fclke genelinde avlama faaliyetinin sona erdirilece\u011fini duyurdu. Bakanl\u0131ktan yap\u0131lan a\u00e7\u0131klamada, 2024-2025 Av D\u00f6nemi Merkez Av Komisyonu Karar\u0131 payla\u015f\u0131ld\u0131. Buna g\u00f6re, av ve yaban hayvanlar\u0131n\u0131n e\u015f tutma, \u00fcreme, yavru b\u00fcy\u00fctme ve erginle\u015fme evrelerini i\u00e7ine alan bu d\u00f6nemde toplumun t\u00fcm kesimlerinin tabii ortamlara \u00e7\u0131karken daha hassas hareket etmesi ve av ve yaban hayvanlar\u0131n\u0131n yavru ve yumurtalar\u0131n\u0131n toplanmamas\u0131; 4915 say\u0131l\u0131 Kara Avc\u0131l\u0131\u011f\u0131 Kanunu ve Merkez Av Komisyonu karar\u0131nda yasaklanan bu fiilleri i\u015fleyenler hakk\u0131nda idari para cezas\u0131 verilece\u011fi ayr\u0131ca av hayvan\u0131 t\u00fcr\u00fcne g\u00f6re de\u011fi\u015fen tazminat bedelleri talep edilece\u011fi kaydedildi. Merkez Av Komisyonu May\u0131s ay\u0131 i\u00e7erisinde toplanarak 2025-2026 av d\u00f6nemini kapsayacak karar\u0131 alaca\u011f\u0131 duyurulurken, kararda av d\u00f6neminde uygulanacak avlanma usul ve esaslar\u0131ile av hayvan\u0131 t\u00fcrlerine g\u00f6re av\u0131n a\u00e7\u0131laca\u011f\u0131 tarihlerin de yeniden belirlenece\u011fi bidirildi. \u200b2024-2025 Av D\u00f6nemi Merkez Av Komisyonu Karar\u0131 uyar\u0131nca \u00fclke genelinde av sezonu 2 Mart 2025 tarihi itibariyle A\u011fustos ay\u0131na kadar kapan\u0131yor.ANKARA (\u0130GFA) &#8211; Tar\u0131m ve Orman Bakanl\u0131\u011f\u0131 b\u00fcnyesindeki &hellip;"}