{"version":"1.0","provider_name":"Av. Deniz Can K\u0131z\u0131l","provider_url":"http:\/\/denizcankizil.tr\/en","author_name":"Antalya K\u00f6rfez","author_url":"http:\/\/denizcankizil.tr\/en\/author\/www-antalyakorfez-com\/","title":"Antalya'da kald\u0131r\u0131mlar i\u015fgal alt\u0131nda","type":"rich","width":600,"height":338,"html":"<blockquote class=\"wp-embedded-content\" data-secret=\"CFIRxRgopa\"><a href=\"http:\/\/denizcankizil.tr\/en\/haberler\/gundem\/antalyada-kaldirimlar-isgal-altinda\/\">Antalya&#8217;da kald\u0131r\u0131mlar i\u015fgal alt\u0131nda<\/a><\/blockquote><iframe sandbox=\"allow-scripts\" security=\"restricted\" src=\"http:\/\/denizcankizil.tr\/en\/haberler\/gundem\/antalyada-kaldirimlar-isgal-altinda\/embed\/#?secret=CFIRxRgopa\" width=\"600\" height=\"338\" title=\"&#8220;Antalya&#8217;da kald\u0131r\u0131mlar i\u015fgal alt\u0131nda&#8221; &#8212; Av. Deniz Can K\u0131z\u0131l\" data-secret=\"CFIRxRgopa\" frameborder=\"0\" marginwidth=\"0\" marginheight=\"0\" scrolling=\"no\" class=\"wp-embedded-content\"><\/iframe><script>\n\/*! This file is auto-generated *\/\n!function(d,l){\"use strict\";l.querySelector&&d.addEventListener&&\"undefined\"!=typeof URL&&(d.wp=d.wp||{},d.wp.receiveEmbedMessage||(d.wp.receiveEmbedMessage=function(e){var t=e.data;if((t||t.secret||t.message||t.value)&&!\/[^a-zA-Z0-9]\/.test(t.secret)){for(var s,r,n,a=l.querySelectorAll('iframe[data-secret=\"'+t.secret+'\"]'),o=l.querySelectorAll('blockquote[data-secret=\"'+t.secret+'\"]'),c=new RegExp(\"^https?:$\",\"i\"),i=0;i<o.length;i++)o[i].style.display=\"none\";for(i=0;i<a.length;i++)s=a[i],e.source===s.contentWindow&&(s.removeAttribute(\"style\"),\"height\"===t.message?(1e3<(r=parseInt(t.value,10))?r=1e3:~~r<200&&(r=200),s.height=r):\"link\"===t.message&&(r=new URL(s.getAttribute(\"src\")),n=new URL(t.value),c.test(n.protocol))&&n.host===r.host&&l.activeElement===s&&(d.top.location.href=t.value))}},d.addEventListener(\"message\",d.wp.receiveEmbedMessage,!1),l.addEventListener(\"DOMContentLoaded\",function(){for(var e,t,s=l.querySelectorAll(\"iframe.wp-embedded-content\"),r=0;r<s.length;r++)(t=(e=s[r]).getAttribute(\"data-secret\"))||(t=Math.random().toString(36).substring(2,12),e.src+=\"#?secret=\"+t,e.setAttribute(\"data-secret\",t)),e.contentWindow.postMessage({message:\"ready\",secret:t},\"*\")},!1)))}(window,document);\n\/\/# sourceURL=http:\/\/denizcankizil.tr\/wp-includes\/js\/wp-embed.min.js\n<\/script>","description":"Antalya\u2019n\u0131n i\u015flek caddelerinde bulunan restoran ve lokantalar\u0131n yayalar\u0131n ge\u00e7i\u015fin engelleyecek \u015fekilde masa ve sandalye bulundurmas\u0131 tepkilere yol a\u00e7t\u0131. Muratpa\u015fa \u0130l\u00e7esi \u0130smetpa\u015fa caddesinde bulunan bir lokantan\u0131n d\u0131\u015f b\u00f6l\u00fcmde kulland\u0131\u011f\u0131 masa sandalye say\u0131s\u0131 dikkatlerden ka\u00e7mad\u0131. \u0130\u015fletme sahibinin i\u015fgaliye bedeli \u00f6deyip \u00f6demedi\u011fi bilinmezken belediyelerin y\u00f6netmeliklerinde \u2018i\u015fyeri \u00f6nlerine i\u015fyeri cephesini ta\u015fmayacak ve yaya ge\u00e7i\u015fini engellemeyecek \u015fekilde ve say\u0131da tabela, masa, sandalye vs. konulmas\u0131na izin verilebilece\u011fi biliniyor. CEZA UYGULANACAK MI? Antalya K\u00f6rfez Gazetesi muhabiri Murat \u015eent\u00fcrk&#8217;\u00fcn haberine g\u00f6re; i\u015fletmelerin kald\u0131r\u0131m \u00fczerine ta\u015fan alanlar\u0131 kullanabilmesi i\u00e7in, genellikle belediyelerden al\u0131nacak bir izin gerekiyor. T\u00fcrkiye&#8217;de her belediyenin, kald\u0131r\u0131m kullan\u0131m\u0131 ile ilgili ayr\u0131 y\u00f6netmelikleri bulunuyor. Bu y\u00f6netmelikler, i\u015fletmelerin kald\u0131r\u0131mda hangi t\u00fcr faaliyetlerde bulunabilece\u011fini, hangi alan\u0131n kullan\u0131laca\u011f\u0131n\u0131 ve ne \u015fekilde kullan\u0131m yap\u0131lmas\u0131 gerekti\u011fini belirliyor. B\u00fcy\u00fck\u015fehir Belediyesi zab\u0131ta ekipleri ana arterler ve caddelerdeki i\u015fletmeleri denetliyor. \u0130l\u00e7e belediyeleri ise di\u011fer b\u00f6lgelerdeki i\u015fletmeler ve kald\u0131r\u0131mlardaki i\u015fgallerden sorumlu bulunuyor. \u200bTurizm sezonunun hareketlenmesiyle birlikte Antalya\u2019n\u0131n kent merkezindeki esnaf, daha fazla m\u00fc\u015fteri \u00e7ekebilmek i\u00e7in yayalar\u0131n ge\u00e7i\u015fini engelleyecek \u015fekilde kald\u0131r\u0131mlar\u0131 i\u015fgal etmeye ba\u015flad\u0131.\u00a0 \u200bHaberin Al\u0131nt\u0131land\u0131\u011f\u0131 Kaynak: www.antalyakorfez.com"}