{"version":"1.0","provider_name":"Av. Deniz Can K\u0131z\u0131l","provider_url":"http:\/\/denizcankizil.tr\/en","author_name":"admin","author_url":"http:\/\/denizcankizil.tr\/en\/author\/admin\/","title":"Antalya'da Dan\u0131\u015fma Kurulu toplant\u0131s\u0131 ger\u00e7ekle\u015ftirildi","type":"rich","width":600,"height":338,"html":"<blockquote class=\"wp-embedded-content\" data-secret=\"mcw1PPARKH\"><a href=\"http:\/\/denizcankizil.tr\/en\/haberler\/gundem\/antalyada-danisma-kurulu-toplantisi-gerceklestirildi\/\">Antalya&#8217;da Dan\u0131\u015fma Kurulu toplant\u0131s\u0131 ger\u00e7ekle\u015ftirildi<\/a><\/blockquote><iframe sandbox=\"allow-scripts\" security=\"restricted\" src=\"http:\/\/denizcankizil.tr\/en\/haberler\/gundem\/antalyada-danisma-kurulu-toplantisi-gerceklestirildi\/embed\/#?secret=mcw1PPARKH\" width=\"600\" height=\"338\" title=\"&#8220;Antalya&#8217;da Dan\u0131\u015fma Kurulu toplant\u0131s\u0131 ger\u00e7ekle\u015ftirildi&#8221; &#8212; Av. Deniz Can K\u0131z\u0131l\" data-secret=\"mcw1PPARKH\" frameborder=\"0\" marginwidth=\"0\" marginheight=\"0\" scrolling=\"no\" class=\"wp-embedded-content\"><\/iframe><script>\n\/*! This file is auto-generated *\/\n!function(d,l){\"use strict\";l.querySelector&&d.addEventListener&&\"undefined\"!=typeof URL&&(d.wp=d.wp||{},d.wp.receiveEmbedMessage||(d.wp.receiveEmbedMessage=function(e){var t=e.data;if((t||t.secret||t.message||t.value)&&!\/[^a-zA-Z0-9]\/.test(t.secret)){for(var s,r,n,a=l.querySelectorAll('iframe[data-secret=\"'+t.secret+'\"]'),o=l.querySelectorAll('blockquote[data-secret=\"'+t.secret+'\"]'),c=new RegExp(\"^https?:$\",\"i\"),i=0;i<o.length;i++)o[i].style.display=\"none\";for(i=0;i<a.length;i++)s=a[i],e.source===s.contentWindow&&(s.removeAttribute(\"style\"),\"height\"===t.message?(1e3<(r=parseInt(t.value,10))?r=1e3:~~r<200&&(r=200),s.height=r):\"link\"===t.message&&(r=new URL(s.getAttribute(\"src\")),n=new URL(t.value),c.test(n.protocol))&&n.host===r.host&&l.activeElement===s&&(d.top.location.href=t.value))}},d.addEventListener(\"message\",d.wp.receiveEmbedMessage,!1),l.addEventListener(\"DOMContentLoaded\",function(){for(var e,t,s=l.querySelectorAll(\"iframe.wp-embedded-content\"),r=0;r<s.length;r++)(t=(e=s[r]).getAttribute(\"data-secret\"))||(t=Math.random().toString(36).substring(2,12),e.src+=\"#?secret=\"+t,e.setAttribute(\"data-secret\",t)),e.contentWindow.postMessage({message:\"ready\",secret:t},\"*\")},!1)))}(window,document);\n\/\/# sourceURL=http:\/\/denizcankizil.tr\/wp-includes\/js\/wp-embed.min.js\n<\/script>","description":"Antalya B\u00fcy\u00fck\u015fehir Belediyesi taraf\u0131ndan 9-11 May\u0131s tarihleri aras\u0131ndan bu y\u0131l 4.\u2019s\u00fc d\u00fczenlenecek olan Uluslararas\u0131 Gastronomi Festivali FoodFest Antalya \u00f6ncesi dan\u0131\u015fma kurulu toplant\u0131s\u0131 yap\u0131ld\u0131.ANTALYA (\u0130GFA) &#8211;\u00a09-11 May\u0131s tarihleri aras\u0131nda bu y\u0131l 4.\u2019s\u00fc d\u00fczenlenecek olan Uluslararas\u0131 Gastronomi Festivali FoodFest Antalya i\u00e7in haz\u0131rl\u0131klar s\u00fcr\u00fcyor. Antalya B\u00fcy\u00fck\u015fehir Belediye Ba\u015fkan\u0131 Muhittin B\u00f6cek, ba\u015fkanl\u0131\u011f\u0131nda ger\u00e7ekle\u015fen Dan\u0131\u015fma Kurulu Toplant\u0131s\u0131nda, festival organizat\u00f6r\u00fc G\u00f6kmen S\u00f6zen, B\u00fcy\u00fck\u015fehir Belediyesi Genel Sekreteri ve Festival \u0130dari Direkt\u00f6r\u00fc Cansel Tuncer ile Dan\u0131\u015fma Kurulunda yer alan kurum, kurulu\u015f y\u00f6neticileri ile STK ve sekt\u00f6r temsilcileri haz\u0131rl\u0131klar\u0131 ele al\u0131nd\u0131. YO\u011eUN B\u0130R PROGRAM OLACAK 9-11 May\u0131s 2025 tarihleri\u00a0aras\u0131nda Karaalio\u011flu Park\u0131\u2019nda d\u00fczenlenecek olan\u00a0Fast Food Antalya, her y\u0131l oldu\u011fu gibi bu y\u0131l da d\u00fcnya \u00e7ap\u0131nda tan\u0131nan y\u0131ld\u0131z \u015fefleri\u00a0Antalya\u2019da a\u011f\u0131rlayacak.\u00a04.\u00a0Uluslararas\u0131 Gastronomi Festivali\u00a0kapsam\u0131nda s\u00f6yle\u015filer, paneller, work shoplar ger\u00e7ekle\u015ftirilecek. Ba\u015fkan Muhittin B\u00f6cek, festivalin her ge\u00e7en y\u0131l daha da geli\u015fti\u011fini belirterek, \u201cBu y\u0131l da Antalya\u2019m\u0131z\u0131n tarladan sofraya zengin gastronomi k\u00fclt\u00fcr\u00fcn\u00fc ve \u00fcr\u00fcn \u00e7e\u015fitlili\u011fini tan\u0131tmak i\u00e7in zengin bir program i\u00e7eri\u011fi haz\u0131rlad\u0131k\u201d dedi. \u200bAntalya B\u00fcy\u00fck\u015fehir Belediyesi taraf\u0131ndan 9-11 May\u0131s tarihleri aras\u0131ndan bu y\u0131l 4.\u2019s\u00fc d\u00fczenlenecek olan Uluslararas\u0131 Gastronomi Festivali FoodFest Antalya \u00f6ncesi dan\u0131\u015fma kurulu toplant\u0131s\u0131 yap\u0131ld\u0131.ANTALYA (\u0130GFA) &#8211;\u00a09-11 May\u0131s tarihleri aras\u0131nda bu y\u0131l 4.\u2019s\u00fc d\u00fczenlenecek olan Uluslararas\u0131 Gastronomi Festivali FoodFest Antalya i\u00e7in haz\u0131rl\u0131klar s\u00fcr\u00fcyor. Antalya B\u00fcy\u00fck\u015fehir Belediye Ba\u015fkan\u0131 Muhittin B\u00f6cek, ba\u015fkanl\u0131\u011f\u0131nda ger\u00e7ekle\u015fen Dan\u0131\u015fma Kurulu Toplant\u0131s\u0131nda, festival &hellip;"}