{"version":"1.0","provider_name":"Av. Deniz Can K\u0131z\u0131l","provider_url":"http:\/\/denizcankizil.tr\/en","author_name":"Av. Deniz Can K\u0131z\u0131l","author_url":"http:\/\/denizcankizil.tr\/en","title":"Antalya Valisi \u015eahin: Antalya daha ilerilere ta\u015f\u0131nacak","type":"rich","width":600,"height":338,"html":"<blockquote class=\"wp-embedded-content\" data-secret=\"lyUvsU6heT\"><a href=\"http:\/\/denizcankizil.tr\/en\/haberler\/gundem\/antalya-valisi-sahin-antalya-daha-ilerilere-tasinacak\/\">Antalya Valisi \u015eahin: Antalya daha ilerilere ta\u015f\u0131nacak<\/a><\/blockquote><iframe sandbox=\"allow-scripts\" security=\"restricted\" src=\"http:\/\/denizcankizil.tr\/en\/haberler\/gundem\/antalya-valisi-sahin-antalya-daha-ilerilere-tasinacak\/embed\/#?secret=lyUvsU6heT\" width=\"600\" height=\"338\" title=\"&#8220;Antalya Valisi \u015eahin: Antalya daha ilerilere ta\u015f\u0131nacak&#8221; &#8212; Av. Deniz Can K\u0131z\u0131l\" data-secret=\"lyUvsU6heT\" frameborder=\"0\" marginwidth=\"0\" marginheight=\"0\" scrolling=\"no\" class=\"wp-embedded-content\"><\/iframe><script>\n\/*! This file is auto-generated *\/\n!function(d,l){\"use strict\";l.querySelector&&d.addEventListener&&\"undefined\"!=typeof URL&&(d.wp=d.wp||{},d.wp.receiveEmbedMessage||(d.wp.receiveEmbedMessage=function(e){var t=e.data;if((t||t.secret||t.message||t.value)&&!\/[^a-zA-Z0-9]\/.test(t.secret)){for(var s,r,n,a=l.querySelectorAll('iframe[data-secret=\"'+t.secret+'\"]'),o=l.querySelectorAll('blockquote[data-secret=\"'+t.secret+'\"]'),c=new RegExp(\"^https?:$\",\"i\"),i=0;i<o.length;i++)o[i].style.display=\"none\";for(i=0;i<a.length;i++)s=a[i],e.source===s.contentWindow&&(s.removeAttribute(\"style\"),\"height\"===t.message?(1e3<(r=parseInt(t.value,10))?r=1e3:~~r<200&&(r=200),s.height=r):\"link\"===t.message&&(r=new URL(s.getAttribute(\"src\")),n=new URL(t.value),c.test(n.protocol))&&n.host===r.host&&l.activeElement===s&&(d.top.location.href=t.value))}},d.addEventListener(\"message\",d.wp.receiveEmbedMessage,!1),l.addEventListener(\"DOMContentLoaded\",function(){for(var e,t,s=l.querySelectorAll(\"iframe.wp-embedded-content\"),r=0;r<s.length;r++)(t=(e=s[r]).getAttribute(\"data-secret\"))||(t=Math.random().toString(36).substring(2,12),e.src+=\"#?secret=\"+t,e.setAttribute(\"data-secret\",t)),e.contentWindow.postMessage({message:\"ready\",secret:t},\"*\")},!1)))}(window,document);\n\/\/# sourceURL=http:\/\/denizcankizil.tr\/wp-includes\/js\/wp-embed.min.js\n<\/script>","description":"Antalya Valisi Hulusi \u015eahin, yeni y\u0131l dolay\u0131s\u0131yla bir mesaj yay\u0131nlad\u0131. \u015eahin, mesaj\u0131nda, ac\u0131s\u0131yla, tatl\u0131s\u0131yla bir y\u0131l\u0131 daha geride b\u0131rakt\u0131klar\u0131n\u0131, yeni umutlar, hedefler ve beklentilerle yeni y\u0131la girmenin heyecan\u0131n\u0131 ya\u015fad\u0131klar\u0131n\u0131 kaydetti. YEN\u0130 REKORLAR TAZELED\u0130K Antalya\u2019y\u0131 daha ileriye ta\u015f\u0131mak i\u00e7in hep birlikte \u00e7al\u0131\u015ft\u0131klar\u0131n\u0131 belirten \u015eahin, &#8220;\u015eehrimizin marka de\u011ferine g\u00fc\u00e7 katarak bir\u00e7ok alanda yeni rekorlar tazeledik. \u015eimdi hep birlikte umutlar\u0131m\u0131z\u0131 tazeledi\u011fimiz ve hayallerimizi yeniden \u015fekillendirece\u011fimiz yeni bir ba\u015flang\u0131ca, 2025 y\u0131l\u0131na merhaba diyoruz&#8221; ifadesini kulland\u0131. E\u011e\u0130T\u0130M \u00d6\u011eRET\u0130M VURGUSU\u00a0 Turizmde marka de\u011ferimizi y\u00fckseltirken tar\u0131m, teknoloji ve t\u00fcm sekt\u00f6rlerde Antalya&#8217;n\u0131n g\u00fc\u00e7l\u00fc potansiyelini, y\u00fcksek hedeflerle birle\u015ftirmeye devam edeceklerini vurgulayan \u015eahin, mesaj\u0131nda \u015funlar\u0131 kaydetti: \u201cAyr\u0131ca k\u00fclt\u00fcr ve sanat etkinlikleriyle, festivallerle Antalya&#8217;n\u0131n renklerini ve de\u011ferlerini t\u00fcm d\u00fcnyaya tan\u0131tmay\u0131 s\u00fcrd\u00fcrece\u011fiz. Hepsinden \u00f6nemlisi en k\u0131ymetli hazinemiz biricik evlatlar\u0131m\u0131za daha iyi bir e\u011fitim \u00f6\u011fretim imkan\u0131 sunmak i\u00e7in yat\u0131r\u0131mlar\u0131m\u0131za ve projelerimize devam edece\u011fiz. Birlikte d\u00fcnyan\u0131n en g\u00fczel \u015fehrine her alanda en g\u00fczeli, en yak\u0131\u015fan\u0131 sunaca\u011f\u0131z.&#8221;\u00a0 \u00a0 \u200bYeni y\u0131l dolay\u0131s\u0131yla bir mesaj yay\u0131nlayan Antalya Valisi Hulusi \u015eahin; tarih, do\u011fa ve k\u00fclt\u00fcr harman\u0131 g\u00fczel Antalya&#8217;n\u0131n, 2025 y\u0131l\u0131nda da daha ileriye ta\u015f\u0131mak i\u00e7in kararl\u0131l\u0131kla \u00e7al\u0131\u015facaklar\u0131n\u0131 vurgulad\u0131\u00a0 \u200bHaberin Al\u0131nt\u0131land\u0131\u011f\u0131 Kaynak: www.antalyakorfez.com"}