{"version":"1.0","provider_name":"Av. Deniz Can K\u0131z\u0131l","provider_url":"http:\/\/denizcankizil.tr\/en","author_name":"Antalya K\u00f6rfez","author_url":"http:\/\/denizcankizil.tr\/en\/author\/www-antalyakorfez-com\/","title":"Antalya Barosu\u2019ndan sert tepki: M\u00fccadelemizi s\u00fcrd\u00fcrece\u011fiz","type":"rich","width":600,"height":338,"html":"<blockquote class=\"wp-embedded-content\" data-secret=\"n3BhsCQngV\"><a href=\"http:\/\/denizcankizil.tr\/en\/haberler\/gundem\/antalya-barosundan-sert-tepki-mucadelemizi-surdurecegiz\/\">Antalya Barosu\u2019ndan sert tepki: M\u00fccadelemizi s\u00fcrd\u00fcrece\u011fiz<\/a><\/blockquote><iframe sandbox=\"allow-scripts\" security=\"restricted\" src=\"http:\/\/denizcankizil.tr\/en\/haberler\/gundem\/antalya-barosundan-sert-tepki-mucadelemizi-surdurecegiz\/embed\/#?secret=n3BhsCQngV\" width=\"600\" height=\"338\" title=\"&#8220;Antalya Barosu\u2019ndan sert tepki: M\u00fccadelemizi s\u00fcrd\u00fcrece\u011fiz&#8221; &#8212; Av. Deniz Can K\u0131z\u0131l\" data-secret=\"n3BhsCQngV\" frameborder=\"0\" marginwidth=\"0\" marginheight=\"0\" scrolling=\"no\" class=\"wp-embedded-content\"><\/iframe><script>\n\/*! This file is auto-generated *\/\n!function(d,l){\"use strict\";l.querySelector&&d.addEventListener&&\"undefined\"!=typeof URL&&(d.wp=d.wp||{},d.wp.receiveEmbedMessage||(d.wp.receiveEmbedMessage=function(e){var t=e.data;if((t||t.secret||t.message||t.value)&&!\/[^a-zA-Z0-9]\/.test(t.secret)){for(var s,r,n,a=l.querySelectorAll('iframe[data-secret=\"'+t.secret+'\"]'),o=l.querySelectorAll('blockquote[data-secret=\"'+t.secret+'\"]'),c=new RegExp(\"^https?:$\",\"i\"),i=0;i<o.length;i++)o[i].style.display=\"none\";for(i=0;i<a.length;i++)s=a[i],e.source===s.contentWindow&&(s.removeAttribute(\"style\"),\"height\"===t.message?(1e3<(r=parseInt(t.value,10))?r=1e3:~~r<200&&(r=200),s.height=r):\"link\"===t.message&&(r=new URL(s.getAttribute(\"src\")),n=new URL(t.value),c.test(n.protocol))&&n.host===r.host&&l.activeElement===s&&(d.top.location.href=t.value))}},d.addEventListener(\"message\",d.wp.receiveEmbedMessage,!1),l.addEventListener(\"DOMContentLoaded\",function(){for(var e,t,s=l.querySelectorAll(\"iframe.wp-embedded-content\"),r=0;r<s.length;r++)(t=(e=s[r]).getAttribute(\"data-secret\"))||(t=Math.random().toString(36).substring(2,12),e.src+=\"#?secret=\"+t,e.setAttribute(\"data-secret\",t)),e.contentWindow.postMessage({message:\"ready\",secret:t},\"*\")},!1)))}(window,document);\n\/\/# sourceURL=http:\/\/denizcankizil.tr\/wp-includes\/js\/wp-embed.min.js\n<\/script>","description":"\u015eanl\u0131urfa\u2019n\u0131n Suru\u00e7 il\u00e7esinden darp edilen m\u00fcvekkiliyle g\u00f6r\u00fc\u015fmek isteyen avukat Y\u0131lmaz Birden\u2019e, \u00f6zel hareket polislerinin \u015fiddet uygulad\u0131\u011f\u0131 iddia edildi. Silah dip\u00e7i\u011fiyle darp edildi\u011fi belirtilen Birden, ba\u015f\u0131ndan yaraland\u0131. Suru\u00e7 il\u00e7esinden darp edilerek g\u00f6zalt\u0131na al\u0131nan m\u00fcvekkili ile g\u00f6r\u00fc\u015fmek isteyen avukat Y\u0131lmaz Birden\u2019e \u00f6zel harekat polisleri \u015fiddet uygulad\u0131. Ya\u015fanan bu olay\u0131n ard\u0131ndan a\u00e7\u0131klamalarda bulunan Antalya Barosu Ba\u015fkan\u0131 Av. Ali \u00c7a\u011fda\u015f Bozaner, \u201cMesle\u011fini ifa ederken kolluk g\u00f6revlileri taraf\u0131ndan uygulanan \u015fiddet yaln\u0131zca meslekta\u015f\u0131m\u0131za de\u011fil; avukatl\u0131k mesle\u011fine ve savunmaya kar\u015f\u0131 yap\u0131lm\u0131\u015f bir sald\u0131r\u0131d\u0131r\u201d dedi. SU\u00c7 TE\u015eK\u0130L ED\u0130YOR \u201c\u015eanl\u0131urfa Barosuna mensup meslekta\u015f\u0131m\u0131z\u0131n m\u00fcvekkili ile g\u00f6r\u00fc\u015fmek \u00fczere gitti\u011fi Suru\u00e7 B\u00f6lge Trafik M\u00fcd\u00fcrl\u00fc\u011f\u00fcnde, g\u00f6revli kolluk g\u00fc\u00e7leri taraf\u0131ndan \u00f6nce g\u00f6r\u00fc\u015fmesi engellenmi\u015f daha sonra da meslekta\u015f\u0131m\u0131z kolluk taraf\u0131ndan a\u011f\u0131r bir \u015fekilde darp edilmi\u015ftir\u201d \u015feklinde a\u00e7\u0131klamalar\u0131n\u0131 s\u00fcrd\u00fcren Ali \u00c7a\u011fda\u015f Bozaner a\u00e7\u0131klamalar\u0131n\u0131 \u015fu \u015fekilde s\u00fcrd\u00fcrd\u00fc: KABUL ED\u0130LEMEZ \u201cYa\u015fanan bu elim olay her a\u015famas\u0131 ile su\u00e7 te\u015fkil eder niteliktedir. Kolluk g\u00f6revlilerinin Avukatl\u0131k mesle\u011fine ve meslekta\u015f\u0131m\u0131za y\u00f6neltti\u011fi \u015fiddet i\u00e7eren bu eylem, bir hukuk devletinde kabul ve izah\u0131 m\u00fcmk\u00fcn olmayan kolluk \u015fiddeti \u015feklinde kay\u0131tlara ge\u00e7mi\u015ftir. Antalya Barosu olarak bu a\u011f\u0131r sald\u0131r\u0131 kar\u015f\u0131s\u0131nda meslekta\u015f\u0131m\u0131z\u0131n yan\u0131nday\u0131z, failler yarg\u0131 \u00f6n\u00fcnde hesap verene ve bu s\u00fcrekli hale gelen \u015fiddet olaylar\u0131 son bulana kadar m\u00fccadelemizi s\u00fcrd\u00fcrece\u011fiz. Kamuoyunun bilgisine sunar\u0131z.\u201d \u200b\u015eanl\u0131urfa&#8217;n\u0131n Suru\u00e7 il\u00e7esinde, trafik cezas\u0131na itiraz etti\u011fi gerek\u00e7esiyle g\u00f6zalt\u0131na al\u0131nan m\u00fcvekkili F.B. ile &hellip;"}