{"version":"1.0","provider_name":"Av. Deniz Can K\u0131z\u0131l","provider_url":"http:\/\/denizcankizil.tr\/en","author_name":"www.hukukihaber .net","author_url":"http:\/\/denizcankizil.tr\/en\/author\/deniz\/","title":"ANS\u0130AD Ba\u015fkan\u0131 \u00d6zbek: \u201cCumhuriyet, bir demokrasi a\u011fac\u0131d\u0131r\u201d","type":"rich","width":600,"height":338,"html":"<blockquote class=\"wp-embedded-content\" data-secret=\"u8qD27utE0\"><a href=\"http:\/\/denizcankizil.tr\/en\/haberler\/gundem\/ansiad-baskani-ozbek-cumhuriyet-bir-demokrasi-agacidir\/\">ANS\u0130AD Ba\u015fkan\u0131 \u00d6zbek: \u201cCumhuriyet, bir demokrasi a\u011fac\u0131d\u0131r\u201d<\/a><\/blockquote><iframe sandbox=\"allow-scripts\" security=\"restricted\" src=\"http:\/\/denizcankizil.tr\/en\/haberler\/gundem\/ansiad-baskani-ozbek-cumhuriyet-bir-demokrasi-agacidir\/embed\/#?secret=u8qD27utE0\" width=\"600\" height=\"338\" title=\"&#8220;ANS\u0130AD Ba\u015fkan\u0131 \u00d6zbek: \u201cCumhuriyet, bir demokrasi a\u011fac\u0131d\u0131r\u201d&#8221; &#8212; Av. Deniz Can K\u0131z\u0131l\" data-secret=\"u8qD27utE0\" frameborder=\"0\" marginwidth=\"0\" marginheight=\"0\" scrolling=\"no\" class=\"wp-embedded-content\"><\/iframe><script>\n\/*! This file is auto-generated *\/\n!function(d,l){\"use strict\";l.querySelector&&d.addEventListener&&\"undefined\"!=typeof URL&&(d.wp=d.wp||{},d.wp.receiveEmbedMessage||(d.wp.receiveEmbedMessage=function(e){var t=e.data;if((t||t.secret||t.message||t.value)&&!\/[^a-zA-Z0-9]\/.test(t.secret)){for(var s,r,n,a=l.querySelectorAll('iframe[data-secret=\"'+t.secret+'\"]'),o=l.querySelectorAll('blockquote[data-secret=\"'+t.secret+'\"]'),c=new RegExp(\"^https?:$\",\"i\"),i=0;i<o.length;i++)o[i].style.display=\"none\";for(i=0;i<a.length;i++)s=a[i],e.source===s.contentWindow&&(s.removeAttribute(\"style\"),\"height\"===t.message?(1e3<(r=parseInt(t.value,10))?r=1e3:~~r<200&&(r=200),s.height=r):\"link\"===t.message&&(r=new URL(s.getAttribute(\"src\")),n=new URL(t.value),c.test(n.protocol))&&n.host===r.host&&l.activeElement===s&&(d.top.location.href=t.value))}},d.addEventListener(\"message\",d.wp.receiveEmbedMessage,!1),l.addEventListener(\"DOMContentLoaded\",function(){for(var e,t,s=l.querySelectorAll(\"iframe.wp-embedded-content\"),r=0;r<s.length;r++)(t=(e=s[r]).getAttribute(\"data-secret\"))||(t=Math.random().toString(36).substring(2,12),e.src+=\"#?secret=\"+t,e.setAttribute(\"data-secret\",t)),e.contentWindow.postMessage({message:\"ready\",secret:t},\"*\")},!1)))}(window,document);\n\/\/# sourceURL=http:\/\/denizcankizil.tr\/wp-includes\/js\/wp-embed.min.js\n<\/script>","description":"Antalya Sanayici ve \u0130\u015f \u0130nsanlar\u0131 Derne\u011fi (ANS\u0130AD) Y\u00f6netim Kurulu Ba\u015fkan\u0131 Ercan \u00d6zbek, 29 Ekim Cumhuriyet Bayram\u0131 dolay\u0131s\u0131yla bir mesaj yay\u0131nlad\u0131. Cumhuriyet i\u00e7in gerekli ilkelere \u0131\u015f\u0131k tutan \u00d6zbek, \u201cbar\u0131\u015f\u201d ve \u201chuzur ortam\u0131\u201d temas\u0131na vurgu yapt\u0131. \u201cCESUR ADIMIN YIL D\u00d6N\u00dcM\u00dcD\u00dcR\u201d Cumhuriyet\u2019in sadece bir y\u00f6netim \u015fekli de\u011fil, ayn\u0131 zamanda halk\u0131n ba\u011f\u0131ms\u0131zl\u0131k, e\u015fitlik ve adalet aray\u0131\u015f\u0131n\u0131n en \u00f6nemli sembol\u00fc oldu\u011funu ifade eden \u00d6zbek, \u201cBug\u00fcn, ulusumuzun ba\u011f\u0131ms\u0131zl\u0131k m\u00fccadelesinin ta\u00e7land\u0131\u011f\u0131 ve \u00e7a\u011fda\u015f bir devlet olma yolunda att\u0131\u011f\u0131 cesur ad\u0131m\u0131n y\u0131l d\u00f6n\u00fcm\u00fcd\u00fcr. T\u00fcrkiye Cumhuriyeti\u2019nin kurulu\u015funun 101. y\u0131l d\u00f6n\u00fcm\u00fcnde, ulusumuzun ba\u011f\u0131ms\u0131zl\u0131k ve \u00f6zg\u00fcrl\u00fck m\u00fccadelesinde g\u00f6sterdi\u011fi kararl\u0131l\u0131\u011f\u0131 ve azmi bir kez daha an\u0131yoruz\u201d ifadelerine yer verdi. \u201cGURUR VER\u0130C\u0130 B\u0130R SORUMLULUK\u201d Emanet edilen miras\u0131n a\u011f\u0131rl\u0131\u011f\u0131n\u0131n fark\u0131nda, gururunun bilincinde olmak gerekti\u011fini kaydeden \u00d6zbek, \u015f\u00f6yle devam etti; \u201cCumhuriyet, her \u015feyden \u00f6nce bar\u0131\u015f ve huzur ortam\u0131nda filizlenen bir demokrasi a\u011fac\u0131d\u0131r. Ge\u00e7mi\u015fe ve gelece\u011fe kar\u015f\u0131 ta\u015f\u0131d\u0131\u011f\u0131m\u0131z sorumluluk a\u011f\u0131r; ancak bu sorumluluk, bir o kadar da gurur vericidir. Bu bilin\u00e7le, her g\u00fcn bir ad\u0131m daha ileri gitmek i\u00e7in neler yapabilece\u011fimizi d\u00fc\u015f\u00fcnmeli, emanet ald\u0131\u011f\u0131m\u0131z miras\u0131 daha iyi ko\u015fullar alt\u0131nda gelecek nesillere aktarman\u0131n yollar\u0131n\u0131 aramal\u0131y\u0131z.\u201d \u201cNE MUTLU T\u00dcRK\u00dcM D\u0130YENE\u201d \u00d6zbek, mesaj\u0131n\u0131n devam\u0131nda \u015funlar\u0131 belirtti: \u201cT\u00fcrkiye\u2019nin d\u00f6rt bir yan\u0131nda Cumhuriyetimizin kazan\u0131mlar\u0131n\u0131 kutlarken, bizlere \u00e7a\u011fda\u015f uygarl\u0131k hedefimize y\u00f6nelik bir devlet ve toplum yap\u0131s\u0131n\u0131n temelini olu\u015fturan Gazi Mustafa Kemal Atat\u00fcrk &hellip;"}