{"version":"1.0","provider_name":"Av. Deniz Can K\u0131z\u0131l","provider_url":"http:\/\/denizcankizil.tr\/en","author_name":"Av. Deniz Can K\u0131z\u0131l","author_url":"http:\/\/denizcankizil.tr\/en","title":"Alia\u011fal\u0131 Minik \u00d6\u011frenciler \u015eakran\u2019da Zeytin Hasad\u0131 Yapt\u0131","type":"rich","width":600,"height":338,"html":"<blockquote class=\"wp-embedded-content\" data-secret=\"B3XlMJJeXM\"><a href=\"http:\/\/denizcankizil.tr\/en\/haberler\/gundem\/aliagali-minik-ogrenciler-sakranda-zeytin-hasadi-yapti\/\">Alia\u011fal\u0131 Minik \u00d6\u011frenciler \u015eakran\u2019da Zeytin Hasad\u0131 Yapt\u0131<\/a><\/blockquote><iframe sandbox=\"allow-scripts\" security=\"restricted\" src=\"http:\/\/denizcankizil.tr\/en\/haberler\/gundem\/aliagali-minik-ogrenciler-sakranda-zeytin-hasadi-yapti\/embed\/#?secret=B3XlMJJeXM\" width=\"600\" height=\"338\" title=\"&#8220;Alia\u011fal\u0131 Minik \u00d6\u011frenciler \u015eakran\u2019da Zeytin Hasad\u0131 Yapt\u0131&#8221; &#8212; Av. Deniz Can K\u0131z\u0131l\" data-secret=\"B3XlMJJeXM\" frameborder=\"0\" marginwidth=\"0\" marginheight=\"0\" scrolling=\"no\" class=\"wp-embedded-content\"><\/iframe><script>\n\/*! This file is auto-generated *\/\n!function(d,l){\"use strict\";l.querySelector&&d.addEventListener&&\"undefined\"!=typeof URL&&(d.wp=d.wp||{},d.wp.receiveEmbedMessage||(d.wp.receiveEmbedMessage=function(e){var t=e.data;if((t||t.secret||t.message||t.value)&&!\/[^a-zA-Z0-9]\/.test(t.secret)){for(var s,r,n,a=l.querySelectorAll('iframe[data-secret=\"'+t.secret+'\"]'),o=l.querySelectorAll('blockquote[data-secret=\"'+t.secret+'\"]'),c=new RegExp(\"^https?:$\",\"i\"),i=0;i<o.length;i++)o[i].style.display=\"none\";for(i=0;i<a.length;i++)s=a[i],e.source===s.contentWindow&&(s.removeAttribute(\"style\"),\"height\"===t.message?(1e3<(r=parseInt(t.value,10))?r=1e3:~~r<200&&(r=200),s.height=r):\"link\"===t.message&&(r=new URL(s.getAttribute(\"src\")),n=new URL(t.value),c.test(n.protocol))&&n.host===r.host&&l.activeElement===s&&(d.top.location.href=t.value))}},d.addEventListener(\"message\",d.wp.receiveEmbedMessage,!1),l.addEventListener(\"DOMContentLoaded\",function(){for(var e,t,s=l.querySelectorAll(\"iframe.wp-embedded-content\"),r=0;r<s.length;r++)(t=(e=s[r]).getAttribute(\"data-secret\"))||(t=Math.random().toString(36).substring(2,12),e.src+=\"#?secret=\"+t,e.setAttribute(\"data-secret\",t)),e.contentWindow.postMessage({message:\"ready\",secret:t},\"*\")},!1)))}(window,document);\n\/\/# sourceURL=http:\/\/denizcankizil.tr\/wp-includes\/js\/wp-embed.min.js\n<\/script>","description":"Alia\u011fa\u2019da zeytin hasat sezonunun ba\u015flamas\u0131yla birlikte zeytinin dal\u0131ndan sofraya yolculu\u011fu da ba\u015flad\u0131. Sezonun ba\u015flamas\u0131n\u0131 f\u0131rsat bilen Alia\u011fal\u0131 minik \u00f6\u011frenciler, zeytinya\u011f\u0131 ile me\u015fhur \u015eakran\u2019da zeytin hasad\u0131 yap\u0131p, zeytinin ya\u011fa d\u00f6n\u00fc\u015fme ser\u00fcvenine tan\u0131kl\u0131k ettiler. \u200bAlia\u011fa\u2019da zeytin hasat sezonunun ba\u015flamas\u0131yla birlikte zeytinin dal\u0131ndan sofraya yolculu\u011fu da ba\u015flad\u0131. Sezonun ba\u015flamas\u0131n\u0131 f\u0131rsat bilen Alia\u011fal\u0131 minik \u00f6\u011frenciler, zeytinya\u011f\u0131 ile me\u015fhur \u015eakran\u2019da zeytin hasad\u0131 yap\u0131p, zeytinin ya\u011fa d\u00f6n\u00fc\u015fme ser\u00fcvenine tan\u0131kl\u0131k ettiler.\u00a0 \u200bHaberin Al\u0131nt\u0131land\u0131\u011f\u0131 Kaynak: www.iskenderun.org"}