{"version":"1.0","provider_name":"Av. Deniz Can K\u0131z\u0131l","provider_url":"http:\/\/denizcankizil.tr\/en","author_name":"admin","author_url":"http:\/\/denizcankizil.tr\/en\/author\/admin\/","title":"5 Temmuz Co\u015fkusu felaketler g\u00f6lgesinde kald\u0131\u2026","type":"rich","width":600,"height":338,"html":"<blockquote class=\"wp-embedded-content\" data-secret=\"2ybnxXDyJA\"><a href=\"http:\/\/denizcankizil.tr\/en\/haberler\/gundem\/5-temmuz-coskusu-felaketler-golgesinde-kaldi\/\">5 Temmuz Co\u015fkusu felaketler g\u00f6lgesinde kald\u0131\u2026<\/a><\/blockquote><iframe sandbox=\"allow-scripts\" security=\"restricted\" src=\"http:\/\/denizcankizil.tr\/en\/haberler\/gundem\/5-temmuz-coskusu-felaketler-golgesinde-kaldi\/embed\/#?secret=2ybnxXDyJA\" width=\"600\" height=\"338\" title=\"&#8220;5 Temmuz Co\u015fkusu felaketler g\u00f6lgesinde kald\u0131\u2026&#8221; &#8212; Av. Deniz Can K\u0131z\u0131l\" data-secret=\"2ybnxXDyJA\" frameborder=\"0\" marginwidth=\"0\" marginheight=\"0\" scrolling=\"no\" class=\"wp-embedded-content\"><\/iframe><script>\n\/*! This file is auto-generated *\/\n!function(d,l){\"use strict\";l.querySelector&&d.addEventListener&&\"undefined\"!=typeof URL&&(d.wp=d.wp||{},d.wp.receiveEmbedMessage||(d.wp.receiveEmbedMessage=function(e){var t=e.data;if((t||t.secret||t.message||t.value)&&!\/[^a-zA-Z0-9]\/.test(t.secret)){for(var s,r,n,a=l.querySelectorAll('iframe[data-secret=\"'+t.secret+'\"]'),o=l.querySelectorAll('blockquote[data-secret=\"'+t.secret+'\"]'),c=new RegExp(\"^https?:$\",\"i\"),i=0;i<o.length;i++)o[i].style.display=\"none\";for(i=0;i<a.length;i++)s=a[i],e.source===s.contentWindow&&(s.removeAttribute(\"style\"),\"height\"===t.message?(1e3<(r=parseInt(t.value,10))?r=1e3:~~r<200&&(r=200),s.height=r):\"link\"===t.message&&(r=new URL(s.getAttribute(\"src\")),n=new URL(t.value),c.test(n.protocol))&&n.host===r.host&&l.activeElement===s&&(d.top.location.href=t.value))}},d.addEventListener(\"message\",d.wp.receiveEmbedMessage,!1),l.addEventListener(\"DOMContentLoaded\",function(){for(var e,t,s=l.querySelectorAll(\"iframe.wp-embedded-content\"),r=0;r<s.length;r++)(t=(e=s[r]).getAttribute(\"data-secret\"))||(t=Math.random().toString(36).substring(2,12),e.src+=\"#?secret=\"+t,e.setAttribute(\"data-secret\",t)),e.contentWindow.postMessage({message:\"ready\",secret:t},\"*\")},!1)))}(window,document);\n\/\/# sourceURL=http:\/\/denizcankizil.tr\/wp-includes\/js\/wp-embed.min.js\n<\/script>","description":"\u0130skenderun.org ekibi Misak-i milli s\u0131n\u0131rlar\u0131 d\u0131\u015f\u0131nda 20 y\u0131l esarette kalan 40 as\u0131rl\u0131k T\u00fcrk yurdunun, anavatana kat\u0131l\u0131\u015f\u0131nda \u00e7ok \u00f6nemli bir e\u015fik olan 5 Temmuz, T\u00fcrk Askerinin \u0130skenderun\u2019dan Hatay\u2019a giri\u015fi \u2018gurur g\u00fcn\u00fcn\u00fcn ne ifade etti\u011fini sokaktaki vatanda\u015flara sordu. Gurur g\u00fcn\u00fc 5 Temmuz 1980\u2019lerden sonra uluslararas\u0131 K\u00fclt\u00fcr ve Turizm Festivali organizasyonlar\u0131yla kutland\u0131. Ancak son y\u0131llarda ya\u015fanan ter\u00f6r, pandemi ve do\u011fal afetler uzun y\u0131llar, kentin bu \u00f6nemli g\u00fcn\u00fcn\u00fc i\u015flerli\u011fi ile i\u00e7eri\u011finin s\u00f6n\u00fck ge\u00e7mesine neden oldu. K\u0131sa bir s\u00fcre \u00f6nce T\u00fcrkiye\u2019nin bir\u00e7ok yerinde oldu\u011fu gibi Hatay\u2019da da ya\u015fanan orman yang\u0131nlar\u0131 nedeniyle 87. Y\u0131ld\u00f6n\u00fcm\u00fc de sportif faaliyetlerin d\u0131\u015f\u0131na \u00e7\u0131kar\u0131lamad\u0131. Sokaktaki Vatanda\u015f, ya\u015fanan olumsuzluklara ra\u011fmen 5 Temmuz\u2019un kendileri i\u00e7in tarihi ve manevi \u00f6nem ta\u015f\u0131d\u0131\u011f\u0131n\u0131 vurgulad\u0131. \u0130skenderun\u2019un Kurtulu\u015f G\u00fcn\u00fc olarak bilinen 5 Temmuz\u2019un her y\u0131l \u00e7e\u015fitli etkinliklerle kutland\u0131\u011f\u0131n\u0131 hat\u0131rlatan vatanda\u015flar, bu y\u0131l orman yang\u0131nlar\u0131 nedeniyle resmi kutlamalar\u0131n yap\u0131lamamas\u0131ndan dolay\u0131 \u00fcz\u00fcnt\u00fc duyduklar\u0131n\u0131 s\u00f6yledi. \u201c\u00c7OK \u00d6NEML\u0130 VE ANLAMLI B\u0130R G\u00dcN\u201d G\u00f6r\u00fc\u015flerini dile getiren bir vatanda\u015f, \u201cG\u00fczel bir \u015fey, \u00e7ok mutluyum. \u0130skenderun\u2019un Kurtulu\u015f G\u00fcn\u00fc, bence \u00e7ok \u00f6nemli bir g\u00fcn. Daha \u00f6nce sahilde festivaller yap\u0131l\u0131yordu, askeri y\u00fcr\u00fcy\u00fc\u015fler d\u00fczenleniyordu. \u015eimdi etkinlikler iptal edildi ama bu g\u00fcn bizim i\u00e7in h\u00e2l\u00e2 \u00e7ok k\u0131ymetli\u201d dedi. \u201cYANGINLAR NEDEN\u0130YLE KUTLAYAMIYORUZ\u201d Baz\u0131 vatanda\u015flar ise b\u00f6lgede \u00e7\u0131kan yang\u0131nlara dikkat \u00e7ekerek, \u201cEtkinlikler olacakt\u0131 ama olamad\u0131. \u00c7ok \u00fczg\u00fcn\u00fcz, T\u00fcrkiye\u2019nin bir\u00e7ok yerinde yang\u0131n &hellip;"}