{"version":"1.0","provider_name":"Av. Deniz Can K\u0131z\u0131l","provider_url":"http:\/\/denizcankizil.tr\/en","author_name":"Av. Deniz Can K\u0131z\u0131l","author_url":"http:\/\/denizcankizil.tr\/en","title":"Yerli ve yabanc\u0131 turistler plajlara ak\u0131n etti","type":"rich","width":600,"height":338,"html":"<blockquote class=\"wp-embedded-content\" data-secret=\"hQyhz4Zi0O\"><a href=\"http:\/\/denizcankizil.tr\/en\/haberler\/antalya\/yerli-ve-yabanci-turistler-plajlara-akin-etti\/\">Yerli ve yabanc\u0131 turistler plajlara ak\u0131n etti<\/a><\/blockquote><iframe sandbox=\"allow-scripts\" security=\"restricted\" src=\"http:\/\/denizcankizil.tr\/en\/haberler\/antalya\/yerli-ve-yabanci-turistler-plajlara-akin-etti\/embed\/#?secret=hQyhz4Zi0O\" width=\"600\" height=\"338\" title=\"&#8220;Yerli ve yabanc\u0131 turistler plajlara ak\u0131n etti&#8221; &#8212; Av. Deniz Can K\u0131z\u0131l\" data-secret=\"hQyhz4Zi0O\" frameborder=\"0\" marginwidth=\"0\" marginheight=\"0\" scrolling=\"no\" class=\"wp-embedded-content\"><\/iframe><script>\n\/*! This file is auto-generated *\/\n!function(d,l){\"use strict\";l.querySelector&&d.addEventListener&&\"undefined\"!=typeof URL&&(d.wp=d.wp||{},d.wp.receiveEmbedMessage||(d.wp.receiveEmbedMessage=function(e){var t=e.data;if((t||t.secret||t.message||t.value)&&!\/[^a-zA-Z0-9]\/.test(t.secret)){for(var s,r,n,a=l.querySelectorAll('iframe[data-secret=\"'+t.secret+'\"]'),o=l.querySelectorAll('blockquote[data-secret=\"'+t.secret+'\"]'),c=new RegExp(\"^https?:$\",\"i\"),i=0;i<o.length;i++)o[i].style.display=\"none\";for(i=0;i<a.length;i++)s=a[i],e.source===s.contentWindow&&(s.removeAttribute(\"style\"),\"height\"===t.message?(1e3<(r=parseInt(t.value,10))?r=1e3:~~r<200&&(r=200),s.height=r):\"link\"===t.message&&(r=new URL(s.getAttribute(\"src\")),n=new URL(t.value),c.test(n.protocol))&&n.host===r.host&&l.activeElement===s&&(d.top.location.href=t.value))}},d.addEventListener(\"message\",d.wp.receiveEmbedMessage,!1),l.addEventListener(\"DOMContentLoaded\",function(){for(var e,t,s=l.querySelectorAll(\"iframe.wp-embedded-content\"),r=0;r<s.length;r++)(t=(e=s[r]).getAttribute(\"data-secret\"))||(t=Math.random().toString(36).substring(2,12),e.src+=\"#?secret=\"+t,e.setAttribute(\"data-secret\",t)),e.contentWindow.postMessage({message:\"ready\",secret:t},\"*\")},!1)))}(window,document);\n\/\/# sourceURL=http:\/\/denizcankizil.tr\/wp-includes\/js\/wp-embed.min.js\n<\/script>","thumbnail_url":"http:\/\/denizcankizil.tr\/wp-content\/uploads\/2024\/11\/3351-01-N9dghr.jpeg","thumbnail_width":1280,"thumbnail_height":720,"description":"Ge\u00e7ti\u011fimiz hafta turuncu kodla uyar\u0131lan ve sa\u011fanak ile f\u0131rt\u0131nan\u0131n etkili oldu\u011fu Alanya&#8217;da so\u011fuk havalar geride kal\u0131rken, g\u00fcne\u015fli havay\u0131 f\u0131rsat bilen vatanda\u015flar kendilerini Kleopatra plaj\u0131na att\u0131lar. T\u00fcrkiye&#8217;de sonbahar\u0131n ya\u015fanmas\u0131 ve baz\u0131 \u015fehirlerin k\u0131\u015fa girdi\u011fi Kas\u0131m ay\u0131n\u0131n sonunda Alanya&#8217;da ise yazdan kalma g\u00fcnler ya\u015fan\u0131yor. Bir\u00e7ok \u015fehirde sobalar\u0131n yand\u0131\u011f\u0131, kaloriferlerin \u00e7al\u0131\u015ft\u0131\u011f\u0131 ve k\u0131\u015fl\u0131k k\u0131yafetlerin \u00e7\u0131kt\u0131\u011f\u0131 g\u00fcnlerde Alanya&#8217;da ise yerle\u015fik yabanc\u0131lar, tatilciler ile vatanda\u015flar denize girerek g\u00fcne\u015fleniyor. Baz\u0131 vatanda\u015flar g\u00fcne\u015fli ve temiz havan\u0131n tad\u0131n\u0131 \u00e7\u0131kar\u0131rken, baz\u0131lar\u0131 ise oltalar\u0131n\u0131 denize atarak bal\u0131k tutuyor. 23 dereceyi g\u00f6rd\u00fc Alanya&#8217;da bug\u00fcn hava s\u0131cakl\u0131\u011f\u0131n\u0131n 23 dereceleri g\u00f6rmesi vatanda\u015flar\u0131n g\u00fczel vakit ge\u00e7irmesine neden oldu. \u00d6te yandan havalar\u0131n g\u00fczel ve g\u00fcne\u015fli seyretmesi plajlarda bulunan kafelerin de ekonomisine can verdi. Alanya&#8217;n\u0131n \u00fcnl\u00fc Kleopatra plaj\u0131nda i\u015fletme sahibi olan U\u011fur Uysal \u2018&#8217; Malum havalar \u00e7ok g\u00fczel gidiyor. Bu havalar b\u00f6yle g\u00fczel gitmesi hem yerle\u015fik hem de turist misafirler a\u00e7\u0131s\u0131ndan \u00e7ok g\u00fczel in\u015fallah havalar b\u00f6yle devam eder&#8221; \u015feklinde konu\u015ftu. Kaynak: www.kanalv.com.tr Haber Sitesinden Al\u0131nm\u0131\u015ft\u0131r."}