{"version":"1.0","provider_name":"Av. Deniz Can K\u0131z\u0131l","provider_url":"http:\/\/denizcankizil.tr\/en","author_name":"Av. Deniz Can K\u0131z\u0131l","author_url":"http:\/\/denizcankizil.tr\/en\/author\/denizcankizil\/","title":"Vali \u015eahin, koruyucu ailelerle bir araya geldi","type":"rich","width":600,"height":338,"html":"<blockquote class=\"wp-embedded-content\" data-secret=\"AzQTehPKkV\"><a href=\"http:\/\/denizcankizil.tr\/en\/haberler\/antalya\/vali-sahin-koruyucu-ailelerle-bir-araya-geldi\/\">Vali \u015eahin, koruyucu ailelerle bir araya geldi<\/a><\/blockquote><iframe sandbox=\"allow-scripts\" security=\"restricted\" src=\"http:\/\/denizcankizil.tr\/en\/haberler\/antalya\/vali-sahin-koruyucu-ailelerle-bir-araya-geldi\/embed\/#?secret=AzQTehPKkV\" width=\"600\" height=\"338\" title=\"&#8220;Vali \u015eahin, koruyucu ailelerle bir araya geldi&#8221; &#8212; Av. Deniz Can K\u0131z\u0131l\" data-secret=\"AzQTehPKkV\" frameborder=\"0\" marginwidth=\"0\" marginheight=\"0\" scrolling=\"no\" class=\"wp-embedded-content\"><\/iframe><script>\n\/*! This file is auto-generated *\/\n!function(d,l){\"use strict\";l.querySelector&&d.addEventListener&&\"undefined\"!=typeof URL&&(d.wp=d.wp||{},d.wp.receiveEmbedMessage||(d.wp.receiveEmbedMessage=function(e){var t=e.data;if((t||t.secret||t.message||t.value)&&!\/[^a-zA-Z0-9]\/.test(t.secret)){for(var s,r,n,a=l.querySelectorAll('iframe[data-secret=\"'+t.secret+'\"]'),o=l.querySelectorAll('blockquote[data-secret=\"'+t.secret+'\"]'),c=new RegExp(\"^https?:$\",\"i\"),i=0;i<o.length;i++)o[i].style.display=\"none\";for(i=0;i<a.length;i++)s=a[i],e.source===s.contentWindow&&(s.removeAttribute(\"style\"),\"height\"===t.message?(1e3<(r=parseInt(t.value,10))?r=1e3:~~r<200&&(r=200),s.height=r):\"link\"===t.message&&(r=new URL(s.getAttribute(\"src\")),n=new URL(t.value),c.test(n.protocol))&&n.host===r.host&&l.activeElement===s&&(d.top.location.href=t.value))}},d.addEventListener(\"message\",d.wp.receiveEmbedMessage,!1),l.addEventListener(\"DOMContentLoaded\",function(){for(var e,t,s=l.querySelectorAll(\"iframe.wp-embedded-content\"),r=0;r<s.length;r++)(t=(e=s[r]).getAttribute(\"data-secret\"))||(t=Math.random().toString(36).substring(2,12),e.src+=\"#?secret=\"+t,e.setAttribute(\"data-secret\",t)),e.contentWindow.postMessage({message:\"ready\",secret:t},\"*\")},!1)))}(window,document);\n\/\/# sourceURL=http:\/\/denizcankizil.tr\/wp-includes\/js\/wp-embed.min.js\n<\/script>","description":"Manavgat Kaymakaml\u0131\u011f\u0131 ile Aile ve Sosyal Hizmetler \u0130l M\u00fcd\u00fcrl\u00fc\u011f\u00fc koordinesinde ger\u00e7ekle\u015ftirilen programa Vali Hulusi \u015eahin ve e\u015fi Ebru \u015eahin, Manavgat Kaymakam\u0131 Adil Karata\u015f, Aile ve Sosyal Hizmetler \u0130l M\u00fcd\u00fcr\u00fc Galip S\u00f6kmen, koruyucu aileler ve \u00e7ocuklar kat\u0131ld\u0131. Programda konu\u015fan Vali \u015eahin, koruyucu ailelerin \u00e7ocuklara g\u00f6sterdi\u011fi \u015fefkat ve eme\u011fin \u00f6nemine dikkat \u00e7ekti. Vali \u015eahin, &#8220;Ramazan ay\u0131, evlatlar\u0131m\u0131za daha b\u00fcy\u00fck bir ihtimamla yakla\u015fmam\u0131z gereken ve Rabbimizin bizi \u00f6zellikle bu konuda uyard\u0131\u011f\u0131 m\u00fcbarek bir ay. Ramazan ay\u0131n\u0131 yaln\u0131zca oru\u00e7 tutarak de\u011fil, iyilikler yaparak ve daha iyi bir insan olman\u0131n yollar\u0131n\u0131 arayarak de\u011ferlendirmeliyiz. Bu hususta evlatlar\u0131m\u0131za kendi \u00e7ocuklar\u0131 gibi \u015fefkatle bakan t\u00fcm koruyucu ailelerimize te\u015fekk\u00fcr ederim. Manavgat&#8217;\u0131m\u0131z\u0131, Antalya&#8217;m\u0131z\u0131 ve \u00fclkemizi daha iyi yerlere ta\u015f\u0131mak ve evlatlar\u0131m\u0131za daha g\u00fc\u00e7l\u00fc bir T\u00fcrkiye b\u0131rakmak i\u00e7in var g\u00fcc\u00fcm\u00fczle \u00e7al\u0131\u015fmaya devam edece\u011fiz. \u00dclkemiz ve milletimiz payidar olsun, Allah devletimize zeval vermesin&#8221; ifadelerini kulland\u0131. Vali Hulusi \u015eahin ve e\u015fi Ebru \u015eahin ard\u0131ndan, koruyucu ailelerle sohbet ederek \u00e7ocuklarla yak\u0131ndan ilgilendi ve g\u00fcn\u00fcn an\u0131s\u0131na hat\u0131ra foto\u011fraf\u0131 \u00e7ektirdi. Kaynak: www.kanalv.com.tr Haber Sitesinden Al\u0131nm\u0131\u015ft\u0131r."}