{"version":"1.0","provider_name":"Av. Deniz Can K\u0131z\u0131l","provider_url":"http:\/\/denizcankizil.tr\/en","author_name":"Av. Deniz Can K\u0131z\u0131l","author_url":"http:\/\/denizcankizil.tr\/en\/author\/denizcankizil\/","title":"Tarihi Kalei\u00e7i surlar\u0131 tehlike sa\u00e7\u0131yor","type":"rich","width":600,"height":338,"html":"<blockquote class=\"wp-embedded-content\" data-secret=\"kGCWQApqAe\"><a href=\"http:\/\/denizcankizil.tr\/en\/haberler\/antalya\/tarihi-kaleici-surlari-tehlike-saciyor\/\">Tarihi Kalei\u00e7i surlar\u0131 tehlike sa\u00e7\u0131yor<\/a><\/blockquote><iframe sandbox=\"allow-scripts\" security=\"restricted\" src=\"http:\/\/denizcankizil.tr\/en\/haberler\/antalya\/tarihi-kaleici-surlari-tehlike-saciyor\/embed\/#?secret=kGCWQApqAe\" width=\"600\" height=\"338\" title=\"&#8220;Tarihi Kalei\u00e7i surlar\u0131 tehlike sa\u00e7\u0131yor&#8221; &#8212; Av. Deniz Can K\u0131z\u0131l\" data-secret=\"kGCWQApqAe\" frameborder=\"0\" marginwidth=\"0\" marginheight=\"0\" scrolling=\"no\" class=\"wp-embedded-content\"><\/iframe><script>\n\/*! This file is auto-generated *\/\n!function(d,l){\"use strict\";l.querySelector&&d.addEventListener&&\"undefined\"!=typeof URL&&(d.wp=d.wp||{},d.wp.receiveEmbedMessage||(d.wp.receiveEmbedMessage=function(e){var t=e.data;if((t||t.secret||t.message||t.value)&&!\/[^a-zA-Z0-9]\/.test(t.secret)){for(var s,r,n,a=l.querySelectorAll('iframe[data-secret=\"'+t.secret+'\"]'),o=l.querySelectorAll('blockquote[data-secret=\"'+t.secret+'\"]'),c=new RegExp(\"^https?:$\",\"i\"),i=0;i<o.length;i++)o[i].style.display=\"none\";for(i=0;i<a.length;i++)s=a[i],e.source===s.contentWindow&&(s.removeAttribute(\"style\"),\"height\"===t.message?(1e3<(r=parseInt(t.value,10))?r=1e3:~~r<200&&(r=200),s.height=r):\"link\"===t.message&&(r=new URL(s.getAttribute(\"src\")),n=new URL(t.value),c.test(n.protocol))&&n.host===r.host&&l.activeElement===s&&(d.top.location.href=t.value))}},d.addEventListener(\"message\",d.wp.receiveEmbedMessage,!1),l.addEventListener(\"DOMContentLoaded\",function(){for(var e,t,s=l.querySelectorAll(\"iframe.wp-embedded-content\"),r=0;r<s.length;r++)(t=(e=s[r]).getAttribute(\"data-secret\"))||(t=Math.random().toString(36).substring(2,12),e.src+=\"#?secret=\"+t,e.setAttribute(\"data-secret\",t)),e.contentWindow.postMessage({message:\"ready\",secret:t},\"*\")},!1)))}(window,document);\n\/\/# sourceURL=http:\/\/denizcankizil.tr\/wp-includes\/js\/wp-embed.min.js\n<\/script>","thumbnail_url":"https:\/\/denizcankizil.tr\/wp-content\/uploads\/2025\/03\/5328-01-HDLxwJ.jpeg","thumbnail_width":1280,"thumbnail_height":720,"description":"Tarihi Kalei\u00e7i b\u00f6lgesinde yer alan surlar, g\u00f6zle g\u00f6r\u00fcl\u00fcr \u015fekilde \u00e7atlaklarla ve yar\u0131klarla dolu. Ge\u00e7ti\u011fimiz y\u0131l \u015eubat ay\u0131nda 2 g\u00fcn s\u00fcren sa\u011fanak ya\u011f\u0131\u015f, Kalei\u00e7i surlar\u0131nda y\u0131k\u0131nt\u0131lar olu\u015fturmu\u015f, g\u00f6\u00e7\u00fc\u011f\u00fcn ya\u015fand\u0131\u011f\u0131 b\u00f6lgenin \u00fczerinde yer alan bir i\u015fletmenin alt\u0131nda ise b\u00fcy\u00fck bir bo\u015fluk meydana gelmi\u015fti. Son d\u00f6nemde artan \u00e7atlaklar ve y\u0131k\u0131lma riskleri, yaln\u0131zca tarihi yap\u0131y\u0131 de\u011fil, \u00e7evredeki yap\u0131lar, i\u015fletmeler ve yoldan ge\u00e7en insanlar i\u00e7in de tehlike olu\u015fturuyor Konuyla ilgili a\u00e7\u0131klama yapan Jeoloji M\u00fchendisleri Odas\u0131 (JMO) Antalya \u015eubesi Y\u00f6netim Kurulu Ba\u015fkan\u0131 Mustafa Karanc\u0131, bu durumun beklenen bir geli\u015fme oldu\u011funu belirterek acil \u00f6nlemler al\u0131nmas\u0131 gerekti\u011fini vurgulad\u0131. &#8220;Bu yar\u0131klar bizim i\u00e7in s\u00fcrpriz de\u011fil&#8221; Ba\u015fkan Karanc\u0131, surlarda meydana gelen \u00e7atlaklar\u0131n, kaya d\u00fc\u015fmelerinin ve g\u00f6\u00e7melerin bir\u00e7ok fakt\u00f6re ba\u011fl\u0131 oldu\u011funu belirtti. En b\u00fcy\u00fck nedenlerden birinin ya\u011fmur sular\u0131n\u0131n falezlere ve surlara etkisi oldu\u011funu dile getiren Karanc\u0131, &#8220;Bu yar\u0131klar bizler i\u00e7in s\u00fcrpriz de\u011fil. Y\u00fczey sular\u0131n\u0131n g\u00fcneye do\u011fru akarken kar\u015f\u0131la\u015ft\u0131klar\u0131 engellerde neden olduklar\u0131 tahribat ve falezlerin \u00fczerindeki yap\u0131la\u015fma, bu sorunun temel nedenlerinden biri. Biz bunlar\u0131 daha \u00f6nce \u00f6ng\u00f6rd\u00fck ve maalesef ger\u00e7ekle\u015fti\u011fini g\u00f6r\u00fcyoruz&#8221; ifadelerine yer verdi. Karanc\u0131, jeolojide &#8216;G\u00fcn\u00fcm\u00fcz, ge\u00e7mi\u015fin aynas\u0131d\u0131r&#8217; prensibine dikkat \u00e7ekerek, ge\u00e7mi\u015fte ya\u015fanan kaya d\u00fc\u015fmelerinin g\u00fcn\u00fcm\u00fczde de devam etti\u011fini belirtti. Antalya&#8217;n\u0131n ge\u00e7mi\u015finde benzer olaylar\u0131n ya\u015fand\u0131\u011f\u0131n\u0131 hat\u0131rlatan Karanc\u0131, &#8220;1980&#8217;li y\u0131llarda Ordu Evi&#8217;nde Tophane \u00c7ay Bah\u00e7esi&#8217;nin oldu\u011fu noktalarda ciddi falez hareketleri g\u00f6r\u00fclm\u00fc\u015f. 2001 &hellip;"}