{"version":"1.0","provider_name":"Av. Deniz Can K\u0131z\u0131l","provider_url":"http:\/\/denizcankizil.tr\/en","author_name":"Av. Deniz Can K\u0131z\u0131l","author_url":"http:\/\/denizcankizil.tr\/en\/author\/denizcankizil\/","title":"Kre\u015fte akran zorbal\u0131\u011f\u0131 iddias\u0131!","type":"rich","width":600,"height":338,"html":"<blockquote class=\"wp-embedded-content\" data-secret=\"GcryoZYjp1\"><a href=\"http:\/\/denizcankizil.tr\/en\/haberler\/antalya\/kreste-akran-zorbaligi-iddiasi\/\">Kre\u015fte akran zorbal\u0131\u011f\u0131 iddias\u0131!<\/a><\/blockquote><iframe sandbox=\"allow-scripts\" security=\"restricted\" src=\"http:\/\/denizcankizil.tr\/en\/haberler\/antalya\/kreste-akran-zorbaligi-iddiasi\/embed\/#?secret=GcryoZYjp1\" width=\"600\" height=\"338\" title=\"&#8220;Kre\u015fte akran zorbal\u0131\u011f\u0131 iddias\u0131!&#8221; &#8212; Av. Deniz Can K\u0131z\u0131l\" data-secret=\"GcryoZYjp1\" frameborder=\"0\" marginwidth=\"0\" marginheight=\"0\" scrolling=\"no\" class=\"wp-embedded-content\"><\/iframe><script>\n\/*! This file is auto-generated *\/\n!function(d,l){\"use strict\";l.querySelector&&d.addEventListener&&\"undefined\"!=typeof URL&&(d.wp=d.wp||{},d.wp.receiveEmbedMessage||(d.wp.receiveEmbedMessage=function(e){var t=e.data;if((t||t.secret||t.message||t.value)&&!\/[^a-zA-Z0-9]\/.test(t.secret)){for(var s,r,n,a=l.querySelectorAll('iframe[data-secret=\"'+t.secret+'\"]'),o=l.querySelectorAll('blockquote[data-secret=\"'+t.secret+'\"]'),c=new RegExp(\"^https?:$\",\"i\"),i=0;i<o.length;i++)o[i].style.display=\"none\";for(i=0;i<a.length;i++)s=a[i],e.source===s.contentWindow&&(s.removeAttribute(\"style\"),\"height\"===t.message?(1e3<(r=parseInt(t.value,10))?r=1e3:~~r<200&&(r=200),s.height=r):\"link\"===t.message&&(r=new URL(s.getAttribute(\"src\")),n=new URL(t.value),c.test(n.protocol))&&n.host===r.host&&l.activeElement===s&&(d.top.location.href=t.value))}},d.addEventListener(\"message\",d.wp.receiveEmbedMessage,!1),l.addEventListener(\"DOMContentLoaded\",function(){for(var e,t,s=l.querySelectorAll(\"iframe.wp-embedded-content\"),r=0;r<s.length;r++)(t=(e=s[r]).getAttribute(\"data-secret\"))||(t=Math.random().toString(36).substring(2,12),e.src+=\"#?secret=\"+t,e.setAttribute(\"data-secret\",t)),e.contentWindow.postMessage({message:\"ready\",secret:t},\"*\")},!1)))}(window,document);\n\/\/# sourceURL=http:\/\/denizcankizil.tr\/wp-includes\/js\/wp-embed.min.js\n<\/script>","description":"Antalya&#8217;n\u0131n Muratpa\u015fa il\u00e7esindeki \u00f6zel bir kre\u015fte, 2 ya\u015f\u0131ndaki bir k\u0131z \u00e7ocu\u011fu, uyku odas\u0131nda ya\u015f\u0131 daha b\u00fcy\u00fck iki \u00e7ocuk taraf\u0131ndan yakla\u015f\u0131k 15 dakika boyunca darbedildi. Olay g\u00fcvenlik kameras\u0131 g\u00f6r\u00fcnt\u00fcleriyle ortaya \u00e7\u0131karken, aile hem kre\u015f y\u00f6netimi hem de olayda sorumlulu\u011fu bulunan personel hakk\u0131nda su\u00e7 duyurusunda bulundu. Adli s\u00fcre\u00e7 ba\u015flat\u0131ld\u0131. &#8220;K\u0131z\u0131m\u0131 sa\u011fl\u0131kl\u0131 b\u0131rakt\u0131m&#8221; Anne Buse Alt\u0131parmak, olay g\u00fcn\u00fc sabah saat 08.30 sular\u0131nda k\u0131z\u0131n\u0131 kre\u015fe b\u0131rakt\u0131\u011f\u0131n\u0131, g\u00fcn i\u00e7inde saat 13.55\u2019te kre\u015ften arand\u0131\u011f\u0131n\u0131 belirtti. K\u0131z\u0131n\u0131n ba\u015fka bir \u00e7ocuk taraf\u0131ndan \u0131s\u0131r\u0131ld\u0131\u011f\u0131n\u0131n s\u00f6ylendi\u011fini aktaran Alt\u0131parmak, ayn\u0131 hafta i\u00e7inde ikinci kez benzer bir olay ya\u015fanmas\u0131 \u00fczerine endi\u015felendi\u011fini s\u00f6yledi. Alt\u0131parmak, &#8220;O g\u00fcn her zamanki gibi k\u0131z\u0131m\u0131 karde\u015fiyle birlikte haz\u0131rlay\u0131p kre\u015fe b\u0131rakt\u0131m. Sa\u011fl\u0131kl\u0131, ne\u015feli bir \u015fekildeydi. \u00d6\u011fle saatlerinde kre\u015f aray\u0131p sadece \u2018\u0131s\u0131r\u0131ld\u0131\u2019 dediklerinde ilk ba\u015fta ciddi bir \u015fey d\u00fc\u015f\u00fcnmedim ama ayn\u0131 hafta ikinci kez oldu\u011fu i\u00e7in endi\u015felendim. Foto\u011fraf istedim ama &#8216;karanl\u0131k ortamda uyuyor&#8217; denilip g\u00f6nderilmedi. \u0130\u015f yerinden izin almaya \u00e7al\u0131\u015f\u0131rken ikinci kez arand\u0131m, bu kez &#8216;\u0131s\u0131ran \u00e7ocu\u011fun okuldan al\u0131nd\u0131\u011f\u0131&#8217; s\u00f6ylendi. O anda iyice pani\u011fe kap\u0131ld\u0131m&#8221; \u015feklinde konu\u015ftu. &#8220;Konuyu ge\u00e7i\u015ftirmeye \u00e7al\u0131\u015ft\u0131lar&#8221; Kre\u015fe vard\u0131\u011f\u0131nda k\u0131z\u0131n\u0131n h\u00e2l\u00e2 uyuyor oldu\u011funu \u00f6\u011frenen Alt\u0131parmak, k\u0131z\u0131n\u0131 uyand\u0131rmadan \u00f6nce \u00f6\u011fretmenlerden bilgi almaya \u00e7al\u0131\u015ft\u0131. Ancak anlat\u0131lanlar\u0131n olay\u0131n a\u011f\u0131rl\u0131\u011f\u0131yla \u00f6rt\u00fc\u015fmedi\u011fini vurgulayarak, \u015f\u00f6yle devam etti: &#8220;Yemekhanede bayramla\u015fma s\u0131ras\u0131nda sar\u0131lmak isterken \u0131s\u0131rd\u0131\u011f\u0131 gibi senaryolar anlatt\u0131lar. Kamera yokmu\u015f orada. Bana \u00e7ocu\u011fun \u2018d\u00fcrt\u00fcsel\u2019 oldu\u011funu, &hellip;"}