{"version":"1.0","provider_name":"Av. Deniz Can K\u0131z\u0131l","provider_url":"http:\/\/denizcankizil.tr\/en","author_name":"Av. Deniz Can K\u0131z\u0131l","author_url":"http:\/\/denizcankizil.tr\/en","title":"Konyaalt\u0131'ndan \u00e7al\u0131\u015fanlara iyile\u015ftirme","type":"rich","width":600,"height":338,"html":"<blockquote class=\"wp-embedded-content\" data-secret=\"Xww5ndOln5\"><a href=\"http:\/\/denizcankizil.tr\/en\/haberler\/antalya\/konyaaltindan-calisanlara-iyilestirme\/\">Konyaalt\u0131&#8217;ndan \u00e7al\u0131\u015fanlara iyile\u015ftirme<\/a><\/blockquote><iframe sandbox=\"allow-scripts\" security=\"restricted\" src=\"http:\/\/denizcankizil.tr\/en\/haberler\/antalya\/konyaaltindan-calisanlara-iyilestirme\/embed\/#?secret=Xww5ndOln5\" width=\"600\" height=\"338\" title=\"&#8220;Konyaalt\u0131&#8217;ndan \u00e7al\u0131\u015fanlara iyile\u015ftirme&#8221; &#8212; Av. Deniz Can K\u0131z\u0131l\" data-secret=\"Xww5ndOln5\" frameborder=\"0\" marginwidth=\"0\" marginheight=\"0\" scrolling=\"no\" class=\"wp-embedded-content\"><\/iframe><script>\n\/*! This file is auto-generated *\/\n!function(d,l){\"use strict\";l.querySelector&&d.addEventListener&&\"undefined\"!=typeof URL&&(d.wp=d.wp||{},d.wp.receiveEmbedMessage||(d.wp.receiveEmbedMessage=function(e){var t=e.data;if((t||t.secret||t.message||t.value)&&!\/[^a-zA-Z0-9]\/.test(t.secret)){for(var s,r,n,a=l.querySelectorAll('iframe[data-secret=\"'+t.secret+'\"]'),o=l.querySelectorAll('blockquote[data-secret=\"'+t.secret+'\"]'),c=new RegExp(\"^https?:$\",\"i\"),i=0;i<o.length;i++)o[i].style.display=\"none\";for(i=0;i<a.length;i++)s=a[i],e.source===s.contentWindow&&(s.removeAttribute(\"style\"),\"height\"===t.message?(1e3<(r=parseInt(t.value,10))?r=1e3:~~r<200&&(r=200),s.height=r):\"link\"===t.message&&(r=new URL(s.getAttribute(\"src\")),n=new URL(t.value),c.test(n.protocol))&&n.host===r.host&&l.activeElement===s&&(d.top.location.href=t.value))}},d.addEventListener(\"message\",d.wp.receiveEmbedMessage,!1),l.addEventListener(\"DOMContentLoaded\",function(){for(var e,t,s=l.querySelectorAll(\"iframe.wp-embedded-content\"),r=0;r<s.length;r++)(t=(e=s[r]).getAttribute(\"data-secret\"))||(t=Math.random().toString(36).substring(2,12),e.src+=\"#?secret=\"+t,e.setAttribute(\"data-secret\",t)),e.contentWindow.postMessage({message:\"ready\",secret:t},\"*\")},!1)))}(window,document);\n\/\/# sourceURL=http:\/\/denizcankizil.tr\/wp-includes\/js\/wp-embed.min.js\n<\/script>","thumbnail_url":"http:\/\/denizcankizil.tr\/wp-content\/uploads\/2024\/12\/3740-01-njcTsF.jpeg","thumbnail_width":1280,"thumbnail_height":720,"description":"Konyaalt\u0131 Belediyesi ile T\u00fcm Bel-Sen aras\u0131nda, \u00e7al\u0131\u015fanlar\u0131n sosyal haklar\u0131n\u0131 ve ekonomik g\u00fcvencelerini artt\u0131ran protokol imzaland\u0131. S\u00f6zle\u015fmede maa\u015flara ek olarak her ay \u00fcst limit \u00fczerinden, \u2018s\u00f6zle\u015fme ikramiyesi\u2019 \u00f6denece\u011fi belirtilirken, bayram ikramiyeleri, e\u011fitim yard\u0131mlar\u0131 ve do\u011fal afet yard\u0131mlar\u0131 gibi bir\u00e7ok sosyal destek yer al\u0131yor. S\u00f6zle\u015fmede en \u00e7ok dikkat \u00e7eken ba\u015fl\u0131k ise kad\u0131n haklar\u0131na y\u00f6nelik d\u00fczenlemeler oldu. 8 Mart D\u00fcnya Kad\u0131nlar G\u00fcn\u00fc\u2019nde kad\u0131n \u00e7al\u0131\u015fanlar izinli say\u0131l\u0131rken, e\u015fine \u015fiddet uygulayan erkek \u00e7al\u0131\u015fanlar\u0131n o ayki ikramiyelerinin e\u015flerine \u00f6denmesi kararla\u015ft\u0131r\u0131ld\u0131. Ayr\u0131ca mobbing gibi insan haklar\u0131 ihlallerini \u00f6nlemek amac\u0131yla bir izleme kurulu olu\u015fturulmas\u0131 da s\u00f6zle\u015fmede yerini ald\u0131. Aile ve sosyal yard\u0131mlar deste\u011fi Konyaalt\u0131 Belediyesi ile sendika aras\u0131nda imzalanan toplu i\u015f s\u00f6zle\u015fmesi, \u00e7al\u0131\u015fanlar\u0131n ekonomik haklar\u0131n\u0131 ileri seviyeye ta\u015f\u0131yor. Protokolde, s\u00f6zle\u015fme ikramiyesinin yan\u0131 s\u0131ra, Kurban Bayram\u0131\u2019nda y\u00fczde 120, Ramazan Bayram\u0131 ve 1 May\u0131s \u0130\u015f\u00e7i Bayram\u0131\u2019nda ise y\u00fczde 100 oran\u0131nda bayram ikramiyesi verilmesi gibi iyile\u015ftirmeler yer ald\u0131. S\u00f6zle\u015fme \u00f6te yandan, \u00e7al\u0131\u015fanlar\u0131n sosyal hayatlar\u0131na da destek sunuyor. \u00c7ocuklar i\u00e7in her y\u0131l Ekim ay\u0131nda y\u00fczde 120 oran\u0131nda e\u011fitim yard\u0131m\u0131 yap\u0131lmas\u0131n\u0131n yan\u0131 s\u0131ra, do\u011fum, \u00f6l\u00fcm ve evlilik durumlar\u0131nda yine \u00fcst limitin y\u00fczde 120\u2019si oran\u0131nda yard\u0131mlar sa\u011flanacak. Engelli personel, Engelliler G\u00fcn\u00fc\u2019nde y\u00fczde 50 oran\u0131nda \u00f6zel bir yard\u0131m alacak. Do\u011fal afetlerden etkilenen \u00e7al\u0131\u015fanlara ise 5 maa\u015f tutar\u0131nda afet yard\u0131m\u0131 verilecek. Kaynak: www.kanalv.com.tr Haber Sitesinden Al\u0131nm\u0131\u015ft\u0131r."}