{"version":"1.0","provider_name":"Av. Deniz Can K\u0131z\u0131l","provider_url":"http:\/\/denizcankizil.tr\/en","author_name":"Av. Deniz Can K\u0131z\u0131l","author_url":"http:\/\/denizcankizil.tr\/en\/author\/denizcankizil\/","title":"Kepez Belediyesi S\u00fcnnet Kay\u0131tlar\u0131nda Son G\u00fcn 16 Temmuz","type":"rich","width":600,"height":338,"html":"<blockquote class=\"wp-embedded-content\" data-secret=\"7ls6BpPlT7\"><a href=\"http:\/\/denizcankizil.tr\/en\/haberler\/antalya\/kepez-belediyesi-sunnet-kayitlarinda-son-gun-16-temmuz\/\">Kepez Belediyesi S\u00fcnnet Kay\u0131tlar\u0131nda Son G\u00fcn 16 Temmuz<\/a><\/blockquote><iframe sandbox=\"allow-scripts\" security=\"restricted\" src=\"http:\/\/denizcankizil.tr\/en\/haberler\/antalya\/kepez-belediyesi-sunnet-kayitlarinda-son-gun-16-temmuz\/embed\/#?secret=7ls6BpPlT7\" width=\"600\" height=\"338\" title=\"&#8220;Kepez Belediyesi S\u00fcnnet Kay\u0131tlar\u0131nda Son G\u00fcn 16 Temmuz&#8221; &#8212; Av. Deniz Can K\u0131z\u0131l\" data-secret=\"7ls6BpPlT7\" frameborder=\"0\" marginwidth=\"0\" marginheight=\"0\" scrolling=\"no\" class=\"wp-embedded-content\"><\/iframe><script>\n\/*! This file is auto-generated *\/\n!function(d,l){\"use strict\";l.querySelector&&d.addEventListener&&\"undefined\"!=typeof URL&&(d.wp=d.wp||{},d.wp.receiveEmbedMessage||(d.wp.receiveEmbedMessage=function(e){var t=e.data;if((t||t.secret||t.message||t.value)&&!\/[^a-zA-Z0-9]\/.test(t.secret)){for(var s,r,n,a=l.querySelectorAll('iframe[data-secret=\"'+t.secret+'\"]'),o=l.querySelectorAll('blockquote[data-secret=\"'+t.secret+'\"]'),c=new RegExp(\"^https?:$\",\"i\"),i=0;i<o.length;i++)o[i].style.display=\"none\";for(i=0;i<a.length;i++)s=a[i],e.source===s.contentWindow&&(s.removeAttribute(\"style\"),\"height\"===t.message?(1e3<(r=parseInt(t.value,10))?r=1e3:~~r<200&&(r=200),s.height=r):\"link\"===t.message&&(r=new URL(s.getAttribute(\"src\")),n=new URL(t.value),c.test(n.protocol))&&n.host===r.host&&l.activeElement===s&&(d.top.location.href=t.value))}},d.addEventListener(\"message\",d.wp.receiveEmbedMessage,!1),l.addEventListener(\"DOMContentLoaded\",function(){for(var e,t,s=l.querySelectorAll(\"iframe.wp-embedded-content\"),r=0;r<s.length;r++)(t=(e=s[r]).getAttribute(\"data-secret\"))||(t=Math.random().toString(36).substring(2,12),e.src+=\"#?secret=\"+t,e.setAttribute(\"data-secret\",t)),e.contentWindow.postMessage({message:\"ready\",secret:t},\"*\")},!1)))}(window,document);\n\/\/# sourceURL=http:\/\/denizcankizil.tr\/wp-includes\/js\/wp-embed.min.js\n<\/script>","description":"KEPEZ Belediyesi\u2019nin sosyal belediyecilik anlay\u0131\u015f\u0131 do\u011frultusunda bu y\u0131l d\u00fczenleyece\u011fi s\u00fcnnet etkinli\u011fi i\u00e7in ba\u015fvurular, 16 Temmuz \u00c7ar\u015famba g\u00fcn\u00fc sona eriyor. Sosyal belediyecilik anlay\u0131\u015f\u0131yla bu y\u0131l da geleneksel s\u00fcnnet \u015f\u00f6lenine haz\u0131rlanan Kepez Belediyesi, 6 ya\u015f ve \u00fczeri \u00e7ocuklar\u0131n kat\u0131labildi\u011fi organizasyon i\u00e7in son ba\u015fvuru tarihini 16 Temmuz \u00c7ar\u015famba g\u00fcn\u00fc olarak belirledi. S\u00fcnnet i\u015flemleri, Kepez Belediyesi \u00e7at\u0131s\u0131 alt\u0131nda hizmet veren Sa\u011fl\u0131k Merkezi\u2019nde, hijyenik ko\u015fullarda ve uzman doktorlar e\u015fli\u011finde \u00fccretsiz olarak yap\u0131lacak. Kepez Belediyesi Sa\u011fl\u0131k \u0130\u015fleri M\u00fcd\u00fcr\u00fc Dr. Vahap Alag\u00f6z, &#8220;Kepez Belediye Ba\u015fkan\u0131m\u0131z Mesut Kocag\u00f6z\u2019\u00fcn \u00f6nderli\u011finde geleneksel hale gelen s\u00fcnnet etkinli\u011fimizi bu y\u0131l da s\u00fcrd\u00fcr\u00fcyoruz. Miniklerimize s\u00fcnnet k\u0131yafetleri, e\u011flence programlar\u0131 ve k\u00fc\u00e7\u00fck hediyeler belediye ba\u015fkan\u0131m\u0131z taraf\u0131ndan verildi. Bu y\u0131l da ayn\u0131 hassasiyetle \u00e7ocuklar\u0131m\u0131z\u0131 s\u00fcnnet ettirmeyi planl\u0131yoruz. Kay\u0131t s\u00fcrecinin ard\u0131ndan kesin say\u0131 belirlenecek ve Sa\u011fl\u0131k Merkezimizde uzman doktorlar\u0131m\u0131z\u0131n g\u00f6zetiminde i\u015flemler ger\u00e7ekle\u015ftirilecek. T\u00fcm Kepezli vatanda\u015flar\u0131m\u0131z\u0131 bu anlaml\u0131 etkinli\u011fimize davet ediyoruz&#8221; dedi. Kaynak: www.kanalv.com.tr Haber Sitesinden Al\u0131nm\u0131\u015ft\u0131r."}