{"version":"1.0","provider_name":"Av. Deniz Can K\u0131z\u0131l","provider_url":"http:\/\/denizcankizil.tr\/en","author_name":"Av. Deniz Can K\u0131z\u0131l","author_url":"http:\/\/denizcankizil.tr\/en","title":"Kazay\u0131 kendisinin yapmad\u0131\u011f\u0131n\u0131 s\u00f6yledi","type":"rich","width":600,"height":338,"html":"<blockquote class=\"wp-embedded-content\" data-secret=\"ShipSxBczo\"><a href=\"http:\/\/denizcankizil.tr\/en\/haberler\/antalya\/kazayi-kendisinin-yapmadigini-soyledi\/\">Kazay\u0131 kendisinin yapmad\u0131\u011f\u0131n\u0131 s\u00f6yledi<\/a><\/blockquote><iframe sandbox=\"allow-scripts\" security=\"restricted\" src=\"http:\/\/denizcankizil.tr\/en\/haberler\/antalya\/kazayi-kendisinin-yapmadigini-soyledi\/embed\/#?secret=ShipSxBczo\" width=\"600\" height=\"338\" title=\"&#8220;Kazay\u0131 kendisinin yapmad\u0131\u011f\u0131n\u0131 s\u00f6yledi&#8221; &#8212; Av. Deniz Can K\u0131z\u0131l\" data-secret=\"ShipSxBczo\" frameborder=\"0\" marginwidth=\"0\" marginheight=\"0\" scrolling=\"no\" class=\"wp-embedded-content\"><\/iframe><script>\n\/*! This file is auto-generated *\/\n!function(d,l){\"use strict\";l.querySelector&&d.addEventListener&&\"undefined\"!=typeof URL&&(d.wp=d.wp||{},d.wp.receiveEmbedMessage||(d.wp.receiveEmbedMessage=function(e){var t=e.data;if((t||t.secret||t.message||t.value)&&!\/[^a-zA-Z0-9]\/.test(t.secret)){for(var s,r,n,a=l.querySelectorAll('iframe[data-secret=\"'+t.secret+'\"]'),o=l.querySelectorAll('blockquote[data-secret=\"'+t.secret+'\"]'),c=new RegExp(\"^https?:$\",\"i\"),i=0;i<o.length;i++)o[i].style.display=\"none\";for(i=0;i<a.length;i++)s=a[i],e.source===s.contentWindow&&(s.removeAttribute(\"style\"),\"height\"===t.message?(1e3<(r=parseInt(t.value,10))?r=1e3:~~r<200&&(r=200),s.height=r):\"link\"===t.message&&(r=new URL(s.getAttribute(\"src\")),n=new URL(t.value),c.test(n.protocol))&&n.host===r.host&&l.activeElement===s&&(d.top.location.href=t.value))}},d.addEventListener(\"message\",d.wp.receiveEmbedMessage,!1),l.addEventListener(\"DOMContentLoaded\",function(){for(var e,t,s=l.querySelectorAll(\"iframe.wp-embedded-content\"),r=0;r<s.length;r++)(t=(e=s[r]).getAttribute(\"data-secret\"))||(t=Math.random().toString(36).substring(2,12),e.src+=\"#?secret=\"+t,e.setAttribute(\"data-secret\",t)),e.contentWindow.postMessage({message:\"ready\",secret:t},\"*\")},!1)))}(window,document);\n\/\/# sourceURL=http:\/\/denizcankizil.tr\/wp-includes\/js\/wp-embed.min.js\n<\/script>","thumbnail_url":"http:\/\/denizcankizil.tr\/wp-content\/uploads\/2024\/12\/3366-01-1kNUL3.jpeg","thumbnail_width":1280,"thumbnail_height":720,"description":"Kaza, saat 16.00 s\u0131ralar\u0131nda Antalya&#8217;n\u0131n Konyaalt\u0131 il\u00e7esi G\u00fcrsu Mahallesi 336 sokak \u00fczerinde meydana geldi. Edinilen bilgiye g\u00f6re, sokak \u00fczerinde seyir halindeki 07 BDC 721 plakal\u0131 Citroen marka ara\u00e7 s\u00fcr\u00fcc\u00fcs\u00fcn\u00fcn direksiyon hakimiyetini kaybetmesi sonucu park halindeki 07 BOE 783 plakal\u0131 Opel marka araca, ard\u0131ndan da 07 LLR 11 plakal\u0131 araca \u00e7arpt\u0131ktan sonra takla atarak yan yatt\u0131. G\u00fcr\u00fclt\u00fcy\u00fc duyan \u00e7evredeki vatanda\u015flar\u0131n 112 Acil \u00c7a\u011fr\u0131 Merkezi&#8217;ne ihbar\u0131 ile olay yerine itfaiye ve polis ekipleri sevk edilirken ara\u00e7ta bulunan ve isminin Cemal A. oldu\u011fu \u00f6\u011frenilen \u015fah\u0131s vatanda\u015flar\u0131n yard\u0131m\u0131yla \u00e7\u0131kart\u0131ld\u0131. Trafik ekiplerinin kaza ile ilgili i\u015flemi s\u0131ras\u0131nda olay yerinden ayr\u0131lmak isteyen Cemal A.&#8217;ya polisler engel oldu. \u201cBen kullanm\u0131yordum\u201d diyerek alkol metreyi \u00fcflemedi Trafik ekiplerine kazay\u0131 kendisinin yapmad\u0131\u011f\u0131n\u0131 s\u00fcr\u00fcc\u00fcn\u00fcn ka\u00e7t\u0131\u011f\u0131n\u0131 iddia eden Cemal A. alkol metreyi \u00fcflemeyi reddetti. Bunun \u00fczerine \u00e7evredeki g\u00f6rg\u00fcn tan\u0131klar\u0131n\u0131n ifadelerine ba\u015fvuran trafik ekipleri ara\u00e7tan bir ki\u015finin \u00e7\u0131kt\u0131\u011f\u0131n\u0131 belirledi. Arac\u0131 Cemal A.&#8217;n\u0131n kulland\u0131\u011f\u0131n\u0131n tespit edilmesi \u00fczerine \u015fahsa cezai i\u015flem uygulanarak ehliyetine el konuldu. Cemal A. ise polis ekibi taraf\u0131ndan i\u015flemleri i\u00e7in polis merkezine g\u00f6t\u00fcr\u00fcld\u00fc. Kazaya \u015fahit olan ve Cemal A.&#8217;y\u0131 ara\u00e7tan \u00e7\u0131kartanlardan Serdar \u00d6ney, taksi dura\u011f\u0131ndan oturduklar\u0131 s\u0131rada kazan\u0131n meydana geldi\u011fini belirterek, \u201cDurakta oturuyorduk, g\u00fcr\u00fclt\u00fcy\u00fc duyduk. F\u0131rlad\u0131k hemen yerimizden, bakt\u0131k ara\u00e7 yan yatm\u0131\u015ft\u0131. \u0130\u00e7inde bir ki\u015fi vard\u0131. Yard\u0131m ettik, \u015fahs\u0131 i\u00e7inden \u00e7\u0131kard\u0131k. \u0130ki &hellip;"}