{"version":"1.0","provider_name":"Av. Deniz Can K\u0131z\u0131l","provider_url":"http:\/\/denizcankizil.tr\/en","author_name":"Av. Deniz Can K\u0131z\u0131l","author_url":"http:\/\/denizcankizil.tr\/en","title":"\u0130kinci bahar\u0131 kabusa d\u00f6nd\u00fc","type":"rich","width":600,"height":338,"html":"<blockquote class=\"wp-embedded-content\" data-secret=\"IUKaYvWxww\"><a href=\"http:\/\/denizcankizil.tr\/en\/haberler\/antalya\/ikinci-bahari-kabusa-dondu\/\">\u0130kinci bahar\u0131 kabusa d\u00f6nd\u00fc<\/a><\/blockquote><iframe sandbox=\"allow-scripts\" security=\"restricted\" src=\"http:\/\/denizcankizil.tr\/en\/haberler\/antalya\/ikinci-bahari-kabusa-dondu\/embed\/#?secret=IUKaYvWxww\" width=\"600\" height=\"338\" title=\"&#8220;\u0130kinci bahar\u0131 kabusa d\u00f6nd\u00fc&#8221; &#8212; Av. Deniz Can K\u0131z\u0131l\" data-secret=\"IUKaYvWxww\" frameborder=\"0\" marginwidth=\"0\" marginheight=\"0\" scrolling=\"no\" class=\"wp-embedded-content\"><\/iframe><script>\n\/*! This file is auto-generated *\/\n!function(d,l){\"use strict\";l.querySelector&&d.addEventListener&&\"undefined\"!=typeof URL&&(d.wp=d.wp||{},d.wp.receiveEmbedMessage||(d.wp.receiveEmbedMessage=function(e){var t=e.data;if((t||t.secret||t.message||t.value)&&!\/[^a-zA-Z0-9]\/.test(t.secret)){for(var s,r,n,a=l.querySelectorAll('iframe[data-secret=\"'+t.secret+'\"]'),o=l.querySelectorAll('blockquote[data-secret=\"'+t.secret+'\"]'),c=new RegExp(\"^https?:$\",\"i\"),i=0;i<o.length;i++)o[i].style.display=\"none\";for(i=0;i<a.length;i++)s=a[i],e.source===s.contentWindow&&(s.removeAttribute(\"style\"),\"height\"===t.message?(1e3<(r=parseInt(t.value,10))?r=1e3:~~r<200&&(r=200),s.height=r):\"link\"===t.message&&(r=new URL(s.getAttribute(\"src\")),n=new URL(t.value),c.test(n.protocol))&&n.host===r.host&&l.activeElement===s&&(d.top.location.href=t.value))}},d.addEventListener(\"message\",d.wp.receiveEmbedMessage,!1),l.addEventListener(\"DOMContentLoaded\",function(){for(var e,t,s=l.querySelectorAll(\"iframe.wp-embedded-content\"),r=0;r<s.length;r++)(t=(e=s[r]).getAttribute(\"data-secret\"))||(t=Math.random().toString(36).substring(2,12),e.src+=\"#?secret=\"+t,e.setAttribute(\"data-secret\",t)),e.contentWindow.postMessage({message:\"ready\",secret:t},\"*\")},!1)))}(window,document);\n\/\/# sourceURL=http:\/\/denizcankizil.tr\/wp-includes\/js\/wp-embed.min.js\n<\/script>","thumbnail_url":"http:\/\/denizcankizil.tr\/wp-content\/uploads\/2024\/11\/3260-01-ejQcFW.jpeg","thumbnail_width":1280,"thumbnail_height":720,"description":"Muratpa\u015fa il\u00e7esinde ya\u015fayan Ahmet Yarba\u015f\u0131, hastal\u0131klar\u0131 nedeniyle bir s\u00fcredir yata\u011fa ba\u011f\u0131ml\u0131 ya\u015fayan 47 y\u0131ll\u0131k e\u015fi Leyla Yarba\u015f\u0131&#8217;n\u0131 2020 y\u0131l\u0131nda kaybetti. Arkada\u015flar\u0131n\u0131n arac\u0131 olmas\u0131yla Ahmet Yarba\u015f\u0131 2021 y\u0131l\u0131nda tan\u0131\u015ft\u0131\u011f\u0131 N.Y. ile evlendi. \u0130kinci bahar\u0131n\u0131 ya\u015famak i\u00e7in tekrar d\u00fcnya evine giren Ahmet Yarba\u015f\u0131&#8217;n\u0131n evlili\u011finin ilk \u00fc\u00e7 ay\u0131nda her \u015fey yolundayd\u0131. Ancak iddiaya g\u00f6re 3 ay sonra N.Y.&#8217;nin Yarba\u015f\u0131&#8217;dan istekleri art\u0131nca ikili aras\u0131nda ge\u00e7imsizlik ba\u015flad\u0131. Bunun \u00fczerine Ahmet Yarba\u015f\u0131, evden ayr\u0131larak yak\u0131nlar\u0131n\u0131n yan\u0131na yerle\u015fti. Bo\u015fanma davas\u0131 da a\u00e7an Yarba\u015f\u0131, 32 y\u0131l \u00f6nce emekli ikramiyesiyle ald\u0131\u011f\u0131 evine N.Y.&#8217;nin ald\u0131rd\u0131\u011f\u0131 uzakla\u015ft\u0131rma karar\u0131 nedeniyle giremez oldu. Yarba\u015f\u0131&#8217;n\u0131n \u00e7ocuklar\u0131n\u0131n araya girmesiyle tekrar bar\u0131\u015fan \u00e7ift, yine benzer sorunlar ya\u015famaya ba\u015flad\u0131. Bunun \u00fczerine Ahmet Yarba\u015f\u0131 bo\u015fanmak istedi\u011fini s\u00f6yleyince iddiaya g\u00f6re N.Y. ise Yarba\u015f\u0131&#8217;n\u0131n 32 y\u0131l \u00f6nce ald\u0131\u011f\u0131 evinin ve arabas\u0131n\u0131n yar\u0131s\u0131n\u0131 isteyip, evden \u00e7\u0131kmayaca\u011f\u0131n\u0131 belirtti. Ahmet Yarba\u015f\u0131 1,5 ay \u00f6nce evden ayr\u0131ld\u0131. Davan\u0131n devam etti\u011fi s\u0131rada Yarba\u015f\u0131, sokak \u00fczerine park etti\u011fi otomobilinin i\u00e7erisinde ya\u015famaya ba\u015flad\u0131. G\u00fcnd\u00fczleri arkada\u015flar\u0131n\u0131n i\u015f yerlerine giden Yarba\u015f\u0131, geceleri ise battaniyesi ve e\u015fyalar\u0131yla arabas\u0131nda uyuyor. Ya\u015fad\u0131klar\u0131n\u0131 DHA muhabirine anlatan Ahmet Yarba\u015f\u0131, &#8220;E\u015fim vefat ettikten 1 sene sonra arkada\u015flar\u0131m\u0131n vas\u0131tas\u0131yla evlendim. \u0130lk 3 ay her \u015fey yolundayd\u0131. Daha sonra e\u015fim de\u011fi\u015fmeye ba\u015flad\u0131. S\u00fcrekli bir \u015feyler istemeye ba\u015flad\u0131 ancak maddi durumum yetmedi\u011fi i\u00e7in aram\u0131z a\u00e7\u0131ld\u0131. Evi terk edip &hellip;"}