{"version":"1.0","provider_name":"Av. Deniz Can K\u0131z\u0131l","provider_url":"http:\/\/denizcankizil.tr\/en","author_name":"www.hukukihaber .net","author_url":"http:\/\/denizcankizil.tr\/en\/author\/deniz\/","title":"Antalya'n\u0131n 25 y\u0131l sonraki hali 'K\u0131yamet' filminde","type":"rich","width":600,"height":338,"html":"<blockquote class=\"wp-embedded-content\" data-secret=\"zLQKTJF2pA\"><a href=\"http:\/\/denizcankizil.tr\/en\/haberler\/antalya\/antalyanin-25-yil-sonraki-hali-kiyamet-filminde\/\">Antalya&#8217;n\u0131n 25 y\u0131l sonraki hali &#8216;K\u0131yamet&#8217; filminde<\/a><\/blockquote><iframe sandbox=\"allow-scripts\" security=\"restricted\" src=\"http:\/\/denizcankizil.tr\/en\/haberler\/antalya\/antalyanin-25-yil-sonraki-hali-kiyamet-filminde\/embed\/#?secret=zLQKTJF2pA\" width=\"600\" height=\"338\" title=\"&#8220;Antalya&#8217;n\u0131n 25 y\u0131l sonraki hali &#8216;K\u0131yamet&#8217; filminde&#8221; &#8212; Av. Deniz Can K\u0131z\u0131l\" data-secret=\"zLQKTJF2pA\" frameborder=\"0\" marginwidth=\"0\" marginheight=\"0\" scrolling=\"no\" class=\"wp-embedded-content\"><\/iframe><script>\n\/*! This file is auto-generated *\/\n!function(d,l){\"use strict\";l.querySelector&&d.addEventListener&&\"undefined\"!=typeof URL&&(d.wp=d.wp||{},d.wp.receiveEmbedMessage||(d.wp.receiveEmbedMessage=function(e){var t=e.data;if((t||t.secret||t.message||t.value)&&!\/[^a-zA-Z0-9]\/.test(t.secret)){for(var s,r,n,a=l.querySelectorAll('iframe[data-secret=\"'+t.secret+'\"]'),o=l.querySelectorAll('blockquote[data-secret=\"'+t.secret+'\"]'),c=new RegExp(\"^https?:$\",\"i\"),i=0;i<o.length;i++)o[i].style.display=\"none\";for(i=0;i<a.length;i++)s=a[i],e.source===s.contentWindow&&(s.removeAttribute(\"style\"),\"height\"===t.message?(1e3<(r=parseInt(t.value,10))?r=1e3:~~r<200&&(r=200),s.height=r):\"link\"===t.message&&(r=new URL(s.getAttribute(\"src\")),n=new URL(t.value),c.test(n.protocol))&&n.host===r.host&&l.activeElement===s&&(d.top.location.href=t.value))}},d.addEventListener(\"message\",d.wp.receiveEmbedMessage,!1),l.addEventListener(\"DOMContentLoaded\",function(){for(var e,t,s=l.querySelectorAll(\"iframe.wp-embedded-content\"),r=0;r<s.length;r++)(t=(e=s[r]).getAttribute(\"data-secret\"))||(t=Math.random().toString(36).substring(2,12),e.src+=\"#?secret=\"+t,e.setAttribute(\"data-secret\",t)),e.contentWindow.postMessage({message:\"ready\",secret:t},\"*\")},!1)))}(window,document);\n\/\/# sourceURL=http:\/\/denizcankizil.tr\/wp-includes\/js\/wp-embed.min.js\n<\/script>","thumbnail_url":"https:\/\/denizcankizil.tr\/wp-content\/uploads\/2024\/11\/3197-01-Seoqx9.jpeg","thumbnail_width":1280,"thumbnail_height":720,"description":"\u0130klim de\u011fi\u015fikli\u011fiyle birlikte d\u00fcnya genelinde ya\u015fanan kurakl\u0131k ve olumsuz hava ko\u015fullar\u0131yla ilgili olarak bilim insanlar\u0131, d\u00fcnyan\u0131n yak\u0131n gelecekte felaketleri ya\u015fayaca\u011f\u0131n\u0131 tahmin ediyor. Ara\u015ft\u0131rmalara g\u00f6re; su ve yiyecek kayna\u011f\u0131n\u0131n d\u00fcnya genelinde k\u0131tl\u0131k seviyesine varacak kadar azalaca\u011f\u0131 belirtilirken, \u00f6zellikle k\u0131\u015f mevsiminin \u00e7o\u011funlukla ya\u011f\u0131\u015fs\u0131z ge\u00e7ti\u011fi ve ya\u011f\u0131\u015f olan zamanlarda da f\u0131rt\u0131na \u015feklinde ger\u00e7ekle\u015fen Akdeniz B\u00f6lgesi&#8217;ne dikkat \u00e7ekiliyor. UYARILAR YETMED\u0130, KISA F\u0130LM \u00c7EKT\u0130 Akdeniz&#8217;in incisi olarak tan\u0131mlanan, T\u00fcrkiye&#8217;nin turizm ba\u015fkenti, do\u011fal g\u00fczellikleri ve iklimiyle bug\u00fcnlerde ya\u015fanabilir olarak g\u00f6r\u00fclen Antalya, ara\u015ft\u0131rmalara g\u00f6re; \u00f6nlem al\u0131nmazsa 25 y\u0131l sonra kentin b\u00fcy\u00fck b\u00f6l\u00fcm\u00fcnde tar\u0131m yap\u0131lamaz hale gelecek, su seviyesi y\u00fckselece\u011fi i\u00e7in k\u0131y\u0131 b\u00f6lgesindeki ya\u015fam alanlar\u0131 su alt\u0131nda kalacak. Antalya Sanayici ve \u0130\u015f \u0130nsanlar\u0131 Derne\u011fi (ANS\u0130AD) \u0130klim De\u011fi\u015fikli\u011fi ve \u00c7evre \u00c7al\u0131\u015fma Masas\u0131 Ba\u015fkan\u0131 \u00e7evre m\u00fchendisi Cem Ar\u00fcv, kentin gelece\u011fiyle ilgili sosyal sorumluluk \u00e7al\u0131\u015fmas\u0131 ba\u015flatt\u0131. Sivil toplum kurulu\u015flar\u0131n\u0131n ba\u015fkan ve \u00fcyelerinin yan\u0131 s\u0131ra belediyelere de giderek ya\u015fanacak k\u00f6t\u00fc senaryolar i\u00e7in uyar\u0131larda bulunan Ar\u00fcv, daha fazla dikkati \u00e7ekmek i\u00e7in senaryolar\u0131 filmle\u015ftirdi. D\u00fcnyan\u0131n genel \u0131s\u0131s\u0131n\u0131n giderek artt\u0131\u011f\u0131n\u0131 belirten Ar\u00fcv, 25 y\u0131l sonra Antalya ve Akdeniz \u00e7ana\u011f\u0131 i\u00e7in ger\u00e7ekle\u015fme ihtimali y\u00fcksek g\u00f6r\u00fclen senaryolar\u0131 inceledi\u011fini s\u00f6yledi. &#8216;AKDEN\u0130Z&#8217;\u0130N 80 SANT\u0130METRE Y\u00dcKSELMES\u0130 BEKLEN\u0130YOR&#8217; \u00d6zellikle yurt d\u0131\u015f\u0131ndaki bilim insanlar\u0131n\u0131n Akdeniz B\u00f6lgesi ile ilgili yapt\u0131klar\u0131 \u00e7al\u0131\u015fmalar\u0131n sonunda Akdeniz ve Antalya&#8217;n\u0131n tehlike i\u00e7erisinde oldu\u011funu kaydeden Ar\u00fcv, &#8220;D\u00fcnyan\u0131n \u0131s\u0131nmas\u0131yla birlikte &hellip;"}