{"version":"1.0","provider_name":"Av. Deniz Can K\u0131z\u0131l","provider_url":"http:\/\/denizcankizil.tr\/en","author_name":"Av. Deniz Can K\u0131z\u0131l","author_url":"http:\/\/denizcankizil.tr\/en\/author\/denizcankizil\/","title":"Antalya\u2019da toplu s\u00fcnnet \u015f\u00f6leni","type":"rich","width":600,"height":338,"html":"<blockquote class=\"wp-embedded-content\" data-secret=\"PmwtgkITbe\"><a href=\"http:\/\/denizcankizil.tr\/en\/haberler\/antalya\/antalyada-toplu-sunnet-soleni\/\">Antalya\u2019da toplu s\u00fcnnet \u015f\u00f6leni<\/a><\/blockquote><iframe sandbox=\"allow-scripts\" security=\"restricted\" src=\"http:\/\/denizcankizil.tr\/en\/haberler\/antalya\/antalyada-toplu-sunnet-soleni\/embed\/#?secret=PmwtgkITbe\" width=\"600\" height=\"338\" title=\"&#8220;Antalya\u2019da toplu s\u00fcnnet \u015f\u00f6leni&#8221; &#8212; Av. Deniz Can K\u0131z\u0131l\" data-secret=\"PmwtgkITbe\" frameborder=\"0\" marginwidth=\"0\" marginheight=\"0\" scrolling=\"no\" class=\"wp-embedded-content\"><\/iframe><script>\n\/*! This file is auto-generated *\/\n!function(d,l){\"use strict\";l.querySelector&&d.addEventListener&&\"undefined\"!=typeof URL&&(d.wp=d.wp||{},d.wp.receiveEmbedMessage||(d.wp.receiveEmbedMessage=function(e){var t=e.data;if((t||t.secret||t.message||t.value)&&!\/[^a-zA-Z0-9]\/.test(t.secret)){for(var s,r,n,a=l.querySelectorAll('iframe[data-secret=\"'+t.secret+'\"]'),o=l.querySelectorAll('blockquote[data-secret=\"'+t.secret+'\"]'),c=new RegExp(\"^https?:$\",\"i\"),i=0;i<o.length;i++)o[i].style.display=\"none\";for(i=0;i<a.length;i++)s=a[i],e.source===s.contentWindow&&(s.removeAttribute(\"style\"),\"height\"===t.message?(1e3<(r=parseInt(t.value,10))?r=1e3:~~r<200&&(r=200),s.height=r):\"link\"===t.message&&(r=new URL(s.getAttribute(\"src\")),n=new URL(t.value),c.test(n.protocol))&&n.host===r.host&&l.activeElement===s&&(d.top.location.href=t.value))}},d.addEventListener(\"message\",d.wp.receiveEmbedMessage,!1),l.addEventListener(\"DOMContentLoaded\",function(){for(var e,t,s=l.querySelectorAll(\"iframe.wp-embedded-content\"),r=0;r<s.length;r++)(t=(e=s[r]).getAttribute(\"data-secret\"))||(t=Math.random().toString(36).substring(2,12),e.src+=\"#?secret=\"+t,e.setAttribute(\"data-secret\",t)),e.contentWindow.postMessage({message:\"ready\",secret:t},\"*\")},!1)))}(window,document);\n\/\/# sourceURL=http:\/\/denizcankizil.tr\/wp-includes\/js\/wp-embed.min.js\n<\/script>","description":"Vak\u0131f sistemi, ecdad\u0131m\u0131z\u0131n y\u00fcce g\u00f6n\u00fcll\u00fcl\u00fc\u011f\u00fcn\u00fcn tezah\u00fcr\u00fcd\u00fcr Etkinlikte yapt\u0131\u011f\u0131 konu\u015fmada s\u00fcnnet \u015f\u00f6leni gibi organizasyonlar\u0131n T\u00fcrk milletinin vak\u0131f gelene\u011finin bir devam\u0131 oldu\u011funu vurgulayan Vali \u015eahin, &#8220;S\u00fcnnet \u015f\u00f6lenleri, vak\u0131flar\u0131m\u0131z taraf\u0131ndan ger\u00e7ekle\u015ftirilen \u00e7ok say\u0131daki hay\u0131r faaliyetlerinden sadece biridir. Ecdad\u0131m\u0131z, mal\u0131n\u0131 ve m\u00fclk\u00fcn\u00fc bu t\u00fcr hay\u0131rl\u0131 i\u015fler i\u00e7in vakfetmi\u015f; gelirlerini de bu ama\u00e7lara harcanmak \u00fczere b\u0131rakm\u0131\u015ft\u0131r. K\u0131\u015f\u0131n yem bulamayan ku\u015flara yem vermekten, yolda kalanlara yard\u0131m etmeye; hastanelerden okullara kadar bir\u00e7ok alanda vak\u0131f kurulmu\u015ftur. Bunlar\u0131n hepsi, ecdad\u0131m\u0131z\u0131n y\u00fcce g\u00f6n\u00fcll\u00fcl\u00fc\u011f\u00fcn\u00fcn ve y\u00fcksek karakterinin birer tezah\u00fcr\u00fcd\u00fcr. Bug\u00fcnk\u00fc \u015f\u00f6len de, bu y\u00fcce g\u00f6n\u00fcll\u00fcl\u00fc\u011f\u00fcn Antalya\u2019daki bir yans\u0131mas\u0131d\u0131r&#8221; ifadelerine yer verdi. Evlatlar\u0131m\u0131z\u0131n g\u00f6zlerinde, T\u00fcrkiye\u2019nin gelece\u011fini g\u00f6r\u00fcyoruz Antalya\u2019da ger\u00e7ekle\u015ftirilen hay\u0131r faaliyetlerinde kurum ve kurulu\u015flar\u0131n yan\u0131 s\u0131ra Antalya\u2019da faaliyet g\u00f6steren i\u015fletmelerin de \u00f6nemli pay\u0131 oldu\u011funu belirten Vali \u015eahin, &#8220;Vak\u0131flar B\u00f6lge M\u00fcd\u00fcrl\u00fc\u011f\u00fcm\u00fcz \u00f6nc\u00fcl\u00fc\u011f\u00fcnde, Antalya\u2019da \u00e7ok say\u0131da hay\u0131r faaliyeti ger\u00e7ekle\u015ftirilmektedir. Kurumlar\u0131m\u0131z\u0131n yan\u0131 s\u0131ra, Antalya\u2019daki i\u015fletmelerimiz de bu t\u00fcr etkinliklere destek vermektedirler. \u0130\u015fte yard\u0131mla\u015fma, dayan\u0131\u015fma ve vak\u0131f k\u00fclt\u00fcr\u00fc budur. Bizi biz yapan bu de\u011ferlerdir. T\u00fcm kurumlar\u0131m\u0131zla birlikte vak\u0131f k\u00fclt\u00fcr\u00fcne ve vak\u0131f eserlerine sahip \u00e7\u0131kmak ve vak\u0131f faaliyetlerini desteklemek bizim medeniyetimizin bir gere\u011fidir. Bu k\u00fclt\u00fcr\u00fc ya\u015fatmak ve gelecek nesillere aktarmak ise hepimizin sorumlulu\u011fudur. Bizler, evlatlar\u0131m\u0131z\u0131n g\u00f6zlerinde T\u00fcrkiye\u2019nin gelece\u011fini g\u00f6r\u00fcyor ve onlarla birlikte \u00fclkemizin \u00e7ok daha iyi yerlere gelece\u011fine inan\u0131yoruz. Yeter ki bizi biz yapan de\u011ferlere, birli\u011fimize ve &hellip;"}