{"version":"1.0","provider_name":"Av. Deniz Can K\u0131z\u0131l","provider_url":"http:\/\/denizcankizil.tr\/en","author_name":"Av. Deniz Can K\u0131z\u0131l","author_url":"http:\/\/denizcankizil.tr\/en\/author\/denizcankizil\/","title":"Antalya'da i\u015f makinesi ile otomobil \u00e7arp\u0131\u015ft\u0131","type":"rich","width":600,"height":338,"html":"<blockquote class=\"wp-embedded-content\" data-secret=\"VavC0PWJEd\"><a href=\"http:\/\/denizcankizil.tr\/en\/haberler\/antalya\/antalyada-is-makinesi-ile-otomobil-carpisti\/\">Antalya&#8217;da i\u015f makinesi ile otomobil \u00e7arp\u0131\u015ft\u0131<\/a><\/blockquote><iframe sandbox=\"allow-scripts\" security=\"restricted\" src=\"http:\/\/denizcankizil.tr\/en\/haberler\/antalya\/antalyada-is-makinesi-ile-otomobil-carpisti\/embed\/#?secret=VavC0PWJEd\" width=\"600\" height=\"338\" title=\"&#8220;Antalya&#8217;da i\u015f makinesi ile otomobil \u00e7arp\u0131\u015ft\u0131&#8221; &#8212; Av. Deniz Can K\u0131z\u0131l\" data-secret=\"VavC0PWJEd\" frameborder=\"0\" marginwidth=\"0\" marginheight=\"0\" scrolling=\"no\" class=\"wp-embedded-content\"><\/iframe><script>\n\/*! This file is auto-generated *\/\n!function(d,l){\"use strict\";l.querySelector&&d.addEventListener&&\"undefined\"!=typeof URL&&(d.wp=d.wp||{},d.wp.receiveEmbedMessage||(d.wp.receiveEmbedMessage=function(e){var t=e.data;if((t||t.secret||t.message||t.value)&&!\/[^a-zA-Z0-9]\/.test(t.secret)){for(var s,r,n,a=l.querySelectorAll('iframe[data-secret=\"'+t.secret+'\"]'),o=l.querySelectorAll('blockquote[data-secret=\"'+t.secret+'\"]'),c=new RegExp(\"^https?:$\",\"i\"),i=0;i<o.length;i++)o[i].style.display=\"none\";for(i=0;i<a.length;i++)s=a[i],e.source===s.contentWindow&&(s.removeAttribute(\"style\"),\"height\"===t.message?(1e3<(r=parseInt(t.value,10))?r=1e3:~~r<200&&(r=200),s.height=r):\"link\"===t.message&&(r=new URL(s.getAttribute(\"src\")),n=new URL(t.value),c.test(n.protocol))&&n.host===r.host&&l.activeElement===s&&(d.top.location.href=t.value))}},d.addEventListener(\"message\",d.wp.receiveEmbedMessage,!1),l.addEventListener(\"DOMContentLoaded\",function(){for(var e,t,s=l.querySelectorAll(\"iframe.wp-embedded-content\"),r=0;r<s.length;r++)(t=(e=s[r]).getAttribute(\"data-secret\"))||(t=Math.random().toString(36).substring(2,12),e.src+=\"#?secret=\"+t,e.setAttribute(\"data-secret\",t)),e.contentWindow.postMessage({message:\"ready\",secret:t},\"*\")},!1)))}(window,document);\n\/\/# sourceURL=http:\/\/denizcankizil.tr\/wp-includes\/js\/wp-embed.min.js\n<\/script>","thumbnail_url":"http:\/\/denizcankizil.tr\/wp-content\/uploads\/2025\/05\/6437-01-BoG0B2.jpg","thumbnail_width":1280,"thumbnail_height":720,"description":"Kaza, saat 11.00 s\u0131ralar\u0131nda Serik-Belek yolu Eminceler mevkiinde meydana geldi. Belek&#8217;ten Serik y\u00f6n\u00fcne seyreden s\u00fcr\u00fcc\u00fcs\u00fc \u00f6\u011frenilemeyen i\u015f makinesi ile Kemal D. idaresindeki 06 BC 8413 plakal\u0131 otomobil \u00e7arp\u0131\u015ft\u0131. \u00c7arp\u0131\u015fman\u0131n etkisi ile otomobil yol ortas\u0131nda yan durdu. Kazada otomobil s\u00fcr\u00fcc\u00fcs\u00fc Kemal D. ile ara\u00e7taki e\u015fi G\u00fcll\u00fc D. yaraland\u0131. Vatanda\u015flar\u0131n ihbar\u0131 \u00fczerine kaza yerine sa\u011fl\u0131k, itfaiye ve polis ekipleri sevk edildi. \u0130tfaiye ve sa\u011fl\u0131k ekiplerince ara\u00e7tan \u00e7\u0131kar\u0131lan s\u00fcr\u00fcc\u00fc ilk m\u00fcdahalenin ard\u0131ndan ambulansla Serik&#8217;teki \u00f6zel hastaneye kald\u0131rd\u0131. Ekipler daha sonra otomobilin yolcu koltu\u011funda s\u0131k\u0131\u015fan G\u00fcll\u00fc D.&#8217;yi \u00e7\u0131karmak i\u00e7in \u00e7al\u0131\u015fma ba\u015flatt\u0131. Yakla\u015f\u0131k yar\u0131m saatlik \u00e7al\u0131\u015fman\u0131n ard\u0131ndan G\u00fcll\u00fc D. s\u0131k\u0131\u015ft\u0131\u011f\u0131 yerden \u00e7\u0131kart\u0131ld\u0131. \u0130lk m\u00fcdahalenin ard\u0131ndan ambulans ile \u00f6zel hastane kald\u0131r\u0131lan G\u00fcll\u00fc D. ile Kemal D.&#8217;nin sa\u011fl\u0131k durumunun iyi oldu\u011fu \u00f6\u011frenildi. Polis kazayla ilgili inceleme ba\u015flatt\u0131. Kaynak: www.kanalv.com.tr Haber Sitesinden Al\u0131nm\u0131\u015ft\u0131r."}