{"version":"1.0","provider_name":"Av. Deniz Can K\u0131z\u0131l","provider_url":"http:\/\/denizcankizil.tr\/en","author_name":"Av. Deniz Can K\u0131z\u0131l","author_url":"http:\/\/denizcankizil.tr\/en\/author\/denizcankizil\/","title":"Antalya'da H\u0131d\u0131rellez co\u015fkusu","type":"rich","width":600,"height":338,"html":"<blockquote class=\"wp-embedded-content\" data-secret=\"eqaSyzmuFR\"><a href=\"http:\/\/denizcankizil.tr\/en\/haberler\/antalya\/antalyada-hidirellez-coskusu\/\">Antalya&#8217;da H\u0131d\u0131rellez co\u015fkusu<\/a><\/blockquote><iframe sandbox=\"allow-scripts\" security=\"restricted\" src=\"http:\/\/denizcankizil.tr\/en\/haberler\/antalya\/antalyada-hidirellez-coskusu\/embed\/#?secret=eqaSyzmuFR\" width=\"600\" height=\"338\" title=\"&#8220;Antalya&#8217;da H\u0131d\u0131rellez co\u015fkusu&#8221; &#8212; Av. Deniz Can K\u0131z\u0131l\" data-secret=\"eqaSyzmuFR\" frameborder=\"0\" marginwidth=\"0\" marginheight=\"0\" scrolling=\"no\" class=\"wp-embedded-content\"><\/iframe><script>\n\/*! This file is auto-generated *\/\n!function(d,l){\"use strict\";l.querySelector&&d.addEventListener&&\"undefined\"!=typeof URL&&(d.wp=d.wp||{},d.wp.receiveEmbedMessage||(d.wp.receiveEmbedMessage=function(e){var t=e.data;if((t||t.secret||t.message||t.value)&&!\/[^a-zA-Z0-9]\/.test(t.secret)){for(var s,r,n,a=l.querySelectorAll('iframe[data-secret=\"'+t.secret+'\"]'),o=l.querySelectorAll('blockquote[data-secret=\"'+t.secret+'\"]'),c=new RegExp(\"^https?:$\",\"i\"),i=0;i<o.length;i++)o[i].style.display=\"none\";for(i=0;i<a.length;i++)s=a[i],e.source===s.contentWindow&&(s.removeAttribute(\"style\"),\"height\"===t.message?(1e3<(r=parseInt(t.value,10))?r=1e3:~~r<200&&(r=200),s.height=r):\"link\"===t.message&&(r=new URL(s.getAttribute(\"src\")),n=new URL(t.value),c.test(n.protocol))&&n.host===r.host&&l.activeElement===s&&(d.top.location.href=t.value))}},d.addEventListener(\"message\",d.wp.receiveEmbedMessage,!1),l.addEventListener(\"DOMContentLoaded\",function(){for(var e,t,s=l.querySelectorAll(\"iframe.wp-embedded-content\"),r=0;r<s.length;r++)(t=(e=s[r]).getAttribute(\"data-secret\"))||(t=Math.random().toString(36).substring(2,12),e.src+=\"#?secret=\"+t,e.setAttribute(\"data-secret\",t)),e.contentWindow.postMessage({message:\"ready\",secret:t},\"*\")},!1)))}(window,document);\n\/\/# sourceURL=http:\/\/denizcankizil.tr\/wp-includes\/js\/wp-embed.min.js\n<\/script>","thumbnail_url":"http:\/\/denizcankizil.tr\/wp-content\/uploads\/2025\/05\/6207-01-BuIhAJ.jpg","thumbnail_width":1280,"thumbnail_height":720,"description":"Antalya B\u00fcy\u00fck\u015fehir Belediyesi K\u00fclt\u00fcr ve Sosyal \u0130\u015fleri Dairesi Ba\u015fkanl\u0131\u011f\u0131, bollu\u011fun, umudun ve bereketin simgesi, bahar\u0131n m\u00fcjdecisi H\u0131d\u0131rellez&#8217;i Karaalio\u011flu Park\u0131&#8217;nda d\u00fczenledi\u011fi \u015fenlik program\u0131yla kutlad\u0131. Yediden yetmi\u015fe \u015fenlik alan\u0131n\u0131 dolduran Antalyal\u0131lar, \u015fark\u0131lar ve danslar e\u015fli\u011finde doyas\u0131ya e\u011flendi. B\u00fcy\u00fck\u015fehir Belediyesi Bando ve Orkestras\u0131 konseri ve \u0130smail Baha S\u00fcrelsan Konservatuar\u0131 Dans Toplulu\u011funun Roman dans g\u00f6sterileriyle ba\u015flayan \u015fenlikte vatanda\u015flar H\u0131d\u0131rellez masal\u0131, masal at\u00f6lyesi, sanat \u00e7al\u0131\u015fmalar\u0131, dans g\u00f6sterileri ile keyifli zaman ge\u00e7irdi. \u00c7ocuklar ve aileleri i\u00e7in d\u00fczenlenen \u00e7uval yar\u0131\u015f\u0131 ve halat \u00e7ekme oyunlar\u0131 da renkli anlara sahne oldu. Kad\u0131n kooperatiflerinin yer ald\u0131\u011f\u0131 g\u0131da, el sanatlar\u0131 hediyelik e\u015fya stantlar\u0131na vatanda\u015flar ilgi g\u00f6sterdi. At\u00f6lye ve sivil toplum kurulu\u015flar\u0131n\u0131n \u00e7e\u015fitli stantlar\u0131n\u0131n da yer ald\u0131\u011f\u0131 \u015fenlik alan\u0131nda vatanda\u015flar \u00f6zel olarak haz\u0131rlanan dilek a\u011fac\u0131na dileklerini ast\u0131. \u015eenlik sonunda ise Antalyal\u0131lar sevilen sanat\u00e7\u0131 Erdin\u00e7 Karadeniz&#8217;in bir birinden e\u011flenceli \u015fark\u0131lar\u0131na e\u015flik ederek bahar\u0131 kar\u015f\u0131lad\u0131. Kaynak: www.kanalv.com.tr Haber Sitesinden Al\u0131nm\u0131\u015ft\u0131r."}