{"version":"1.0","provider_name":"Av. Deniz Can K\u0131z\u0131l","provider_url":"http:\/\/denizcankizil.tr\/en","author_name":"Av. Deniz Can K\u0131z\u0131l","author_url":"http:\/\/denizcankizil.tr\/en\/author\/denizcankizil\/","title":"Alanya'da feci kaza: 1 \u00f6l\u00fc, 2 yaral\u0131","type":"rich","width":600,"height":338,"html":"<blockquote class=\"wp-embedded-content\" data-secret=\"T3KPHJ6hBI\"><a href=\"http:\/\/denizcankizil.tr\/en\/haberler\/antalya\/alanyada-feci-kaza-1-olu-2-yarali\/\">Alanya&#8217;da feci kaza: 1 \u00f6l\u00fc, 2 yaral\u0131<\/a><\/blockquote><iframe sandbox=\"allow-scripts\" security=\"restricted\" src=\"http:\/\/denizcankizil.tr\/en\/haberler\/antalya\/alanyada-feci-kaza-1-olu-2-yarali\/embed\/#?secret=T3KPHJ6hBI\" width=\"600\" height=\"338\" title=\"&#8220;Alanya&#8217;da feci kaza: 1 \u00f6l\u00fc, 2 yaral\u0131&#8221; &#8212; Av. Deniz Can K\u0131z\u0131l\" data-secret=\"T3KPHJ6hBI\" frameborder=\"0\" marginwidth=\"0\" marginheight=\"0\" scrolling=\"no\" class=\"wp-embedded-content\"><\/iframe><script>\n\/*! This file is auto-generated *\/\n!function(d,l){\"use strict\";l.querySelector&&d.addEventListener&&\"undefined\"!=typeof URL&&(d.wp=d.wp||{},d.wp.receiveEmbedMessage||(d.wp.receiveEmbedMessage=function(e){var t=e.data;if((t||t.secret||t.message||t.value)&&!\/[^a-zA-Z0-9]\/.test(t.secret)){for(var s,r,n,a=l.querySelectorAll('iframe[data-secret=\"'+t.secret+'\"]'),o=l.querySelectorAll('blockquote[data-secret=\"'+t.secret+'\"]'),c=new RegExp(\"^https?:$\",\"i\"),i=0;i<o.length;i++)o[i].style.display=\"none\";for(i=0;i<a.length;i++)s=a[i],e.source===s.contentWindow&&(s.removeAttribute(\"style\"),\"height\"===t.message?(1e3<(r=parseInt(t.value,10))?r=1e3:~~r<200&&(r=200),s.height=r):\"link\"===t.message&&(r=new URL(s.getAttribute(\"src\")),n=new URL(t.value),c.test(n.protocol))&&n.host===r.host&&l.activeElement===s&&(d.top.location.href=t.value))}},d.addEventListener(\"message\",d.wp.receiveEmbedMessage,!1),l.addEventListener(\"DOMContentLoaded\",function(){for(var e,t,s=l.querySelectorAll(\"iframe.wp-embedded-content\"),r=0;r<s.length;r++)(t=(e=s[r]).getAttribute(\"data-secret\"))||(t=Math.random().toString(36).substring(2,12),e.src+=\"#?secret=\"+t,e.setAttribute(\"data-secret\",t)),e.contentWindow.postMessage({message:\"ready\",secret:t},\"*\")},!1)))}(window,document);\n\/\/# sourceURL=http:\/\/denizcankizil.tr\/wp-includes\/js\/wp-embed.min.js\n<\/script>","thumbnail_url":"http:\/\/denizcankizil.tr\/wp-content\/uploads\/2025\/04\/a-w429692-02-mXk6dL.webp","thumbnail_width":1280,"thumbnail_height":720,"description":"Kaza, bug\u00fcn gece saat 03.50 s\u0131ralar\u0131nda\u00a0Alanya&#8217;n\u0131n \u0130maml\u0131 Mahallesinde meydana geldi. Edinilen bilgilere g\u00f6re, \u0130maml\u0131 Mahallesi istikametinden Alanya y\u00f6n\u00fcne do\u011fru seyir halinde olan Murat \u00c7. (37) idaresindeki 31 ADC 538 plakal\u0131 t\u0131ra, ayn\u0131 y\u00f6nde ilerleyen Mehmet N. T&#8217;nin (25) kulland\u0131\u011f\u0131 07 MNT 77 plakal\u0131 otomobil arkadan \u00e7arpt\u0131. \u00c7arpman\u0131n etkisiyle otomobilde bulunan 3 ki\u015fiden sa\u011f \u00f6n koltukta oturan Mustafa Toks\u00f6z (26) olay yerinde hayat\u0131n\u0131 kaybederken, s\u00fcr\u00fcc\u00fc otomobil s\u00fcr\u00fcc\u00fcs\u00fc ve ile arka koltukta yolcu olarak bulunan \u015e\u00fckr\u00fc T. yaraland\u0131. \u00c7evredekilerin ihbar\u0131 \u00fczerine olay yerine ambulans ve jandarma ekipleri sevk edildi. Yaral\u0131lar, olay yerine sevk edilen sa\u011fl\u0131k ekipleri taraf\u0131ndan ALK\u00dc E\u011fitim ve Ara\u015ft\u0131rma Hastanesine kald\u0131r\u0131larak tedavi alt\u0131na al\u0131nd\u0131. Yaral\u0131lar\u0131n hayati tehlikesinin oldu\u011fu \u00f6\u011frenildi.\u00a0 \u00a0Olayla ilgili soru\u015fturma Alanya Cumhuriyet Ba\u015fsavc\u0131l\u0131\u011f\u0131 taraf\u0131ndan ba\u015flat\u0131l\u0131rken, t\u0131r s\u00fcr\u00fcc\u00fcs\u00fc Murat \u00c7. al\u0131nan ifadesinin ard\u0131ndan serbest b\u0131rak\u0131ld\u0131.\u00a0 \u00a0 Kazayla ilgili inceleme devam ediyor.\u00a0 Kaynak: www.kanalv.com.tr Haber Sitesinden Al\u0131nm\u0131\u015ft\u0131r."}