{"version":"1.0","provider_name":"Av. Deniz Can K\u0131z\u0131l","provider_url":"http:\/\/denizcankizil.tr\/de","author_name":"Av. Deniz Can K\u0131z\u0131l","author_url":"http:\/\/denizcankizil.tr\/de","title":"TBB Y\u00d6NET\u0130M KURULU\u2019NDA G\u00d6REV DA\u011eILIMI YAPILDI","type":"rich","width":600,"height":338,"html":"<blockquote class=\"wp-embedded-content\" data-secret=\"CCYCCSbiqj\"><a href=\"http:\/\/denizcankizil.tr\/de\/hukukihaber\/tbb-yonetim-kurulunda-gorev-dagilimi-yapildi\/\">TBB Y\u00d6NET\u0130M KURULU\u2019NDA G\u00d6REV DA\u011eILIMI YAPILDI<\/a><\/blockquote><iframe sandbox=\"allow-scripts\" security=\"restricted\" src=\"http:\/\/denizcankizil.tr\/de\/hukukihaber\/tbb-yonetim-kurulunda-gorev-dagilimi-yapildi\/embed\/#?secret=CCYCCSbiqj\" width=\"600\" height=\"338\" title=\"&#8222;TBB Y\u00d6NET\u0130M KURULU\u2019NDA G\u00d6REV DA\u011eILIMI YAPILDI&#8220; &#8211; Av. Deniz Can K\u0131z\u0131l\" data-secret=\"CCYCCSbiqj\" frameborder=\"0\" marginwidth=\"0\" marginheight=\"0\" scrolling=\"no\" class=\"wp-embedded-content\"><\/iframe><script>\n\/*! This file is auto-generated *\/\n!function(d,l){\"use strict\";l.querySelector&&d.addEventListener&&\"undefined\"!=typeof URL&&(d.wp=d.wp||{},d.wp.receiveEmbedMessage||(d.wp.receiveEmbedMessage=function(e){var t=e.data;if((t||t.secret||t.message||t.value)&&!\/[^a-zA-Z0-9]\/.test(t.secret)){for(var s,r,n,a=l.querySelectorAll('iframe[data-secret=\"'+t.secret+'\"]'),o=l.querySelectorAll('blockquote[data-secret=\"'+t.secret+'\"]'),c=new RegExp(\"^https?:$\",\"i\"),i=0;i<o.length;i++)o[i].style.display=\"none\";for(i=0;i<a.length;i++)s=a[i],e.source===s.contentWindow&&(s.removeAttribute(\"style\"),\"height\"===t.message?(1e3<(r=parseInt(t.value,10))?r=1e3:~~r<200&&(r=200),s.height=r):\"link\"===t.message&&(r=new URL(s.getAttribute(\"src\")),n=new URL(t.value),c.test(n.protocol))&&n.host===r.host&&l.activeElement===s&&(d.top.location.href=t.value))}},d.addEventListener(\"message\",d.wp.receiveEmbedMessage,!1),l.addEventListener(\"DOMContentLoaded\",function(){for(var e,t,s=l.querySelectorAll(\"iframe.wp-embedded-content\"),r=0;r<s.length;r++)(t=(e=s[r]).getAttribute(\"data-secret\"))||(t=Math.random().toString(36).substring(2,12),e.src+=\"#?secret=\"+t,e.setAttribute(\"data-secret\",t)),e.contentWindow.postMessage({message:\"ready\",secret:t},\"*\")},!1)))}(window,document);\n\/\/# sourceURL=http:\/\/denizcankizil.tr\/wp-includes\/js\/wp-embed.min.js\n<\/script>","description":"Y\u00f6netim Kurulu toplant\u0131s\u0131nda g\u00f6rev da\u011f\u0131l\u0131m\u0131 \u015fu \u015fekilde olu\u015ftu: BA\u015eKAN AV. R. ER\u0130N\u00c7 SA\u011eKAN BA\u015eKAN YARDIMCISI &#8211; BA\u015eKANLIK D\u0130VANI \u00dcYES\u0130 AV. ERCAN DEM\u0130R BA\u015eKAN YARDIMCISI &#8211; BA\u015eKANLIK D\u0130VANI \u00dcYES\u0130 AV. BAHAR G\u00dcLTEK\u0130N CANDEM\u0130R GENEL SEKRETER &#8211; BA\u015eKANLIK D\u0130VANI \u00dcYES\u0130 AV. AHMET ERDEM EKMEK\u00c7\u0130 SAYMAN &#8211; BA\u015eKANLIK D\u0130VANI \u00dcYES\u0130 AV. RAMAZAN ERHAN TOPRAK \u00dcYE AV. KEMAL AYTA\u00c7 \u00dcYE AV. MAKBULE TANI\u015e \u00dcYE AV. MEL\u0130H YARDIMCI \u00dcYE AV. TALAT G\u00d6\u011eEBAKAN \u00dcYE AV. N\u0130ZAM D\u0130LEK \u00dcYE AV. AL\u0130 BAYRAM \u00d6te yandan TBB Disiplin Kurulu da ilk toplant\u0131s\u0131nda Ba\u015fkan se\u00e7imi ger\u00e7ekle\u015ftirdi. Ba\u015fkanl\u0131\u011fa Av. Mahmut Karatekin\u00a0se\u00e7ildi. \u200bT\u00fcrkiye Barolar Birli\u011fi (TBB) 38. Ola\u011fan Genel Kurulu&#8217;nda yeniden se\u00e7ilen Av. R. Erin\u00e7 Sa\u011fkan Ba\u015fkanl\u0131\u011f\u0131ndaki Y\u00f6netim Kurulu ilk toplant\u0131s\u0131n\u0131, 13 Aral\u0131k 2024 Cuma g\u00fcn\u00fc ger\u00e7ekle\u015ftirdi.\u00a0Hukuki Haber"}