{"version":"1.0","provider_name":"Av. Deniz Can K\u0131z\u0131l","provider_url":"http:\/\/denizcankizil.tr\/de","author_name":"Hukuki Haber.net","author_url":"http:\/\/denizcankizil.tr\/de\/author\/hukukihabernet\/","title":"Sag\u0306kan: B\u0131\u0307z Susarsak Adalet Susar","type":"rich","width":600,"height":338,"html":"<blockquote class=\"wp-embedded-content\" data-secret=\"HkUkz57Oog\"><a href=\"http:\/\/denizcankizil.tr\/de\/hukukihaber\/sagkan-bi%cc%87z-susarsak-adalet-susar\/\">Sag\u0306kan: B\u0131\u0307z Susarsak Adalet Susar<\/a><\/blockquote><iframe sandbox=\"allow-scripts\" security=\"restricted\" src=\"http:\/\/denizcankizil.tr\/de\/hukukihaber\/sagkan-bi%cc%87z-susarsak-adalet-susar\/embed\/#?secret=HkUkz57Oog\" width=\"600\" height=\"338\" title=\"&#8222;Sag\u0306kan: B\u0131\u0307z Susarsak Adalet Susar&#8220; &#8211; Av. Deniz Can K\u0131z\u0131l\" data-secret=\"HkUkz57Oog\" frameborder=\"0\" marginwidth=\"0\" marginheight=\"0\" scrolling=\"no\" class=\"wp-embedded-content\"><\/iframe><script>\n\/*! This file is auto-generated *\/\n!function(d,l){\"use strict\";l.querySelector&&d.addEventListener&&\"undefined\"!=typeof URL&&(d.wp=d.wp||{},d.wp.receiveEmbedMessage||(d.wp.receiveEmbedMessage=function(e){var t=e.data;if((t||t.secret||t.message||t.value)&&!\/[^a-zA-Z0-9]\/.test(t.secret)){for(var s,r,n,a=l.querySelectorAll('iframe[data-secret=\"'+t.secret+'\"]'),o=l.querySelectorAll('blockquote[data-secret=\"'+t.secret+'\"]'),c=new RegExp(\"^https?:$\",\"i\"),i=0;i<o.length;i++)o[i].style.display=\"none\";for(i=0;i<a.length;i++)s=a[i],e.source===s.contentWindow&&(s.removeAttribute(\"style\"),\"height\"===t.message?(1e3<(r=parseInt(t.value,10))?r=1e3:~~r<200&&(r=200),s.height=r):\"link\"===t.message&&(r=new URL(s.getAttribute(\"src\")),n=new URL(t.value),c.test(n.protocol))&&n.host===r.host&&l.activeElement===s&&(d.top.location.href=t.value))}},d.addEventListener(\"message\",d.wp.receiveEmbedMessage,!1),l.addEventListener(\"DOMContentLoaded\",function(){for(var e,t,s=l.querySelectorAll(\"iframe.wp-embedded-content\"),r=0;r<s.length;r++)(t=(e=s[r]).getAttribute(\"data-secret\"))||(t=Math.random().toString(36).substring(2,12),e.src+=\"#?secret=\"+t,e.setAttribute(\"data-secret\",t)),e.contentWindow.postMessage({message:\"ready\",secret:t},\"*\")},!1)))}(window,document);\n\/\/# sourceURL=http:\/\/denizcankizil.tr\/wp-includes\/js\/wp-embed.min.js\n<\/script>","description":"I\u0307stanbul Barosu Olag\u0306anu\u0308stu\u0308 Genel Kurulu, 23 S\u0327ubat 2025 tarihinde Halic\u0327 Kongre Merkezi\u2019nde; Tu\u0308rkiye Barolar Birlig\u0306i (TBB) Bas\u0327kan\u0131, Yo\u0308netim Kurulu u\u0308yeleri, Disiplin Kurulu Bas\u0327kan\u0131, Baro Bas\u0327kanlar\u0131, avukatlar, sivil toplum kurulus\u0327lar\u0131 ve uluslararas\u0131 avukat o\u0308rgu\u0308tlerinin temsilcilerinin kat\u0131l\u0131m\u0131yla topland\u0131. Haklar\u0131nda go\u0308revden al\u0131nmalar\u0131 talebiyle ac\u0327\u0131lan dava u\u0308zerine olag\u0306anu\u0308stu\u0308 kurultaya gitme karar\u0131 alan I\u0307stanbul Barosu Bas\u0327kan\u0131 Av. I\u0307brahim Kabog\u0306lu ve Yo\u0308netim Kurulu\u2019na TBB, Barolar ve avukatlar tarihi bir dayan\u0131s\u0327mayla destek verdi. Kongrede bir konus\u0327ma yapan TBB Bas\u0327kan\u0131 Erinc\u0327 Sag\u0306kan, \u201cBo\u0308lu\u0308nmeyiz, parc\u0327alanmay\u0131z. So\u0308z konusu demokrasi ise, haksa, adaletse, hukukun u\u0308stu\u0308nlu\u0308g\u0306u\u0308 ise hic\u0327bir s\u0327ekilde ayr\u0131s\u0327maks\u0131z\u0131n bir araday\u0131z, bu\u0308tu\u0308nu\u0308z demek ic\u0327in buraday\u0131z\u201d s\u0327eklinde konus\u0327tu. \u201cBiz hic\u0327 deg\u0306is\u0327medik; c\u0327u\u0308nku\u0308 gu\u0308cu\u0308n deg\u0306il hakkaniyetin yan\u0131nday\u0131z, du\u0308n neredeysek bugu\u0308n de oraday\u0131z\u201d diyen Sag\u0306kan, \u201cBulundug\u0306umuz yer Gazi Mustafa Kemal Atatu\u0308rk\u2019u\u0308n ilke ve devrimleri, Cumhuriyetin kurucu deg\u0306erleridir. Bulundug\u0306umuz yer laik, sosyal hukuk devleti ve insan haklar\u0131 temelinde yu\u0308kselen demokrasinin yan\u0131 bas\u0327\u0131d\u0131r. Bulundug\u0306umuz yer haks\u0131zl\u0131k kimden gelirse gelsin ve kime do\u0308nu\u0308k olursa olsun hic\u0327bir ayr\u0131m go\u0308zetmeksizin mag\u0306durun yan\u0131d\u0131r, hakk\u0131n, hukukun ve adaletin yan\u0131d\u0131r, insan onurunun yan\u0131d\u0131r\u201d ifadelerini kulland\u0131. Sag\u0306kan, avukatl\u0131k mesleg\u0306inin, ayn\u0131 zamanda bir hukuk devrimi olan Cumhuriyet fikrinin tas\u0327\u0131y\u0131c\u0131 unsurlar\u0131ndan biri oldug\u0306unu hat\u0131rlatt\u0131g\u0306\u0131 konus\u0327mas\u0131nda, \u201cBarolar\u0131n bag\u0306\u0131ms\u0131zl\u0131g\u0306\u0131, mahkemelerin bag\u0306\u0131ms\u0131zl\u0131g\u0306\u0131 kadar o\u0308nemlidir. I\u0307stanbul Barosu yo\u0308netimine yo\u0308nelik mu\u0308dahale, yurttas\u0327lar\u0131n hak ve o\u0308zgu\u0308rlu\u0308klerine yo\u0308nelik bir mu\u0308dahaledir. 147 y\u0131ll\u0131k &hellip;"}