{"version":"1.0","provider_name":"Av. Deniz Can K\u0131z\u0131l","provider_url":"http:\/\/denizcankizil.tr\/de","author_name":"Hukuki Haber.net","author_url":"http:\/\/denizcankizil.tr\/de\/author\/hukukihabernet\/","title":"Cumhuriyet Savc\u0131s\u0131 M\u00fctalaa ile Ba\u011fl\u0131 m\u0131d\u0131r?","type":"rich","width":600,"height":338,"html":"<blockquote class=\"wp-embedded-content\" data-secret=\"ZNB3i3suVt\"><a href=\"http:\/\/denizcankizil.tr\/de\/hukukihaber\/cumhuriyet-savcisi-mutalaa-ile-bagli-midir\/\">Cumhuriyet Savc\u0131s\u0131 M\u00fctalaa ile Ba\u011fl\u0131 m\u0131d\u0131r?<\/a><\/blockquote><iframe sandbox=\"allow-scripts\" security=\"restricted\" src=\"http:\/\/denizcankizil.tr\/de\/hukukihaber\/cumhuriyet-savcisi-mutalaa-ile-bagli-midir\/embed\/#?secret=ZNB3i3suVt\" width=\"600\" height=\"338\" title=\"&#8222;Cumhuriyet Savc\u0131s\u0131 M\u00fctalaa ile Ba\u011fl\u0131 m\u0131d\u0131r?&#8220; &#8211; Av. Deniz Can K\u0131z\u0131l\" data-secret=\"ZNB3i3suVt\" frameborder=\"0\" marginwidth=\"0\" marginheight=\"0\" scrolling=\"no\" class=\"wp-embedded-content\"><\/iframe><script>\n\/*! This file is auto-generated *\/\n!function(d,l){\"use strict\";l.querySelector&&d.addEventListener&&\"undefined\"!=typeof URL&&(d.wp=d.wp||{},d.wp.receiveEmbedMessage||(d.wp.receiveEmbedMessage=function(e){var t=e.data;if((t||t.secret||t.message||t.value)&&!\/[^a-zA-Z0-9]\/.test(t.secret)){for(var s,r,n,a=l.querySelectorAll('iframe[data-secret=\"'+t.secret+'\"]'),o=l.querySelectorAll('blockquote[data-secret=\"'+t.secret+'\"]'),c=new RegExp(\"^https?:$\",\"i\"),i=0;i<o.length;i++)o[i].style.display=\"none\";for(i=0;i<a.length;i++)s=a[i],e.source===s.contentWindow&&(s.removeAttribute(\"style\"),\"height\"===t.message?(1e3<(r=parseInt(t.value,10))?r=1e3:~~r<200&&(r=200),s.height=r):\"link\"===t.message&&(r=new URL(s.getAttribute(\"src\")),n=new URL(t.value),c.test(n.protocol))&&n.host===r.host&&l.activeElement===s&&(d.top.location.href=t.value))}},d.addEventListener(\"message\",d.wp.receiveEmbedMessage,!1),l.addEventListener(\"DOMContentLoaded\",function(){for(var e,t,s=l.querySelectorAll(\"iframe.wp-embedded-content\"),r=0;r<s.length;r++)(t=(e=s[r]).getAttribute(\"data-secret\"))||(t=Math.random().toString(36).substring(2,12),e.src+=\"#?secret=\"+t,e.setAttribute(\"data-secret\",t)),e.contentWindow.postMessage({message:\"ready\",secret:t},\"*\")},!1)))}(window,document);\n\/\/# sourceURL=http:\/\/denizcankizil.tr\/wp-includes\/js\/wp-embed.min.js\n<\/script>","description":"Ceza yarg\u0131lamas\u0131n\u0131n esasl\u0131 unsurlar\u0131ndan birisi de Cumhuriyet savc\u0131s\u0131 yani iddia makam\u0131d\u0131r. Cumhuriyet savc\u0131s\u0131; soru\u015fturma a\u015famas\u0131ndaki g\u00f6revini iddianamenin d\u00fczenlenmesi ile tamamlay\u0131p, kovu\u015fturma a\u015famas\u0131na da iddia makam\u0131 olarak kat\u0131l\u0131r. Her ne kadar CMK m.160 gere\u011fince Cumhuriyet savc\u0131s\u0131, madd\u00ee ger\u00e7e\u011fin ara\u015ft\u0131r\u0131lmas\u0131 ve adil\/d\u00fcr\u00fcst bir yarg\u0131laman\u0131n yap\u0131labilmesi i\u00e7in, emrindeki adl\u00ee kolluk g\u00f6revlileri marifetiyle, \u015f\u00fcphelinin lehine ve aleyhine olan delilleri toplayarak muhafaza alt\u0131na almakla ve \u015f\u00fcphelinin haklar\u0131n\u0131 korumakla y\u00fck\u00fcml\u00fc oldu\u011fundan tarafs\u0131z g\u00f6r\u00fcnse de, genellikle kabul edilen g\u00f6r\u00fc\u015fe g\u00f6re, iddianamenin kabul edilmesi ve kovu\u015fturmaya ba\u015flanmas\u0131 ile birlikte taraf s\u0131fat\u0131n\u0131 kazanarak, iddian\u0131n savunucusu olur. Elbette Cumhuriyet savc\u0131s\u0131n\u0131n amac\u0131, hem soru\u015fturmada ve hem de kovu\u015fturmada maddi hakikate ve adalete ula\u015f\u0131lmas\u0131n\u0131 sa\u011flamakt\u0131r. \u0130deal olan, soru\u015fturmay\u0131 yap\u0131p iddianameyi d\u00fczenleyen Cumhuriyet savc\u0131s\u0131n\u0131n kovu\u015fturma a\u015famas\u0131nda da duru\u015fmalara kat\u0131larak iddianamesinin arkas\u0131nda durmas\u0131d\u0131r. Uygulamada ise genellikle kovu\u015fturma a\u015famas\u0131nda ba\u015fka bir Cumhuriyet Savc\u0131s\u0131 duru\u015fmalara kat\u0131lmakta, kendi haz\u0131rlamad\u0131\u011f\u0131 iddianamede g\u00f6sterilen iddia ve delilleri sahiplenmek durumunda kalmaktad\u0131r. Uzun s\u00fcren yarg\u0131lamalarda da s\u0131kl\u0131kla iddia makam\u0131nda bulunan Cumhuriyet savc\u0131lar\u0131n\u0131n de\u011fi\u015fti\u011fi g\u00f6r\u00fclmektedir. Bu yaz\u0131m\u0131zda k\u0131saca, a\u015fa\u011f\u0131da g\u00f6sterilen somut olay temelinde, Cumhuriyet savc\u0131s\u0131n\u0131n kendi m\u00fctalaas\u0131yla ba\u011fl\u0131 olup olmad\u0131\u011f\u0131 hususu tart\u0131\u015f\u0131lacakt\u0131r. \u00d6ncelikle belirtmeliyiz ki; Cumhuriyet savc\u0131s\u0131n\u0131n kovu\u015fturma a\u015famas\u0131ndaki g\u00f6revi her hal ve \u015fartta san\u0131\u011f\u0131n kar\u015f\u0131s\u0131nda, iddianame ve ma\u011fdur-kat\u0131lan\u0131n yan\u0131nda durmak de\u011fildir. \u0130ddianameyi d\u00fczenlemi\u015f dahi olsa, kovu\u015fturma sonunda olu\u015fan duruma g\u00f6re san\u0131k lehine &hellip;"}