{"version":"1.0","provider_name":"Av. Deniz Can K\u0131z\u0131l","provider_url":"http:\/\/denizcankizil.tr\/de","author_name":"Hukuki Haber.net","author_url":"http:\/\/denizcankizil.tr\/de\/author\/hukukihabernet\/","title":"BO\u011eAZ\u0130\u00c7\u0130 \u0130MAR REJ\u0130M\u0130NDE TAD\u0130LAT VE YAPI KAYIT BELGES\u0130","type":"rich","width":600,"height":338,"html":"<blockquote class=\"wp-embedded-content\" data-secret=\"NCb5FN5LFC\"><a href=\"http:\/\/denizcankizil.tr\/de\/hukukihaber\/bogazici-imar-rejiminde-tadilat-ve-yapi-kayit-belgesi\/\">BO\u011eAZ\u0130\u00c7\u0130 \u0130MAR REJ\u0130M\u0130NDE TAD\u0130LAT VE YAPI KAYIT BELGES\u0130<\/a><\/blockquote><iframe sandbox=\"allow-scripts\" security=\"restricted\" src=\"http:\/\/denizcankizil.tr\/de\/hukukihaber\/bogazici-imar-rejiminde-tadilat-ve-yapi-kayit-belgesi\/embed\/#?secret=NCb5FN5LFC\" width=\"600\" height=\"338\" title=\"&#8222;BO\u011eAZ\u0130\u00c7\u0130 \u0130MAR REJ\u0130M\u0130NDE TAD\u0130LAT VE YAPI KAYIT BELGES\u0130&#8220; &#8211; Av. Deniz Can K\u0131z\u0131l\" data-secret=\"NCb5FN5LFC\" frameborder=\"0\" marginwidth=\"0\" marginheight=\"0\" scrolling=\"no\" class=\"wp-embedded-content\"><\/iframe><script>\n\/*! This file is auto-generated *\/\n!function(d,l){\"use strict\";l.querySelector&&d.addEventListener&&\"undefined\"!=typeof URL&&(d.wp=d.wp||{},d.wp.receiveEmbedMessage||(d.wp.receiveEmbedMessage=function(e){var t=e.data;if((t||t.secret||t.message||t.value)&&!\/[^a-zA-Z0-9]\/.test(t.secret)){for(var s,r,n,a=l.querySelectorAll('iframe[data-secret=\"'+t.secret+'\"]'),o=l.querySelectorAll('blockquote[data-secret=\"'+t.secret+'\"]'),c=new RegExp(\"^https?:$\",\"i\"),i=0;i<o.length;i++)o[i].style.display=\"none\";for(i=0;i<a.length;i++)s=a[i],e.source===s.contentWindow&&(s.removeAttribute(\"style\"),\"height\"===t.message?(1e3<(r=parseInt(t.value,10))?r=1e3:~~r<200&&(r=200),s.height=r):\"link\"===t.message&&(r=new URL(s.getAttribute(\"src\")),n=new URL(t.value),c.test(n.protocol))&&n.host===r.host&&l.activeElement===s&&(d.top.location.href=t.value))}},d.addEventListener(\"message\",d.wp.receiveEmbedMessage,!1),l.addEventListener(\"DOMContentLoaded\",function(){for(var e,t,s=l.querySelectorAll(\"iframe.wp-embedded-content\"),r=0;r<s.length;r++)(t=(e=s[r]).getAttribute(\"data-secret\"))||(t=Math.random().toString(36).substring(2,12),e.src+=\"#?secret=\"+t,e.setAttribute(\"data-secret\",t)),e.contentWindow.postMessage({message:\"ready\",secret:t},\"*\")},!1)))}(window,document);\n\/\/# sourceURL=http:\/\/denizcankizil.tr\/wp-includes\/js\/wp-embed.min.js\n<\/script>","description":"Bo\u011fazi\u00e7i, do\u011fal yap\u0131s\u0131 ve tarihi \u00f6nemi nedeniyle genel imar kurallar\u0131ndan ayr\u0131larak, 2960 say\u0131l\u0131 \u00f6zel bir kanunla korunmaktad\u0131r. Kanun, b\u00f6lgeyi \u201csahil \u015feridi\u201d \u201c\u00f6n g\u00f6r\u00fcn\u00fcm\u201d, \u201cgeri g\u00f6r\u00fcn\u00fcm\u201d ve \u201cetkilenme\u201d b\u00f6lgeleri olarak d\u00f6rde ay\u0131rmakta; her bir b\u00f6lge i\u00e7in yap\u0131la\u015fma ve kullan\u0131m konusunda s\u0131k\u0131 s\u0131n\u0131rlamalar getirmektedir. Bu d\u00fczenlemenin amac\u0131, Bo\u011fazi\u00e7i&#8217;nin do\u011fal ve k\u00fclt\u00fcrel dokusunu korumakt\u0131r. Ancak bu koruma yakla\u015f\u0131m\u0131, b\u00f6lgede ya\u015fayanlar\u0131n m\u00fclkiyet hakk\u0131n\u0131 ihlal etmeyecek \u015fekilde uygulanmal\u0131d\u0131r. Mevcut de\u011ferlerin korunmas\u0131 kadar, zorunlu tadilatlar\u0131n gereksiz yere zorla\u015ft\u0131r\u0131lmamas\u0131 ve m\u00fclkiyet hakk\u0131n\u0131n kullan\u0131labilir olmas\u0131 da \u00f6nemlidir. Bu yaz\u0131da, Bo\u011fazi\u00e7i\u2019nin imar rejimini belirleyen temel ilkeleri ele alacak; \u00f6zellikle yap\u0131 kay\u0131t belgesi bulunan yap\u0131larda kazan\u0131lm\u0131\u015f hak meselesini, Dan\u0131\u015ftay\u2019\u0131n farkl\u0131 tarihlerde verdi\u011fi kararlar \u00e7er\u00e7evesinde tart\u0131\u015faca\u011f\u0131z. 1) Bo\u011fazi\u00e7i Alan\u0131 Nedir? Bo\u011fazi\u00e7i k\u0131y\u0131 ve sahil \u015feridinden, \u00f6ng\u00f6r\u00fcn\u00fcm b\u00f6lgesinden, geri g\u00f6r\u00fcn\u00fcm b\u00f6lgesinden ve etkilenme b\u00f6lgelerinden olu\u015fan ve s\u0131n\u0131rlar\u0131 ve koordinatlar\u0131 2960 say\u0131l\u0131 Kanuna ekli krokide i\u015faretli olan ve 22\/7\/1983 onay tarihli naz\u0131m planda g\u00f6sterilen aland\u0131r. Bu kapsamda Bo\u011fazi\u00e7i Alan\u0131 4 ayr\u0131 b\u00f6lgeden olu\u015fmaktad\u0131r. Bunlar k\u0131saca \u015f\u00f6yledir; a) Bo\u011fazi\u00e7i Sahil \u015eeridi Bo\u011fazi\u00e7i k\u0131y\u0131 kenar \u00e7izgisi ile 22\/7\/1983 tarihli 1\/5000 \u00f6l\u00e7ekli naz\u0131m plan\u0131nda g\u00f6sterilen hat aras\u0131nda kalan b\u00f6lgedir. b) \u00d6ng\u00f6r\u00fcn\u00fcm B\u00f6lgesi Bo\u011fazi\u00e7i sahil \u015feridine biti\u015fik olan ve 22\/7\/1983 tarihli 1\/1000 \u00f6l\u00e7ekli imar uygulama plan\u0131nda g\u00f6sterilen b\u00f6lgedir. c) Geri G\u00f6r\u00fcn\u00fcm B\u00f6lgesi \u00d6ng\u00f6r\u00fcn\u00fcm b\u00f6lgesine biti\u015fik olan ve &hellip;"}