{"version":"1.0","provider_name":"Av. Deniz Can K\u0131z\u0131l","provider_url":"http:\/\/denizcankizil.tr\/de","author_name":"Hukuki Haber.net","author_url":"http:\/\/denizcankizil.tr\/de\/author\/hukukihabernet\/","title":"Baro Ba\u015fkan\u0131 Ad\u0131yaman\u2019\u0131n Avukatlar G\u00fcn\u00fc mesaj\u0131","type":"rich","width":600,"height":338,"html":"<blockquote class=\"wp-embedded-content\" data-secret=\"S4sunh4vVB\"><a href=\"http:\/\/denizcankizil.tr\/de\/hukukihaber\/baro-baskani-adiyamanin-avukatlar-gunu-mesaji\/\">Baro Ba\u015fkan\u0131 Ad\u0131yaman\u2019\u0131n Avukatlar G\u00fcn\u00fc mesaj\u0131<\/a><\/blockquote><iframe sandbox=\"allow-scripts\" security=\"restricted\" src=\"http:\/\/denizcankizil.tr\/de\/hukukihaber\/baro-baskani-adiyamanin-avukatlar-gunu-mesaji\/embed\/#?secret=S4sunh4vVB\" width=\"600\" height=\"338\" title=\"&#8222;Baro Ba\u015fkan\u0131 Ad\u0131yaman\u2019\u0131n Avukatlar G\u00fcn\u00fc mesaj\u0131&#8220; &#8211; Av. Deniz Can K\u0131z\u0131l\" data-secret=\"S4sunh4vVB\" frameborder=\"0\" marginwidth=\"0\" marginheight=\"0\" scrolling=\"no\" class=\"wp-embedded-content\"><\/iframe><script>\n\/*! This file is auto-generated *\/\n!function(d,l){\"use strict\";l.querySelector&&d.addEventListener&&\"undefined\"!=typeof URL&&(d.wp=d.wp||{},d.wp.receiveEmbedMessage||(d.wp.receiveEmbedMessage=function(e){var t=e.data;if((t||t.secret||t.message||t.value)&&!\/[^a-zA-Z0-9]\/.test(t.secret)){for(var s,r,n,a=l.querySelectorAll('iframe[data-secret=\"'+t.secret+'\"]'),o=l.querySelectorAll('blockquote[data-secret=\"'+t.secret+'\"]'),c=new RegExp(\"^https?:$\",\"i\"),i=0;i<o.length;i++)o[i].style.display=\"none\";for(i=0;i<a.length;i++)s=a[i],e.source===s.contentWindow&&(s.removeAttribute(\"style\"),\"height\"===t.message?(1e3<(r=parseInt(t.value,10))?r=1e3:~~r<200&&(r=200),s.height=r):\"link\"===t.message&&(r=new URL(s.getAttribute(\"src\")),n=new URL(t.value),c.test(n.protocol))&&n.host===r.host&&l.activeElement===s&&(d.top.location.href=t.value))}},d.addEventListener(\"message\",d.wp.receiveEmbedMessage,!1),l.addEventListener(\"DOMContentLoaded\",function(){for(var e,t,s=l.querySelectorAll(\"iframe.wp-embedded-content\"),r=0;r<s.length;r++)(t=(e=s[r]).getAttribute(\"data-secret\"))||(t=Math.random().toString(36).substring(2,12),e.src+=\"#?secret=\"+t,e.setAttribute(\"data-secret\",t)),e.contentWindow.postMessage({message:\"ready\",secret:t},\"*\")},!1)))}(window,document);\n\/\/# sourceURL=http:\/\/denizcankizil.tr\/wp-includes\/js\/wp-embed.min.js\n<\/script>","description":"Ba\u015fkan Ad\u0131yaman, \u201cBug\u00fcn, hukukun \u00fcst\u00fcnl\u00fc\u011f\u00fcn\u00fcn ve adil yarg\u0131lanma hakk\u0131n\u0131n g\u00fcvencesi olan biz avukatlar\u0131n g\u00fcn\u00fc\u2026 5 Nisan Avukatlar G\u00fcn\u00fc\u2019n\u00fc kutlaman\u0131n onurunu ya\u015f\u0131yoruz. Hukuk, yaln\u0131zca kanunlardan ibaret de\u011fildir; ger\u00e7ek anlam\u0131n\u0131 adil yarg\u0131lama, ba\u011f\u0131ms\u0131z savunma ve g\u00fc\u00e7l\u00fc bir avukatl\u0131k mesle\u011fi ile kazan\u0131r. Avukatlar\u0131n \u00f6zg\u00fcr olmad\u0131\u011f\u0131 bir toplumda, hak arama \u00f6zg\u00fcrl\u00fc\u011f\u00fc de yok olur. Bu nedenle bizler, sadece m\u00fcvekkillerimizin de\u011fil, ayn\u0131 zamanda hukukun ve adaletin savunucular\u0131y\u0131z. Ancak ne yaz\u0131k ki, avukatlar\u0131n mesleklerini icra ederken kar\u015f\u0131la\u015ft\u0131klar\u0131 engeller ve savunma hakk\u0131na y\u00f6nelik tehditler giderek artmaktad\u0131r. Oysa adaletin tam anlam\u0131yla sa\u011flanabilmesi i\u00e7in g\u00fc\u00e7l\u00fc bir savunma \u015fartt\u0131r. Savunma hakk\u0131n\u0131n temsilcisi olan avukatlar\u0131n haklar\u0131 ivedilikle sa\u011flanmal\u0131d\u0131r. Bug\u00fcn, t\u00fcm meslekta\u015flar\u0131m\u0131za olan sorumlulu\u011fumuzla, hukukun \u00fcst\u00fcnl\u00fc\u011f\u00fcn\u00fc savunmaya devam edece\u011fimizi bir kez daha vurguluyoruz. Avukatlar\u0131n sayg\u0131nl\u0131k i\u00e7inde mesleklerini icra edebildi\u011fi, hukukun herkese e\u015fit uyguland\u0131\u011f\u0131 bir T\u00fcrkiye i\u00e7in m\u00fccadelemizi s\u00fcrd\u00fcrece\u011fiz. Bu vesileyle, mesle\u011fimizin onurunu ta\u015f\u0131yan t\u00fcm meslekta\u015flar\u0131m\u0131z\u0131n 5 Nisan Avukatlar G\u00fcn\u00fc\u2019n\u00fc kutluyor, hukukun ve adaletin egemen oldu\u011fu bir gelecek diliyorum. Sayg\u0131lar\u0131mla\u201d \u015feklinde konu\u015ftu. \u200bSakarya Barosu Ba\u015fkan\u0131 Av. Musa Ad\u0131yaman, 5 Nisan Avukatlar G\u00fcn\u00fc sebebiyle bir mesaj yay\u0131mlad\u0131.\u00a0Hukuki Haber"}