{"version":"1.0","provider_name":"Av. Deniz Can K\u0131z\u0131l","provider_url":"http:\/\/denizcankizil.tr\/de","author_name":"Hukuki Haber.net","author_url":"http:\/\/denizcankizil.tr\/de\/author\/hukukihabernet\/","title":"AYM'nin 2021\/956 ba\u015fvuru numaral\u0131 karar\u0131","type":"rich","width":600,"height":338,"html":"<blockquote class=\"wp-embedded-content\" data-secret=\"SPYq9ryRzK\"><a href=\"http:\/\/denizcankizil.tr\/de\/hukukihaber\/aymnin-2021-956-basvuru-numarali-karari\/\">AYM&#8217;nin 2021\/956 ba\u015fvuru numaral\u0131 karar\u0131<\/a><\/blockquote><iframe sandbox=\"allow-scripts\" security=\"restricted\" src=\"http:\/\/denizcankizil.tr\/de\/hukukihaber\/aymnin-2021-956-basvuru-numarali-karari\/embed\/#?secret=SPYq9ryRzK\" width=\"600\" height=\"338\" title=\"&#8222;AYM&#8217;nin 2021\/956 ba\u015fvuru numaral\u0131 karar\u0131&#8220; &#8211; Av. Deniz Can K\u0131z\u0131l\" data-secret=\"SPYq9ryRzK\" frameborder=\"0\" marginwidth=\"0\" marginheight=\"0\" scrolling=\"no\" class=\"wp-embedded-content\"><\/iframe><script>\n\/*! This file is auto-generated *\/\n!function(d,l){\"use strict\";l.querySelector&&d.addEventListener&&\"undefined\"!=typeof URL&&(d.wp=d.wp||{},d.wp.receiveEmbedMessage||(d.wp.receiveEmbedMessage=function(e){var t=e.data;if((t||t.secret||t.message||t.value)&&!\/[^a-zA-Z0-9]\/.test(t.secret)){for(var s,r,n,a=l.querySelectorAll('iframe[data-secret=\"'+t.secret+'\"]'),o=l.querySelectorAll('blockquote[data-secret=\"'+t.secret+'\"]'),c=new RegExp(\"^https?:$\",\"i\"),i=0;i<o.length;i++)o[i].style.display=\"none\";for(i=0;i<a.length;i++)s=a[i],e.source===s.contentWindow&&(s.removeAttribute(\"style\"),\"height\"===t.message?(1e3<(r=parseInt(t.value,10))?r=1e3:~~r<200&&(r=200),s.height=r):\"link\"===t.message&&(r=new URL(s.getAttribute(\"src\")),n=new URL(t.value),c.test(n.protocol))&&n.host===r.host&&l.activeElement===s&&(d.top.location.href=t.value))}},d.addEventListener(\"message\",d.wp.receiveEmbedMessage,!1),l.addEventListener(\"DOMContentLoaded\",function(){for(var e,t,s=l.querySelectorAll(\"iframe.wp-embedded-content\"),r=0;r<s.length;r++)(t=(e=s[r]).getAttribute(\"data-secret\"))||(t=Math.random().toString(36).substring(2,12),e.src+=\"#?secret=\"+t,e.setAttribute(\"data-secret\",t)),e.contentWindow.postMessage({message:\"ready\",secret:t},\"*\")},!1)))}(window,document);\n\/\/# sourceURL=http:\/\/denizcankizil.tr\/wp-includes\/js\/wp-embed.min.js\n<\/script>","description":"T\u00dcRK\u0130YE CUMHUR\u0130YET\u0130 ANAYASA MAHKEMES\u0130 \u00a0 \u00a0 \u0130K\u0130NC\u0130 B\u00d6L\u00dcM \u00a0 KARAR \u00a0 HASAN DEM\u0130R BA\u015eVURUSU (Ba\u015fvuru Numaras\u0131: 2021\/956) \u00a0 Karar Tarihi: 17\/12\/2024 R.G. Tarih ve Say\u0131: 29\/4\/2025 &#8211; 32885 \u00a0 \u0130K\u0130NC\u0130 B\u00d6L\u00dcM \u00a0 KARAR Ba\u015fkan : Basri BA\u011eCI \u00dcyeler : Engin YILDIRIM \u00a0 \u00a0 Kenan YA\u015eAR \u00a0 \u00a0 \u00d6mer \u00c7INAR \u00a0 \u00a0 Metin KIRATLI Raport\u00f6r : Eren Can BENAKAY Ba\u015fvurucu : Hasan DEM\u0130R Vekili : Av. Sema KELE\u015e \u00a0 I. BA\u015eVURUNUN \u00d6ZET\u0130 1. Ba\u015fvuru, memnu haklar\u0131n\u0131n iadesine ili\u015fkin yap\u0131lan yarg\u0131lamada davan\u0131n sonucuna etkili iddian\u0131n kararda kar\u015f\u0131lanmamas\u0131 nedeniyle gerek\u00e7eli karar hakk\u0131n\u0131n ihlal edildi\u011fi iddias\u0131na ili\u015fkindir. 2. Ba\u015fvurucunun, \u0130zmir (Kapat\u0131lan) 8. A\u011f\u0131r Ceza Mahkemesinin (Mahkeme) 26\/10\/2010 tarihli karar\u0131yla ter\u00f6r \u00f6rg\u00fct\u00fc propagandas\u0131 yapma su\u00e7undan 10 ay hapis cezas\u0131 ile cezaland\u0131r\u0131lmas\u0131na, 26\/9\/2004 tarihli ve 5237 say\u0131l\u0131 T\u00fcrk Ceza Kanunu&#8217;nun 53. maddesindeki haklar\u0131 kullanmaktan yoksun b\u0131rak\u0131lmas\u0131na karar verilmi\u015ftir. Karar 3\/11\/2010 tarihinde istinaf kanun yoluna ba\u015fvurulmadan kesinle\u015fmi\u015ftir. 3. Ba\u015fvurucu 5\/5\/2020 tarihli dilek\u00e7esi ile Mahkemeden memnu haklar\u0131n\u0131n iadesi talebinde bulunmu\u015ftur. 4. Mahkeme 4\/6\/2020 tarihinde talebi reddetmi\u015ftir. Karar\u0131n gerek\u00e7esinin ilgili k\u0131sm\u0131 \u015f\u00f6yledir: &#8220;&#8230;her ne kadar kamu haklar\u0131ndan yasakl\u0131l\u0131\u011f\u0131n kald\u0131r\u0131lmas\u0131 ve memnu haklar\u0131n geri verilmesini talep etmi\u015f ise de, h\u00fck\u00fcmde a\u00e7\u0131k\u00e7a 5237 Say\u0131l\u0131 TCK.nun 53. maddesindeki haklar\u0131 kullanmaktan, bu maddede belirtilen ko\u015fullar \u00e7er\u00e7evesinde yoksun b\u0131rak\u0131lmas\u0131na karar\u0131 verildi\u011fi, ancak h\u00fck\u00fcml\u00fcn\u00fcn sosyal &hellip;"}