{"version":"1.0","provider_name":"Av. Deniz Can K\u0131z\u0131l","provider_url":"http:\/\/denizcankizil.tr\/de","author_name":"Hukuki Haber.net","author_url":"http:\/\/denizcankizil.tr\/de\/author\/hukukihabernet\/","title":"AYM'nin 2021\/3130 ba\u015fvuru numaral\u0131 karar\u0131","type":"rich","width":600,"height":338,"html":"<blockquote class=\"wp-embedded-content\" data-secret=\"mzlpga9FtK\"><a href=\"http:\/\/denizcankizil.tr\/de\/hukukihaber\/aymnin-2021-3130-basvuru-numarali-karari\/\">AYM&#8217;nin 2021\/3130 ba\u015fvuru numaral\u0131 karar\u0131<\/a><\/blockquote><iframe sandbox=\"allow-scripts\" security=\"restricted\" src=\"http:\/\/denizcankizil.tr\/de\/hukukihaber\/aymnin-2021-3130-basvuru-numarali-karari\/embed\/#?secret=mzlpga9FtK\" width=\"600\" height=\"338\" title=\"&#8222;AYM&#8217;nin 2021\/3130 ba\u015fvuru numaral\u0131 karar\u0131&#8220; &#8211; Av. Deniz Can K\u0131z\u0131l\" data-secret=\"mzlpga9FtK\" frameborder=\"0\" marginwidth=\"0\" marginheight=\"0\" scrolling=\"no\" class=\"wp-embedded-content\"><\/iframe><script>\n\/*! This file is auto-generated *\/\n!function(d,l){\"use strict\";l.querySelector&&d.addEventListener&&\"undefined\"!=typeof URL&&(d.wp=d.wp||{},d.wp.receiveEmbedMessage||(d.wp.receiveEmbedMessage=function(e){var t=e.data;if((t||t.secret||t.message||t.value)&&!\/[^a-zA-Z0-9]\/.test(t.secret)){for(var s,r,n,a=l.querySelectorAll('iframe[data-secret=\"'+t.secret+'\"]'),o=l.querySelectorAll('blockquote[data-secret=\"'+t.secret+'\"]'),c=new RegExp(\"^https?:$\",\"i\"),i=0;i<o.length;i++)o[i].style.display=\"none\";for(i=0;i<a.length;i++)s=a[i],e.source===s.contentWindow&&(s.removeAttribute(\"style\"),\"height\"===t.message?(1e3<(r=parseInt(t.value,10))?r=1e3:~~r<200&&(r=200),s.height=r):\"link\"===t.message&&(r=new URL(s.getAttribute(\"src\")),n=new URL(t.value),c.test(n.protocol))&&n.host===r.host&&l.activeElement===s&&(d.top.location.href=t.value))}},d.addEventListener(\"message\",d.wp.receiveEmbedMessage,!1),l.addEventListener(\"DOMContentLoaded\",function(){for(var e,t,s=l.querySelectorAll(\"iframe.wp-embedded-content\"),r=0;r<s.length;r++)(t=(e=s[r]).getAttribute(\"data-secret\"))||(t=Math.random().toString(36).substring(2,12),e.src+=\"#?secret=\"+t,e.setAttribute(\"data-secret\",t)),e.contentWindow.postMessage({message:\"ready\",secret:t},\"*\")},!1)))}(window,document);\n\/\/# sourceURL=http:\/\/denizcankizil.tr\/wp-includes\/js\/wp-embed.min.js\n<\/script>","description":"T\u00dcRK\u0130YE CUMHUR\u0130YET\u0130 ANAYASA MAHKEMES\u0130 \u00a0 \u00a0 \u0130K\u0130NC\u0130 B\u00d6L\u00dcM \u00a0 KARAR \u00a0 CAFER ORU\u00c7 BA\u015eVURUSU (Ba\u015fvuru Numaras\u0131: 2021\/3130) \u00a0 Karar Tarihi: 4\/2\/2025 \u0130K\u0130NC\u0130 B\u00d6L\u00dcM \u00a0 KARAR \u00a0 \u00a0 Ba\u015fkan : Basri BA\u011eCI \u00dcyeler : Engin YILDIRIM \u00a0 \u00a0 R\u0131dvan G\u00dcLE\u00c7 \u00a0 \u00a0 Y\u0131ld\u0131z SEFER\u0130NO\u011eLU \u00a0 \u00a0 Metin KIRATLI Raport\u00f6r : Eren Can BENAKAY Ba\u015fvurucu : Cafer ORU\u00c7 Vekili : Av. Muhammet Polat \u0130\u00c7TEN \u00a0 I. BA\u015eVURUNUN \u00d6ZET\u0130 1. Ba\u015fvuru, i\u015f\u00e7i alacaklar\u0131n\u0131n tahsili amac\u0131yla a\u00e7\u0131lan davada, davan\u0131n sonucuna etkili iddialar\u0131n kararda kar\u015f\u0131lanmamas\u0131 nedeniyle gerek\u00e7eli karar hakk\u0131n\u0131n ihlal edildi\u011fi iddias\u0131na ili\u015fkindir. 2. Ba\u015fvurucu 27\/9\/2014 ile 12\/1\/2018 tarihleri aras\u0131nda \u00f6n muhasebe g\u00f6revlisi olarak asgari \u00fccret kar\u015f\u0131l\u0131\u011f\u0131nda \u00e7al\u0131\u015fm\u0131\u015ft\u0131r. Ba\u015fvurucu i\u015f akdini tek tarafl\u0131 olarak feshettikten sonra dini bayramlar\u0131n birinci g\u00fcn\u00fc ve arefe g\u00fcnleri d\u0131\u015f\u0131nda t\u00fcm tatil g\u00fcnlerinde \u00e7al\u0131\u015ft\u0131\u011f\u0131n\u0131, fazla \u00e7al\u0131\u015fma ve di\u011fer \u00fccretlerinin \u00f6denmemi\u015f olmas\u0131 nedeni ile i\u015fi b\u0131rakt\u0131\u011f\u0131n\u0131 ancak psikolojik bask\u0131 nedeni ile istifa dilek\u00e7esi vermek zorunda kald\u0131\u011f\u0131n\u0131 belirterek k\u0131dem tazminat\u0131, fazla mesai alaca\u011f\u0131 ve ulusal bayram genel tatil alaca\u011f\u0131na karar verilmesi amac\u0131yla 30\/7\/2018 tarihinde dava a\u00e7m\u0131\u015ft\u0131r. 3. Ba\u015fvurucu dava dilek\u00e7esinde, haftan\u0131n alt\u0131 g\u00fcn\u00fc, ulusal bayram ve genel tatillerde, dini bayramlarda ise arefe ve bayram\u0131n birinci g\u00fcn\u00fc hari\u00e7 \u00e7al\u0131\u015ft\u0131\u011f\u0131n\u0131 belirtmi\u015ftir. \u015eirket i\u00e7i elektronik postalar\u0131n \u015fahsi hesab\u0131 \u00fczerinden at\u0131ld\u0131\u011f\u0131n\u0131, elektronik postalar incelendi\u011finde hangi g\u00fcnler ne &hellip;"}