{"version":"1.0","provider_name":"Av. Deniz Can K\u0131z\u0131l","provider_url":"http:\/\/denizcankizil.tr\/de","author_name":"Hukuki Haber.net","author_url":"http:\/\/denizcankizil.tr\/de\/author\/hukukihabernet\/","title":"AYM'nin 2020\/38098 ba\u015fvuru numaral\u0131 karar\u0131","type":"rich","width":600,"height":338,"html":"<blockquote class=\"wp-embedded-content\" data-secret=\"ilpgXcfExe\"><a href=\"http:\/\/denizcankizil.tr\/de\/hukukihaber\/aymnin-2020-38098-basvuru-numarali-karari\/\">AYM&#8217;nin 2020\/38098 ba\u015fvuru numaral\u0131 karar\u0131<\/a><\/blockquote><iframe sandbox=\"allow-scripts\" security=\"restricted\" src=\"http:\/\/denizcankizil.tr\/de\/hukukihaber\/aymnin-2020-38098-basvuru-numarali-karari\/embed\/#?secret=ilpgXcfExe\" width=\"600\" height=\"338\" title=\"&#8222;AYM&#8217;nin 2020\/38098 ba\u015fvuru numaral\u0131 karar\u0131&#8220; &#8211; Av. Deniz Can K\u0131z\u0131l\" data-secret=\"ilpgXcfExe\" frameborder=\"0\" marginwidth=\"0\" marginheight=\"0\" scrolling=\"no\" class=\"wp-embedded-content\"><\/iframe><script>\n\/*! This file is auto-generated *\/\n!function(d,l){\"use strict\";l.querySelector&&d.addEventListener&&\"undefined\"!=typeof URL&&(d.wp=d.wp||{},d.wp.receiveEmbedMessage||(d.wp.receiveEmbedMessage=function(e){var t=e.data;if((t||t.secret||t.message||t.value)&&!\/[^a-zA-Z0-9]\/.test(t.secret)){for(var s,r,n,a=l.querySelectorAll('iframe[data-secret=\"'+t.secret+'\"]'),o=l.querySelectorAll('blockquote[data-secret=\"'+t.secret+'\"]'),c=new RegExp(\"^https?:$\",\"i\"),i=0;i<o.length;i++)o[i].style.display=\"none\";for(i=0;i<a.length;i++)s=a[i],e.source===s.contentWindow&&(s.removeAttribute(\"style\"),\"height\"===t.message?(1e3<(r=parseInt(t.value,10))?r=1e3:~~r<200&&(r=200),s.height=r):\"link\"===t.message&&(r=new URL(s.getAttribute(\"src\")),n=new URL(t.value),c.test(n.protocol))&&n.host===r.host&&l.activeElement===s&&(d.top.location.href=t.value))}},d.addEventListener(\"message\",d.wp.receiveEmbedMessage,!1),l.addEventListener(\"DOMContentLoaded\",function(){for(var e,t,s=l.querySelectorAll(\"iframe.wp-embedded-content\"),r=0;r<s.length;r++)(t=(e=s[r]).getAttribute(\"data-secret\"))||(t=Math.random().toString(36).substring(2,12),e.src+=\"#?secret=\"+t,e.setAttribute(\"data-secret\",t)),e.contentWindow.postMessage({message:\"ready\",secret:t},\"*\")},!1)))}(window,document);\n\/\/# sourceURL=http:\/\/denizcankizil.tr\/wp-includes\/js\/wp-embed.min.js\n<\/script>","description":"T\u00dcRK\u0130YE CUMHUR\u0130YET\u0130 ANAYASA MAHKEMES\u0130 \u00a0 \u00a0 \u0130K\u0130NC\u0130 B\u00d6L\u00dcM \u00a0 KARAR \u00a0 E. T. BA\u015eVURUSU (Ba\u015fvuru Numaras\u0131: 2020\/38098) \u00a0 Karar Tarihi: 27\/2\/2025 \u0130K\u0130NC\u0130 B\u00d6L\u00dcM \u00a0 KARAR \u00a0 \u00a0 Ba\u015fkan : Basri BA\u011eCI \u00dcyeler : Engin YILDIRIM \u00a0 \u00a0 R\u0131dvan G\u00dcLE\u00c7 \u00a0 \u00a0 Kenan YA\u015eAR \u00a0 \u00a0 Metin KIRATLI Raport\u00f6r : Olcay \u00d6ZCAN Ba\u015fvurucu : Vekili : Av. \u0130dris \u015eAH\u0130N \u00a0 I. BA\u015eVURUNUN \u00d6ZET\u0130 1. Ba\u015fvuru, miras yoluyla intikal eden ta\u015f\u0131nmaz\u0131n ola\u011fan\u00fcst\u00fc zamana\u015f\u0131m\u0131 zilyetli\u011fi ile edinildi\u011fi gerek\u00e7esiyle a\u00e7\u0131lan tapu iptal ve tescil davas\u0131n\u0131n kabul\u00fcne karar verilmesi nedeniyle m\u00fclkiyet hakk\u0131n\u0131n ihlal edildi\u011fi iddias\u0131na ili\u015fkindir. 2. M.S.K. 18\/9\/2015 tarihinde ba\u015fvurucunun da aralar\u0131nda oldu\u011fu yirmi alt\u0131 daval\u0131 aleyhine Ordu 2. Asliye Hukuk Mahkemesinde (Asliye Hukuk Mahkemesi) tapu iptali ve tescil talebiyle dava a\u00e7m\u0131\u015ft\u0131r. Bu davada, Ordu&#8217;nun Alt\u0131nordu il\u00e7esinde bulunan 2306 ada 16, 17, 18 ve 19, 4830 ada 1 ve 1326 ada 22 parsel say\u0131l\u0131 ta\u015f\u0131nmazlar\u0131n ifraz \u00f6ncesi geldisi olan 208 No.lu parseli 1958 y\u0131l\u0131nda malikler R.F. ile e\u015fi E.F.den sat\u0131n ald\u0131\u011f\u0131n\u0131 ancak bu ki\u015filerin fera\u011f verememesi nedeniyle 1962 y\u0131l\u0131nda vek\u00e2letname d\u00fczenlendi\u011fini, eski maliklerle daha sonra irtibat kuramad\u0131\u011f\u0131n\u0131, maliklerin 1982 ve 1983 y\u0131llar\u0131nda \u00f6ld\u00fc\u011f\u00fcn\u00fc ileri s\u00fcrm\u00fc\u015ft\u00fcr. 1958 y\u0131l\u0131ndan bu yana ta\u015f\u0131nmazlar\u0131 nizas\u0131z ve fas\u0131las\u0131z olarak kulland\u0131\u011f\u0131n\u0131, emlak vergilerini \u00f6dedi\u011fini ve eski maliklerin miras\u00e7\u0131lar\u0131n\u0131n bu s\u00fcrede &hellip;"}