{"version":"1.0","provider_name":"Av. Deniz Can K\u0131z\u0131l","provider_url":"http:\/\/denizcankizil.tr\/de","author_name":"Av. Deniz Can K\u0131z\u0131l","author_url":"http:\/\/denizcankizil.tr\/de","title":"Yurtta bug\u00fcn hava nas\u0131l olacak?","type":"rich","width":600,"height":338,"html":"<blockquote class=\"wp-embedded-content\" data-secret=\"m6QlQt41Lz\"><a href=\"http:\/\/denizcankizil.tr\/de\/haberler\/gundem\/yurtta-bugun-hava-nasil-olacak\/\">Yurtta bug\u00fcn hava nas\u0131l olacak?<\/a><\/blockquote><iframe sandbox=\"allow-scripts\" security=\"restricted\" src=\"http:\/\/denizcankizil.tr\/de\/haberler\/gundem\/yurtta-bugun-hava-nasil-olacak\/embed\/#?secret=m6QlQt41Lz\" width=\"600\" height=\"338\" title=\"&#8222;Yurtta bug\u00fcn hava nas\u0131l olacak?&#8220; &#8211; Av. Deniz Can K\u0131z\u0131l\" data-secret=\"m6QlQt41Lz\" frameborder=\"0\" marginwidth=\"0\" marginheight=\"0\" scrolling=\"no\" class=\"wp-embedded-content\"><\/iframe><script>\n\/*! This file is auto-generated *\/\n!function(d,l){\"use strict\";l.querySelector&&d.addEventListener&&\"undefined\"!=typeof URL&&(d.wp=d.wp||{},d.wp.receiveEmbedMessage||(d.wp.receiveEmbedMessage=function(e){var t=e.data;if((t||t.secret||t.message||t.value)&&!\/[^a-zA-Z0-9]\/.test(t.secret)){for(var s,r,n,a=l.querySelectorAll('iframe[data-secret=\"'+t.secret+'\"]'),o=l.querySelectorAll('blockquote[data-secret=\"'+t.secret+'\"]'),c=new RegExp(\"^https?:$\",\"i\"),i=0;i<o.length;i++)o[i].style.display=\"none\";for(i=0;i<a.length;i++)s=a[i],e.source===s.contentWindow&&(s.removeAttribute(\"style\"),\"height\"===t.message?(1e3<(r=parseInt(t.value,10))?r=1e3:~~r<200&&(r=200),s.height=r):\"link\"===t.message&&(r=new URL(s.getAttribute(\"src\")),n=new URL(t.value),c.test(n.protocol))&&n.host===r.host&&l.activeElement===s&&(d.top.location.href=t.value))}},d.addEventListener(\"message\",d.wp.receiveEmbedMessage,!1),l.addEventListener(\"DOMContentLoaded\",function(){for(var e,t,s=l.querySelectorAll(\"iframe.wp-embedded-content\"),r=0;r<s.length;r++)(t=(e=s[r]).getAttribute(\"data-secret\"))||(t=Math.random().toString(36).substring(2,12),e.src+=\"#?secret=\"+t,e.setAttribute(\"data-secret\",t)),e.contentWindow.postMessage({message:\"ready\",secret:t},\"*\")},!1)))}(window,document);\n\/\/# sourceURL=http:\/\/denizcankizil.tr\/wp-includes\/js\/wp-embed.min.js\n<\/script>","description":"Meteoroloji, T\u00fcrkiye&#8217;nin kuzey ve do\u011fu kesimlerinin par\u00e7al\u0131 bulutlu, di\u011fer yerlerin az bulutlu ve a\u00e7\u0131k ge\u00e7ece\u011fi tahmin etti. Marmara ile yurdun i\u00e7 kesimlerinde yer yer sis ve pus bekleniyor.ANKARA (\u0130GFA) &#8211; Meteoroloji Genel M\u00fcd\u00fcrl\u00fc\u011f\u00fc, 27 Ekim Pazar g\u00fcn\u00fcne ili\u015fkin g\u00fcnl\u00fck hava tahmin raporunu yay\u0131mlad\u0131. Yap\u0131lan son tahminlere g\u00f6re yurt genelinde bug\u00fcn ya\u011f\u0131\u015f beklenmiyor. T\u00fcrkiye&#8217;nin kuzey ve do\u011fu kesimlerinin par\u00e7al\u0131 bulutlu, di\u011fer yerlerin az bulutlu ve a\u00e7\u0131k ge\u00e7ece\u011fi tahmin edilirken, Marmara ile yurdun i\u00e7 kesimlerinde yer yer sis ve pus bekleniyor. Hava s\u0131cakl\u0131\u011f\u0131nda \u00f6nemli bir de\u011fi\u015fiklik beklenmedi\u011fi T\u00fcrkiye&#8217;de bat\u0131 b\u00f6lgelerde mevsim normallerinin biraz \u00fczerinde, di\u011fer yerlerde mevsim normalleri civar\u0131nda seyredece\u011fi tahmin ediliyor. R\u00fczgar\u0131n ise genellikle kuzeyli y\u00f6nlerden hafif, ara s\u0131ra orta kuvvette esmesi bekleniyor. \u200bMeteoroloji, T\u00fcrkiye&#8217;nin kuzey ve do\u011fu kesimlerinin par\u00e7al\u0131 bulutlu, di\u011fer yerlerin az bulutlu ve a\u00e7\u0131k ge\u00e7ece\u011fi tahmin etti Marmara ile yurdun i\u00e7 kesimlerinde yer yer sis ve pus bekleniyor\u00a0 \u200bHaberin Al\u0131nt\u0131land\u0131\u011f\u0131 Kaynak: www.iskenderun.org"}