{"version":"1.0","provider_name":"Av. Deniz Can K\u0131z\u0131l","provider_url":"http:\/\/denizcankizil.tr\/de","author_name":"admin","author_url":"http:\/\/denizcankizil.tr\/de\/author\/admin\/","title":"T\u00fcrkiye-\u00c7in Medya Forumu\u2019nda adalet ve hakikat vurgusu","type":"rich","width":600,"height":338,"html":"<blockquote class=\"wp-embedded-content\" data-secret=\"XKTGfxaXb3\"><a href=\"http:\/\/denizcankizil.tr\/de\/haberler\/gundem\/turkiye-cin-medya-forumunda-adalet-ve-hakikat-vurgusu\/\">T\u00fcrkiye-\u00c7in Medya Forumu\u2019nda adalet ve hakikat vurgusu<\/a><\/blockquote><iframe sandbox=\"allow-scripts\" security=\"restricted\" src=\"http:\/\/denizcankizil.tr\/de\/haberler\/gundem\/turkiye-cin-medya-forumunda-adalet-ve-hakikat-vurgusu\/embed\/#?secret=XKTGfxaXb3\" width=\"600\" height=\"338\" title=\"&#8222;T\u00fcrkiye-\u00c7in Medya Forumu\u2019nda adalet ve hakikat vurgusu&#8220; &#8211; Av. Deniz Can K\u0131z\u0131l\" data-secret=\"XKTGfxaXb3\" frameborder=\"0\" marginwidth=\"0\" marginheight=\"0\" scrolling=\"no\" class=\"wp-embedded-content\"><\/iframe><script>\n\/*! This file is auto-generated *\/\n!function(d,l){\"use strict\";l.querySelector&&d.addEventListener&&\"undefined\"!=typeof URL&&(d.wp=d.wp||{},d.wp.receiveEmbedMessage||(d.wp.receiveEmbedMessage=function(e){var t=e.data;if((t||t.secret||t.message||t.value)&&!\/[^a-zA-Z0-9]\/.test(t.secret)){for(var s,r,n,a=l.querySelectorAll('iframe[data-secret=\"'+t.secret+'\"]'),o=l.querySelectorAll('blockquote[data-secret=\"'+t.secret+'\"]'),c=new RegExp(\"^https?:$\",\"i\"),i=0;i<o.length;i++)o[i].style.display=\"none\";for(i=0;i<a.length;i++)s=a[i],e.source===s.contentWindow&&(s.removeAttribute(\"style\"),\"height\"===t.message?(1e3<(r=parseInt(t.value,10))?r=1e3:~~r<200&&(r=200),s.height=r):\"link\"===t.message&&(r=new URL(s.getAttribute(\"src\")),n=new URL(t.value),c.test(n.protocol))&&n.host===r.host&&l.activeElement===s&&(d.top.location.href=t.value))}},d.addEventListener(\"message\",d.wp.receiveEmbedMessage,!1),l.addEventListener(\"DOMContentLoaded\",function(){for(var e,t,s=l.querySelectorAll(\"iframe.wp-embedded-content\"),r=0;r<s.length;r++)(t=(e=s[r]).getAttribute(\"data-secret\"))||(t=Math.random().toString(36).substring(2,12),e.src+=\"#?secret=\"+t,e.setAttribute(\"data-secret\",t)),e.contentWindow.postMessage({message:\"ready\",secret:t},\"*\")},!1)))}(window,document);\n\/\/# sourceURL=http:\/\/denizcankizil.tr\/wp-includes\/js\/wp-embed.min.js\n<\/script>","description":"\u0130leti\u015fim Ba\u015fkan\u0131 Fahrettin Altun, T\u00fcrkiye-\u00c7in Medya Forumu\u2019nda k\u00fcresel bar\u0131\u015f i\u00e7in hakikat odakl\u0131 medya anlay\u0131\u015f\u0131n\u0131n \u00f6nemine dikkat \u00e7ekerken, T\u00fcrkiye-\u00c7in i\u015f birli\u011finin yeni k\u00f6pr\u00fcler kuraca\u011f\u0131n\u0131 s\u00f6yledi.ANKARA (\u0130GFA) &#8211; Cumhurba\u015fkanl\u0131\u011f\u0131 \u0130leti\u015fim Ba\u015fkan\u0131 Fahrettin Altun, Ankara\u2019da d\u00fczenlenen T\u00fcrkiye-\u00c7in Medya Forumu\u2019nda, k\u00fcresel bar\u0131\u015f ve adalet i\u00e7in hakikati merkeze alan bir medya anlay\u0131\u015f\u0131n\u0131n gereklili\u011fini vurgulad\u0131. T\u00fcrkiye\u2019nin \u201cdaha adil bir d\u00fcnya\u201d \u00e7a\u011fr\u0131s\u0131n\u0131 her platformda dile getirdi\u011fini belirten Altun, medya profesyonellerinin bu vizyona katk\u0131 sa\u011flamas\u0131 gerekti\u011fini ifade etti. STRATEJ\u0130K \u0130\u015e B\u0130RL\u0130\u011e\u0130 VE MEDYA K\u00d6PR\u00dcS\u00dc \u0130leti\u015fim Ba\u015fkanl\u0131\u011f\u0131\u2019nca d\u00fczenlenen forum, T\u00fcrkiye \u0130leti\u015fim Modeli kapsam\u0131nda d\u00f6rd\u00fcnc\u00fc uluslararas\u0131 medya bulu\u015fmas\u0131 oldu. Fahrettin Altun, T\u00fcrkiye ile \u00c7in\u2019in k\u00f6kl\u00fc tarih ve k\u00fclt\u00fcrel ba\u011flarla 2010\u2019dan beri \u201cstratejik i\u015f birli\u011fi\u201d s\u00fcrd\u00fcrd\u00fc\u011f\u00fcn\u00fc, Ku\u015fak ve Yol Giri\u015fimi ile Orta Koridor\u2019un uyumla\u015ft\u0131r\u0131ld\u0131\u011f\u0131n\u0131, u\u00e7u\u015f frekanslar\u0131n\u0131n 21\u2019den 49\u2019a \u00e7\u0131kt\u0131\u011f\u0131n\u0131 belirtti. 6 \u015eubat 2023 depremlerinde \u00c7in\u2019in arama kurtarma deste\u011fi i\u00e7in te\u015fekk\u00fcr eden Altun, \u201c\u0130pek Yolu ruhu, medya alan\u0131nda da g\u00fc\u00e7leniyor,\u201d dedi. K\u00dcRESEL KR\u0130ZLER VE BARI\u015e \u00c7ABALARI Rusya-Ukrayna sava\u015f\u0131 ve \u0130srail\u2019in Gazze\u2019deki soyk\u0131r\u0131m\u0131na dikkat \u00e7ekerek, T\u00fcrkiye\u2019nin bar\u0131\u015f i\u00e7in diplomatik \u00e7abalar\u0131n\u0131 s\u00fcrd\u00fcrd\u00fc\u011f\u00fcn\u00fc s\u00f6yleyen Altun, \u201c\u0130srail durdurulmal\u0131\u201d diyerek k\u00fcresel sistemin i\u015flevsizli\u011fini ele\u015ftirdi ve hakikat odakl\u0131 bir medya yap\u0131s\u0131n\u0131n d\u00fcnya bar\u0131\u015f\u0131 i\u00e7in \u015fart oldu\u011funu vurgulad\u0131. DEZENFORMASYON VE MEDYA ET\u0130\u011e\u0130 Dijitalle\u015fmenin getirdi\u011fi dezenformasyon ve alg\u0131 operasyonlar\u0131 gibi tehditlere i\u015faret eden Fahrettin Altun, medyan\u0131n hakikat ve insan onurunu &hellip;"}