{"version":"1.0","provider_name":"Av. Deniz Can K\u0131z\u0131l","provider_url":"http:\/\/denizcankizil.tr\/de","author_name":"Av. Deniz Can K\u0131z\u0131l","author_url":"http:\/\/denizcankizil.tr\/de","title":"T\u00fcrk Y\u0131ld\u0131zlar\u0131 g\u00f6ky\u00fcz\u00fcn\u00fc k\u0131rm\u0131z\u0131 beyaza boyad\u0131","type":"rich","width":600,"height":338,"html":"<blockquote class=\"wp-embedded-content\" data-secret=\"jEXMTAzRPu\"><a href=\"http:\/\/denizcankizil.tr\/de\/haberler\/gundem\/turk-yildizlari-gokyuzunu-kirmizi-beyaza-boyadi\/\">T\u00fcrk Y\u0131ld\u0131zlar\u0131  g\u00f6ky\u00fcz\u00fcn\u00fc k\u0131rm\u0131z\u0131 beyaza boyad\u0131<\/a><\/blockquote><iframe sandbox=\"allow-scripts\" security=\"restricted\" src=\"http:\/\/denizcankizil.tr\/de\/haberler\/gundem\/turk-yildizlari-gokyuzunu-kirmizi-beyaza-boyadi\/embed\/#?secret=jEXMTAzRPu\" width=\"600\" height=\"338\" title=\"&#8222;T\u00fcrk Y\u0131ld\u0131zlar\u0131  g\u00f6ky\u00fcz\u00fcn\u00fc k\u0131rm\u0131z\u0131 beyaza boyad\u0131&#8220; &#8211; Av. Deniz Can K\u0131z\u0131l\" data-secret=\"jEXMTAzRPu\" frameborder=\"0\" marginwidth=\"0\" marginheight=\"0\" scrolling=\"no\" class=\"wp-embedded-content\"><\/iframe><script>\n\/*! This file is auto-generated *\/\n!function(d,l){\"use strict\";l.querySelector&&d.addEventListener&&\"undefined\"!=typeof URL&&(d.wp=d.wp||{},d.wp.receiveEmbedMessage||(d.wp.receiveEmbedMessage=function(e){var t=e.data;if((t||t.secret||t.message||t.value)&&!\/[^a-zA-Z0-9]\/.test(t.secret)){for(var s,r,n,a=l.querySelectorAll('iframe[data-secret=\"'+t.secret+'\"]'),o=l.querySelectorAll('blockquote[data-secret=\"'+t.secret+'\"]'),c=new RegExp(\"^https?:$\",\"i\"),i=0;i<o.length;i++)o[i].style.display=\"none\";for(i=0;i<a.length;i++)s=a[i],e.source===s.contentWindow&&(s.removeAttribute(\"style\"),\"height\"===t.message?(1e3<(r=parseInt(t.value,10))?r=1e3:~~r<200&&(r=200),s.height=r):\"link\"===t.message&&(r=new URL(s.getAttribute(\"src\")),n=new URL(t.value),c.test(n.protocol))&&n.host===r.host&&l.activeElement===s&&(d.top.location.href=t.value))}},d.addEventListener(\"message\",d.wp.receiveEmbedMessage,!1),l.addEventListener(\"DOMContentLoaded\",function(){for(var e,t,s=l.querySelectorAll(\"iframe.wp-embedded-content\"),r=0;r<s.length;r++)(t=(e=s[r]).getAttribute(\"data-secret\"))||(t=Math.random().toString(36).substring(2,12),e.src+=\"#?secret=\"+t,e.setAttribute(\"data-secret\",t)),e.contentWindow.postMessage({message:\"ready\",secret:t},\"*\")},!1)))}(window,document);\n\/\/# sourceURL=http:\/\/denizcankizil.tr\/wp-includes\/js\/wp-embed.min.js\n<\/script>","description":"\u0130zmir\u2019de 29 Ekim Cumhuriyet Bayram\u0131 co\u015fkusu, T\u00fcrk Hava Kuvvetleri\u2019nin gururu T\u00fcrk Y\u0131ld\u0131zlar\u0131\u2019n\u0131n g\u00f6sterisiyle tavan yapt\u0131. Yurt i\u00e7indeki 500. g\u00f6sterisini \u0130zmir\u2019de yapan T\u00fcrk Y\u0131ld\u0131zlar\u0131\u2019n\u0131n \u015fovu, G\u00fcndo\u011fdu Meydan\u0131\u2019nda toplananlara heyecanl\u0131 anlar ya\u015fatt\u0131. \u200b\u0130zmir\u2019de 29 Ekim Cumhuriyet Bayram\u0131 co\u015fkusu, T\u00fcrk Hava Kuvvetleri\u2019nin gururu T\u00fcrk Y\u0131ld\u0131zlar\u0131\u2019n\u0131n g\u00f6sterisiyle tavan yapt\u0131. Yurt i\u00e7indeki 500. g\u00f6sterisini \u0130zmir\u2019de yapan T\u00fcrk Y\u0131ld\u0131zlar\u0131\u2019n\u0131n \u015fovu, G\u00fcndo\u011fdu Meydan\u0131\u2019nda toplananlara heyecanl\u0131 anlar ya\u015fatt\u0131.\u00a0 \u200bHaberin Al\u0131nt\u0131land\u0131\u011f\u0131 Kaynak: www.iskenderun.org"}