{"version":"1.0","provider_name":"Av. Deniz Can K\u0131z\u0131l","provider_url":"http:\/\/denizcankizil.tr\/de","author_name":"admin","author_url":"http:\/\/denizcankizil.tr\/de\/author\/admin\/","title":"T\u00dcRK-\u0130\u015e Hatay\u2019dan 1 May\u0131s Mesaj\u0131\u2026","type":"rich","width":600,"height":338,"html":"<blockquote class=\"wp-embedded-content\" data-secret=\"UPZfkqKhz6\"><a href=\"http:\/\/denizcankizil.tr\/de\/haberler\/gundem\/turk-is-hataydan-1-mayis-mesaji\/\">T\u00dcRK-\u0130\u015e Hatay\u2019dan 1 May\u0131s Mesaj\u0131\u2026<\/a><\/blockquote><iframe sandbox=\"allow-scripts\" security=\"restricted\" src=\"http:\/\/denizcankizil.tr\/de\/haberler\/gundem\/turk-is-hataydan-1-mayis-mesaji\/embed\/#?secret=UPZfkqKhz6\" width=\"600\" height=\"338\" title=\"&#8222;T\u00dcRK-\u0130\u015e Hatay\u2019dan 1 May\u0131s Mesaj\u0131\u2026&#8220; &#8211; Av. Deniz Can K\u0131z\u0131l\" data-secret=\"UPZfkqKhz6\" frameborder=\"0\" marginwidth=\"0\" marginheight=\"0\" scrolling=\"no\" class=\"wp-embedded-content\"><\/iframe><script>\n\/*! This file is auto-generated *\/\n!function(d,l){\"use strict\";l.querySelector&&d.addEventListener&&\"undefined\"!=typeof URL&&(d.wp=d.wp||{},d.wp.receiveEmbedMessage||(d.wp.receiveEmbedMessage=function(e){var t=e.data;if((t||t.secret||t.message||t.value)&&!\/[^a-zA-Z0-9]\/.test(t.secret)){for(var s,r,n,a=l.querySelectorAll('iframe[data-secret=\"'+t.secret+'\"]'),o=l.querySelectorAll('blockquote[data-secret=\"'+t.secret+'\"]'),c=new RegExp(\"^https?:$\",\"i\"),i=0;i<o.length;i++)o[i].style.display=\"none\";for(i=0;i<a.length;i++)s=a[i],e.source===s.contentWindow&&(s.removeAttribute(\"style\"),\"height\"===t.message?(1e3<(r=parseInt(t.value,10))?r=1e3:~~r<200&&(r=200),s.height=r):\"link\"===t.message&&(r=new URL(s.getAttribute(\"src\")),n=new URL(t.value),c.test(n.protocol))&&n.host===r.host&&l.activeElement===s&&(d.top.location.href=t.value))}},d.addEventListener(\"message\",d.wp.receiveEmbedMessage,!1),l.addEventListener(\"DOMContentLoaded\",function(){for(var e,t,s=l.querySelectorAll(\"iframe.wp-embedded-content\"),r=0;r<s.length;r++)(t=(e=s[r]).getAttribute(\"data-secret\"))||(t=Math.random().toString(36).substring(2,12),e.src+=\"#?secret=\"+t,e.setAttribute(\"data-secret\",t)),e.contentWindow.postMessage({message:\"ready\",secret:t},\"*\")},!1)))}(window,document);\n\/\/# sourceURL=http:\/\/denizcankizil.tr\/wp-includes\/js\/wp-embed.min.js\n<\/script>","description":"\u0130\u015f\u00e7i, emek\u00e7i ve al\u0131n teri m\u00fccadelesi verenler ile kamuoyuna seslenen Varan \u201c1 May\u0131s, i\u015f\u00e7i s\u0131n\u0131f\u0131n\u0131n kararl\u0131l\u0131\u011f\u0131yla, dayan\u0131\u015fmas\u0131yla ve m\u00fccadelesiyle anlaml\u0131d\u0131r. \u0130\u015f\u00e7iler, din, dil, \u0131rk, renk, cinsiyet ve siyasi d\u00fc\u015f\u00fcnce ayr\u0131m\u0131 olmaks\u0131z\u0131n ortak talepler etraf\u0131nda bir araya gelmektedir. T\u00fcrkiye\u2019nin d\u00f6rt bir yan\u0131nda ve d\u00fcnyan\u0131n bir\u00e7ok yerinde emek\u00e7ilerin benzer sorunlara kar\u015f\u0131 m\u00fccadele ediyor\u201d dedi. \u201c\u0130nsanca \u00c7al\u0131\u015fmak ve Ya\u015famak \u0130stiyoruz\u201d Ta\u015feron \u00e7al\u0131\u015fman\u0131n, g\u00fcvencesizli\u011fin, d\u00fc\u015f\u00fck \u00fccretlerin ve i\u015f cinayetlerinin sona erdirilmesi \u00e7a\u011fr\u0131s\u0131nda bulunan \u00c7ak\u0131r Varan, \u201cBizler, al\u0131n teriyle ya\u015fayan, haram lokma yemeden ge\u00e7inmeye \u00e7al\u0131\u015fan insanlar\u0131z. Bizler, t\u00fcm insanlar\u0131n refah ve huzur i\u00e7inde karde\u015f\u00e7e ya\u015fad\u0131\u011f\u0131 bir d\u00fcnyay\u0131 hayal ediyoruz. Burada \u2018Ekmek, Bar\u0131\u015f, \u00d6zg\u00fcrl\u00fck\u2019 slogan\u0131yla bir araya geliyoruz. Ekme\u011fin hak\u00e7a b\u00f6l\u00fc\u015f\u00fcm\u00fcn\u00fcn m\u00fccadelesini veriyoruz. \u0130\u015fin, ekme\u011fin olmad\u0131\u011f\u0131 bir yerde sosyal bar\u0131\u015f\u0131n da olmayaca\u011f\u0131n\u0131 biliyoruz. Eme\u011fin ba\u015f tac\u0131 edildi\u011fi, her alanda demokrasinin ge\u00e7erli oldu\u011fu bir d\u00fczen istiyoruz. Sorunlara kar\u015f\u0131 m\u00fccadeleyi y\u00fckseltmek i\u00e7in tekrar bir araday\u0131z\u201d diye konu\u015ftu. \u00c7ak\u0131r Varan, k\u0131dem tazminatlar\u0131na el uzat\u0131lmas\u0131na, haks\u0131z yere i\u015ften \u00e7\u0131karmalara, a\u00e7l\u0131\u011fa ve sefalete mahk\u00fbm b\u0131rak\u0131lmaya, sendikas\u0131zla\u015ft\u0131rmaya, g\u00fcvencesizle\u015ftirmeye \u00e7ocuklar\u0131n\u0131n gelece\u011finin \u00e7al\u0131nmas\u0131na ve topyek\u00fbn hayat\u0131n karart\u0131lmas\u0131na kar\u015f\u0131 alanlarda olacaklar\u0131n\u0131 ifade etti. \u00a0 E\u015fitli\u011fi, bar\u0131\u015f\u0131, karde\u015fli\u011fi ve \u00f6zg\u00fcrl\u00fc\u011f\u00fc \u00fclkede ve t\u00fcm d\u00fcnyada egemen k\u0131lacak g\u00fcc\u00fcn emek\u00e7ide oldu\u011funa i\u015faret eden \u00c7ak\u0131r Varan \u201cT\u00fcm kurum ve kurallar\u0131yla demokrasi, ancak bizlerin m\u00fccadelesiyle sa\u011flanabilir. Bug\u00fcn m\u00fccadele azmimizi bir &hellip;"}