{"version":"1.0","provider_name":"Av. Deniz Can K\u0131z\u0131l","provider_url":"http:\/\/denizcankizil.tr\/de","author_name":"admin","author_url":"http:\/\/denizcankizil.tr\/de\/author\/admin\/","title":"\u201cToplumu de\u011fi\u015ftirmek i\u00e7in \u00f6nce kad\u0131n\u0131 e\u011fitmeliyiz!\u201d","type":"rich","width":600,"height":338,"html":"<blockquote class=\"wp-embedded-content\" data-secret=\"OxgogkLk9B\"><a href=\"http:\/\/denizcankizil.tr\/de\/haberler\/gundem\/toplumu-degistirmek-icin-once-kadini-egitmeliyiz\/\">\u201cToplumu de\u011fi\u015ftirmek i\u00e7in \u00f6nce kad\u0131n\u0131 e\u011fitmeliyiz!\u201d<\/a><\/blockquote><iframe sandbox=\"allow-scripts\" security=\"restricted\" src=\"http:\/\/denizcankizil.tr\/de\/haberler\/gundem\/toplumu-degistirmek-icin-once-kadini-egitmeliyiz\/embed\/#?secret=OxgogkLk9B\" width=\"600\" height=\"338\" title=\"&#8222;\u201cToplumu de\u011fi\u015ftirmek i\u00e7in \u00f6nce kad\u0131n\u0131 e\u011fitmeliyiz!\u201d&#8220; &#8211; Av. Deniz Can K\u0131z\u0131l\" data-secret=\"OxgogkLk9B\" frameborder=\"0\" marginwidth=\"0\" marginheight=\"0\" scrolling=\"no\" class=\"wp-embedded-content\"><\/iframe><script>\n\/*! This file is auto-generated *\/\n!function(d,l){\"use strict\";l.querySelector&&d.addEventListener&&\"undefined\"!=typeof URL&&(d.wp=d.wp||{},d.wp.receiveEmbedMessage||(d.wp.receiveEmbedMessage=function(e){var t=e.data;if((t||t.secret||t.message||t.value)&&!\/[^a-zA-Z0-9]\/.test(t.secret)){for(var s,r,n,a=l.querySelectorAll('iframe[data-secret=\"'+t.secret+'\"]'),o=l.querySelectorAll('blockquote[data-secret=\"'+t.secret+'\"]'),c=new RegExp(\"^https?:$\",\"i\"),i=0;i<o.length;i++)o[i].style.display=\"none\";for(i=0;i<a.length;i++)s=a[i],e.source===s.contentWindow&&(s.removeAttribute(\"style\"),\"height\"===t.message?(1e3<(r=parseInt(t.value,10))?r=1e3:~~r<200&&(r=200),s.height=r):\"link\"===t.message&&(r=new URL(s.getAttribute(\"src\")),n=new URL(t.value),c.test(n.protocol))&&n.host===r.host&&l.activeElement===s&&(d.top.location.href=t.value))}},d.addEventListener(\"message\",d.wp.receiveEmbedMessage,!1),l.addEventListener(\"DOMContentLoaded\",function(){for(var e,t,s=l.querySelectorAll(\"iframe.wp-embedded-content\"),r=0;r<s.length;r++)(t=(e=s[r]).getAttribute(\"data-secret\"))||(t=Math.random().toString(36).substring(2,12),e.src+=\"#?secret=\"+t,e.setAttribute(\"data-secret\",t)),e.contentWindow.postMessage({message:\"ready\",secret:t},\"*\")},!1)))}(window,document);\n\/\/# sourceURL=http:\/\/denizcankizil.tr\/wp-includes\/js\/wp-embed.min.js\n<\/script>","description":"\u0130skenderun Belediyesi taraf\u0131ndan d\u00fczenlenen Ramazan \u015fenlikleri kapsam\u0131nda kente davet edilen e\u011fitimci yazar Dilek Cesur, dev \u00e7ad\u0131rda ger\u00e7ekle\u015ftirilen etkinlikte yapt\u0131\u011f\u0131 payla\u015f\u0131mlarla kat\u0131l\u0131mc\u0131lara e\u011fitici bilgiler verdi. \u00a0\u00a0 Toplumun de\u011fi\u015fiminde kad\u0131n\u0131n e\u011fitiminin \u00f6nemine i\u015faret eden e\u011fitimci yazar Dilek Cesur, \u201cMaalesef ki herkes ayn\u0131 \u015fartlarda e\u015fit de\u011fil. Bu durum sadece T\u00fcrkiye\u2019de ge\u00e7erli, diye d\u00fc\u015f\u00fcnmeyelim d\u00fcnyan\u0131n her taraf\u0131nda kad\u0131lar\u0131n \u00e7ok zay\u0131f. Bir toplumda ger\u00e7ekten de\u011fi\u015fiklik yapmak istiyorsak \u00f6nce o toplumda kad\u0131nlar\u0131 e\u011fitmeliyiz. \u00c7ocuk geli\u015fiminde baban\u0131n da rol\u00fc \u00f6nemli, ancak anne ne kadar ba\u011fr\u0131na basar, \u015fefkat g\u00f6sterirse, o kadar sevgi dolu bir \u00e7ocuk oluyor. O y\u00fczden her \u015feyin ba\u015f\u0131 KADIN\u2019la ba\u015fl\u0131yor. Ben \u00f6zellikle babalara da s\u00f6yl\u00fcyorum, k\u0131z \u00e7ocuklar\u0131n\u0131z\u0131 \u00e7ok sevin. Bir baba k\u0131z \u00e7ocu\u011funu ne kadar \u00e7ok seviyorsa, o k\u0131z \u00e7ocu\u011fu da kendi ayaklar\u0131 \u00fczerinde \u015fene sa\u011flam bas\u0131yor\u201d diye konu\u015ftu. \u200bMaalesef herkesin ayn\u0131 \u015fartlarda e\u015fit olmad\u0131\u011f\u0131n\u0131 vurgulayan E\u011fitimci Yazar Dilek Cesur, sadece T\u00fcrkiye\u2019de ge\u00e7erli de\u011fil d\u00fcnyan\u0131n her taraf\u0131nda kad\u0131lar\u0131n zay\u0131f oldu\u011funu ifade ederek \u201cBir toplumda ger\u00e7ekten de\u011fi\u015fiklik yapmak istiyorsak \u00f6nce o toplumda kad\u0131nlar\u0131 e\u011fitmeliyiz\u201d dedi.\u00a0 \u200bHaberin Al\u0131nt\u0131land\u0131\u011f\u0131 Kaynak: www.iskenderun.org"}