{"version":"1.0","provider_name":"Av. Deniz Can K\u0131z\u0131l","provider_url":"http:\/\/denizcankizil.tr\/de","author_name":"Antalya K\u00f6rfez","author_url":"http:\/\/denizcankizil.tr\/de\/author\/www-antalyakorfez-com\/","title":"Son dakika\u2026 Antalya Havaliman\u0131'nda tavan \u00e7\u00f6kt\u00fc","type":"rich","width":600,"height":338,"html":"<blockquote class=\"wp-embedded-content\" data-secret=\"On5kauLI6S\"><a href=\"http:\/\/denizcankizil.tr\/de\/haberler\/gundem\/son-dakika-antalya-havalimaninda-tavan-coktu\/\">Son dakika\u2026 Antalya Havaliman\u0131&#8217;nda tavan \u00e7\u00f6kt\u00fc<\/a><\/blockquote><iframe sandbox=\"allow-scripts\" security=\"restricted\" src=\"http:\/\/denizcankizil.tr\/de\/haberler\/gundem\/son-dakika-antalya-havalimaninda-tavan-coktu\/embed\/#?secret=On5kauLI6S\" width=\"600\" height=\"338\" title=\"&#8222;Son dakika\u2026 Antalya Havaliman\u0131&#8217;nda tavan \u00e7\u00f6kt\u00fc&#8220; &#8211; Av. Deniz Can K\u0131z\u0131l\" data-secret=\"On5kauLI6S\" frameborder=\"0\" marginwidth=\"0\" marginheight=\"0\" scrolling=\"no\" class=\"wp-embedded-content\"><\/iframe><script>\n\/*! This file is auto-generated *\/\n!function(d,l){\"use strict\";l.querySelector&&d.addEventListener&&\"undefined\"!=typeof URL&&(d.wp=d.wp||{},d.wp.receiveEmbedMessage||(d.wp.receiveEmbedMessage=function(e){var t=e.data;if((t||t.secret||t.message||t.value)&&!\/[^a-zA-Z0-9]\/.test(t.secret)){for(var s,r,n,a=l.querySelectorAll('iframe[data-secret=\"'+t.secret+'\"]'),o=l.querySelectorAll('blockquote[data-secret=\"'+t.secret+'\"]'),c=new RegExp(\"^https?:$\",\"i\"),i=0;i<o.length;i++)o[i].style.display=\"none\";for(i=0;i<a.length;i++)s=a[i],e.source===s.contentWindow&&(s.removeAttribute(\"style\"),\"height\"===t.message?(1e3<(r=parseInt(t.value,10))?r=1e3:~~r<200&&(r=200),s.height=r):\"link\"===t.message&&(r=new URL(s.getAttribute(\"src\")),n=new URL(t.value),c.test(n.protocol))&&n.host===r.host&&l.activeElement===s&&(d.top.location.href=t.value))}},d.addEventListener(\"message\",d.wp.receiveEmbedMessage,!1),l.addEventListener(\"DOMContentLoaded\",function(){for(var e,t,s=l.querySelectorAll(\"iframe.wp-embedded-content\"),r=0;r<s.length;r++)(t=(e=s[r]).getAttribute(\"data-secret\"))||(t=Math.random().toString(36).substring(2,12),e.src+=\"#?secret=\"+t,e.setAttribute(\"data-secret\",t)),e.contentWindow.postMessage({message:\"ready\",secret:t},\"*\")},!1)))}(window,document);\n\/\/# sourceURL=http:\/\/denizcankizil.tr\/wp-includes\/js\/wp-embed.min.js\n<\/script>","description":"Antalya Havaliman\u0131 \u0130\u00e7 hatlar terminalinde nedeni bilinmeyen bir \u015fekilde tavan \u00e7\u00f6kt\u00fc. \u00c7\u00f6kme s\u0131ras\u0131nda terminalde g\u00f6rev yapan bir \u00e7al\u0131\u015fan hafif \u015fekilde kolundan yaraland\u0131. Yaral\u0131 personel, olay yerine gelen sa\u011fl\u0131k ekipleri taraf\u0131ndan ilk m\u00fcdahalesi yap\u0131ld\u0131ktan sonra kontrol ama\u00e7l\u0131 hastaneye sevk edildi. Yaral\u0131n\u0131n sa\u011fl\u0131k durumunun iyi oldu\u011fu bildirildi. \u0130NCELEME S\u00dcR\u00dcYOR Yetkililer, olay\u0131n ard\u0131ndan terminalin ilgili b\u00f6l\u00fcm\u00fcn\u00fc g\u00fcvenlik gerek\u00e7esiyle ge\u00e7ici olarak kapatt\u0131. Tavan \u00e7\u00f6kmesinin nedeni ara\u015ft\u0131r\u0131l\u0131rken, teknik ekipler b\u00f6lgede incelemelerini s\u00fcrd\u00fcr\u00fcyor. Havaliman\u0131 y\u00f6netimi, yolcular\u0131n ma\u011fdur olmamas\u0131 i\u00e7in gerekli \u00f6nlemlerin al\u0131nd\u0131\u011f\u0131n\u0131 a\u00e7\u0131klad\u0131. \u200bAntalya Havaliman\u0131 \u0130\u00e7 Hatlar Terminali&#8217;nde bug\u00fcn \u00f6\u011fle saatlerinde tavan\u0131n \u00e7\u00f6kmesi sonucu korku dolu anlar ya\u015fand\u0131. Olay, terminalin yo\u011fun oldu\u011fu saatlerde meydana gelirken, \u00e7evrede bulunan yolcular ve personel k\u0131sa s\u00fcreli panik ya\u015fad\u0131.\u00a0 \u200bHaberin Al\u0131nt\u0131land\u0131\u011f\u0131 Kaynak: www.antalyakorfez.com"}